{"id":9720,"date":"2024-03-18T17:48:44","date_gmt":"2024-03-18T16:48:44","guid":{"rendered":"http:\/\/vh-crossmedia.eifel-medien.de\/?page_id=9720"},"modified":"2024-03-19T08:50:35","modified_gmt":"2024-03-19T07:50:35","slug":"graphic-designer-and-web-designer-for-you-in-the-eifel","status":"publish","type":"page","link":"https:\/\/vh-crossmedia.de\/en\/grafikdesigner-und-webdesigner-fuer-sie-in-der-eifel\/","title":{"rendered":"Graphic and web designer in the Eifel region"},"content":{"rendered":"<p><div class=\"fusion-fullwidth fullwidth-box fusion-builder-row-1 fusion-flex-container has-pattern-background has-mask-background nonhundred-percent-fullwidth non-hundred-percent-height-scrolling\" style=\"--awb-border-radius-top-left:0px;--awb-border-radius-top-right:0px;--awb-border-radius-bottom-right:0px;--awb-border-radius-bottom-left:0px;--awb-padding-bottom:60px;--awb-flex-wrap:wrap;\" ><div class=\"fusion-builder-row fusion-row fusion-flex-align-items-center fusion-flex-content-wrap\" style=\"max-width:1414.4px;margin-left: calc(-4% \/ 2 );margin-right: calc(-4% \/ 2 );\"><div class=\"fusion-layout-column fusion_builder_column fusion-builder-column-0 fusion_builder_column_1_4 1_4 fusion-flex-column\" style=\"--awb-bg-size:cover;--awb-width-large:25%;--awb-margin-top-large:0px;--awb-spacing-right-large:5.12%;--awb-margin-bottom-large:20px;--awb-spacing-left-large:7.68%;--awb-width-medium:100%;--awb-order-medium:0;--awb-spacing-right-medium:1.92%;--awb-spacing-left-medium:1.92%;--awb-width-small:100%;--awb-order-small:0;--awb-spacing-right-small:1.92%;--awb-spacing-left-small:1.92%;\" data-scroll-devices=\"small-visibility,medium-visibility,large-visibility\"><div class=\"fusion-column-wrapper fusion-column-has-shadow fusion-flex-justify-content-flex-start fusion-content-layout-column\"><div class=\"fusion-image-element\" style=\"--awb-aspect-ratio:1 \/ 1;--awb-object-position:32% 46%;--awb-caption-title-font-family:var(--h2_typography-font-family);--awb-caption-title-font-weight:var(--h2_typography-font-weight);--awb-caption-title-font-style:var(--h2_typography-font-style);--awb-caption-title-size:var(--h2_typography-font-size);--awb-caption-title-transform:var(--h2_typography-text-transform);--awb-caption-title-line-height:var(--h2_typography-line-height);--awb-caption-title-letter-spacing:var(--h2_typography-letter-spacing);\"><span class=\" fusion-imageframe imageframe-none imageframe-1 hover-type-none has-aspect-ratio\" style=\"border-radius:50%;\"><img decoding=\"async\" width=\"1920\" height=\"1200\" alt=\"Es gibt viele gute Gr\u00fcnde, warum Unternehmen und Selbstst\u00e4ndige in der Eifel auf die Dienste eines professionellen Grafik- und Webdesigners zur\u00fcckgreifen sollten.\" title=\"Es gibt viele gute Gr\u00fcnde, warum Unternehmen und Selbstst\u00e4ndige in der Eifel auf die Dienste eines professionellen Grafik- und Webdesigners zur\u00fcckgreifen sollten.\" src=\"https:\/\/vh-crossmedia.de\/wp-content\/uploads\/2024\/03\/1693617513.jpg\" data-orig-src=\"https:\/\/vh-crossmedia.de\/wp-content\/uploads\/2024\/03\/1693617513.jpg\" class=\"lazyload img-responsive wp-image-9726 img-with-aspect-ratio\" data-parent-fit=\"cover\" data-parent-container=\".fusion-image-element\" srcset=\"data:image\/svg+xml,%3Csvg%20xmlns%3D%27http%3A%2F%2Fwww.w3.org%2F2000%2Fsvg%27%20width%3D%271920%27%20height%3D%271200%27%20viewBox%3D%270%200%201920%201200%27%3E%3Crect%20width%3D%271920%27%20height%3D%271200%27%20fill-opacity%3D%220%22%2F%3E%3C%2Fsvg%3E\" data-srcset=\"https:\/\/vh-crossmedia.de\/wp-content\/uploads\/2024\/03\/1693617513-400x250.jpg 400w, https:\/\/vh-crossmedia.de\/wp-content\/uploads\/2024\/03\/1693617513-600x375.jpg 600w, https:\/\/vh-crossmedia.de\/wp-content\/uploads\/2024\/03\/1693617513-800x500.jpg 800w, https:\/\/vh-crossmedia.de\/wp-content\/uploads\/2024\/03\/1693617513-1200x750.jpg 1200w, https:\/\/vh-crossmedia.de\/wp-content\/uploads\/2024\/03\/1693617513.jpg 1920w\" data-sizes=\"auto\" data-orig-sizes=\"(max-width: 1024px) 100vw, (max-width: 640px) 100vw, 200px\" \/><\/span><\/div><\/div><\/div><div class=\"fusion-layout-column fusion_builder_column fusion-builder-column-1 fusion_builder_column_3_4 3_4 fusion-flex-column\" style=\"--awb-bg-size:cover;--awb-width-large:75%;--awb-margin-top-large:0px;--awb-spacing-right-large:2.56%;--awb-margin-bottom-large:0px;--awb-spacing-left-large:6.4%;--awb-width-medium:100%;--awb-order-medium:0;--awb-spacing-right-medium:1.92%;--awb-spacing-left-medium:1.92%;--awb-width-small:100%;--awb-order-small:0;--awb-spacing-right-small:1.92%;--awb-spacing-left-small:1.92%;\" data-scroll-devices=\"small-visibility,medium-visibility,large-visibility\"><div class=\"fusion-column-wrapper fusion-column-has-shadow fusion-flex-justify-content-flex-start fusion-content-layout-column\"><div class=\"fusion-text fusion-text-1 sm-text-align-center\"><h2 style=\"font-size: 1.1em!important; margin-bottom: -30px!important;\">Erfolgreich im Web:<\/h2>\n<h3 style=\"font-size: 2.3em!important; line-height: 1.2em!important;\">Digitale Transformation in der Eifel<\/h3>\n<h4>Es gibt viele gute Gr\u00fcnde, warum Unternehmen und Selbstst\u00e4ndige in der Eifel auf die Dienste eines professionellen Grafik- und Webdesigners wie mich zur\u00fcckgreifen sollten.<\/h4>\n<p>In der Eifel, wie auch in anderen l\u00e4ndlichen Regionen, gewinnt die digitale Pr\u00e4senz zunehmend an Bedeutung. Ein \u00fcberzeugender Online-Auftritt ist f\u00fcr Unternehmen und Selbstst\u00e4ndige unverzichtbar, um in einer zunehmend digitalisierten Welt wettbewerbsf\u00e4hig zu bleiben. Insbesondere in der Eifel, die f\u00fcr ihre malerische Landschaft und ihre vielf\u00e4ltigen Tourismusangebote bekannt ist, kann ein guter Grafik- und Webdesigner eine entscheidende Rolle spielen. Mit ansprechenden Websites, aussagekr\u00e4ftigen Werbematerialien und einer starken Online-Marketingstrategie k\u00f6nnen Unternehmen in der Eifel nicht nur neue Kunden gewinnen, sondern auch ihre lokale Sichtbarkeit erh\u00f6hen und ihre regionale Identit\u00e4t st\u00e4rken.<\/p>\n<\/div><div class=\"fusion-modal modal fade modal-1 has-light-close\" tabindex=\"-1\" role=\"dialog\" aria-labelledby=\"modal-heading-1\" aria-hidden=\"true\" style=\"--awb-border-color:#212121;--awb-background:#212121;\"><div class=\"modal-dialog modal-sm\" role=\"document\"><div class=\"modal-content fusion-modal-content\"><div class=\"modal-header\"><button class=\"close\" type=\"button\" data-dismiss=\"modal\" aria-hidden=\"true\" aria-label=\"Fenster schlie\u00dfen\">&times;<\/button><h3 class=\"modal-title\" id=\"modal-heading-1\" data-dismiss=\"modal\" aria-hidden=\"true\">Warum ist eine gute Internetseite wichtig?<\/h3><\/div><div class=\"modal-body fusion-clearfix\">\n<p><strong>Warum ist eine gute Internetseite wichtig?<\/strong><\/p>\n<ul>\n<li>Viele Touristen suchen online nach Infos und Unterk\u00fcnften.<\/li>\n<li>Auch lokale Firmen brauchen eine gute Internetseite, um neue Kunden zu gewinnen.<\/li>\n<li>Im Internet ist es wichtig, besser zu sein als die Konkurrenz.<\/li>\n<li>Ein guter Grafiker und Webdesigner kann Firmen in der Eifel helfen, eine bessere Internetseite zu erstellen.<\/li>\n<\/ul>\n<p><strong>Was sind die Vorteile einer professionellen Internetseite?<\/strong><\/p>\n<ul>\n<li>Mehr Menschen finden die Internetseite.<\/li>\n<li>Mehr Menschen kaufen Produkte oder Dienstleistungen auf der Internetseite.<\/li>\n<li>Kunden vertrauen Firmen mit einer professionellen Internetseite mehr.<\/li>\n<li>Firmen mit einer guten Internetseite sind erfolgreicher.<\/li>\n<li>Die Internetseite kann die regionale Identit\u00e4t der Eifel st\u00e4rken.<\/li>\n<\/ul>\n<p><strong>Was macht der Volker Heupel?<\/strong><\/p>\n<ul>\n<li>Er erstellt sch\u00f6ne und einfache Internetseiten.<\/li>\n<li>Er wirbt f\u00fcr die Internetseite im Internet.<\/li>\n<li>Er erstellt Logos und Designs f\u00fcr Firmen.<\/li>\n<li>Er beachtet die besonderen Anforderungen der Eifel bei der Erstellung der Internetseite.<\/li>\n<\/ul>\n<p><strong>Warum sollten Sie den vh- crossmedia w\u00e4hlen?<\/strong><\/p>\n<ul>\n<li>Er hat viel Erfahrung mit Internetseiten und Werbung im Internet.<\/li>\n<li>Er wei\u00df viel \u00fcber die neuesten Trends und Technologien im Internet.<\/li>\n<li>Er ist kreativ und findet neue und gute L\u00f6sungen.<\/li>\n<li>Er ist zuverl\u00e4ssig und arbeitet p\u00fcnktlich.<\/li>\n<li>Seine Kunden sind zufrieden mit seiner Arbeit.<\/li>\n<\/ul>\n<p><strong>Fazit:<\/strong><\/p>\n<p>Volker Heupel ist ein guter Grafiker und Webdesigner, der Firmen in der Eifel helfen kann, eine bessere Internetseite zu erstellen.<\/p>\n<p>Eine gute Internetseite ist sehr wichtig, besonders f\u00fcr Unternehmen und Selbstst\u00e4ndige in der Eifel. Ich bin ein Grafik- und Webdesigner und kann Ihnen helfen, online erfolgreich zu sein.<\/p>\n<p>In der Eifel gibt es viele Tourismusangebote wie Hotels, Restaurants und Freizeiteinrichtungen. Diese Unternehmen brauchen eine ansprechende Website, um Kunden anzulocken. Als Grafikdesigner kann ich helfen, professionelle und einladende Online-Pr\u00e4senzen zu erstellen.<\/p>\n<p>Aber auch lokale Unternehmen profitieren von einer starken Internetpr\u00e4senz. Ein gutes Logo und eine ansprechende Website k\u00f6nnen dabei helfen, Kunden zu gewinnen und die Sichtbarkeit zu erh\u00f6hen. Ich stehe bereit, individuelle L\u00f6sungen zu entwickeln.<\/p>\n<p>Online-Marketing ist heute entscheidend, um Kunden zu erreichen. Mit gezielter Werbung und Social-Media-Beitr\u00e4gen k\u00f6nnen Unternehmen ihre Reichweite erh\u00f6hen. Als erfahrener Grafikdesigner unterst\u00fctze ich Sie dabei, effektive Marketingstrategien umzusetzen.<\/p>\n<p>Die Eifel hat eine einzigartige Identit\u00e4t, die es zu f\u00f6rdern gilt. Als Grafikdesigner kann ich dazu beitragen, die regionale Identit\u00e4t zu st\u00e4rken, indem ich Designs entwickle, die die Besonderheiten der Region widerspiegeln.<\/p>\n<p>Eine starke Online-Pr\u00e4senz ist also f\u00fcr Unternehmen in der Eifel entscheidend. Als Grafikdesigner stehe ich bereit, Ihnen dabei zu helfen, erfolgreich im Internet zu sein und Ihre regionale Identit\u00e4t zu st\u00e4rken. Kontaktieren Sie mich, um gemeinsam an Ihrem digitalen Erfolg zu arbeiten!<\/p>\n<\/div><div class=\"modal-footer\"><button class=\"fusion-button button-default button-medium button default medium\" type=\"button\" data-dismiss=\"modal\">Fenster schlie\u00dfen<\/button><\/div><\/div><\/div><\/div><\/div><\/div><\/div><\/div><div class=\"fusion-fullwidth fullwidth-box fusion-builder-row-2 fusion-flex-container has-pattern-background has-mask-background nonhundred-percent-fullwidth non-hundred-percent-height-scrolling\" style=\"--awb-border-radius-top-left:0px;--awb-border-radius-top-right:0px;--awb-border-radius-bottom-right:0px;--awb-border-radius-bottom-left:0px;--awb-padding-top:80px;--awb-padding-bottom:40px;--awb-background-color:#19191a;--awb-background-image:linear-gradient(180deg, rgba(255,255,255,0) 0%,#19191a 100%);--awb-flex-wrap:wrap;\" ><div class=\"fusion-builder-row fusion-row fusion-flex-align-items-flex-start fusion-flex-justify-content-center fusion-flex-content-wrap\" style=\"max-width:1441.6px;margin-left: calc(-6% \/ 2 );margin-right: calc(-6% \/ 2 );\"><div class=\"fusion-layout-column fusion_builder_column fusion-builder-column-2 fusion_builder_column_1_1 1_1 fusion-flex-column\" style=\"--awb-bg-size:cover;--awb-width-large:100%;--awb-margin-top-large:0px;--awb-spacing-right-large:2.82%;--awb-margin-bottom-large:20px;--awb-spacing-left-large:2.82%;--awb-width-medium:100%;--awb-order-medium:0;--awb-spacing-right-medium:2.82%;--awb-spacing-left-medium:2.82%;--awb-width-small:100%;--awb-order-small:0;--awb-spacing-right-small:2.82%;--awb-spacing-left-small:2.82%;\" data-scroll-devices=\"small-visibility,medium-visibility,large-visibility\"><div class=\"fusion-column-wrapper fusion-column-has-shadow fusion-flex-justify-content-flex-start fusion-content-layout-column\"><div class=\"fusion-text fusion-text-2\"><h3 style=\"font-size: 2.3em!important; line-height: 1.2em!important; text-transform: none;\">Als Grafik- und Webdesigner kann ich f\u00fcr Unternehmen in der Eifel aus folgenden Gr\u00fcnden besonders wichtig sein:<\/h3>\n<\/div><\/div><\/div><div class=\"fusion-layout-column fusion_builder_column fusion-builder-column-3 fusion_builder_column_1_2 1_2 fusion-flex-column\" style=\"--awb-bg-size:cover;--awb-width-large:50%;--awb-margin-top-large:0px;--awb-spacing-right-large:5.64%;--awb-margin-bottom-large:60px;--awb-spacing-left-large:5.64%;--awb-width-medium:100%;--awb-order-medium:0;--awb-spacing-right-medium:2.82%;--awb-spacing-left-medium:2.82%;--awb-width-small:100%;--awb-order-small:0;--awb-spacing-right-small:2.82%;--awb-spacing-left-small:2.82%;\" data-scroll-devices=\"small-visibility,medium-visibility,large-visibility\"><div class=\"fusion-column-wrapper fusion-column-has-shadow fusion-flex-justify-content-flex-start fusion-content-layout-column\"><div class=\"fusion-text fusion-text-3\"><h3>Tourismus<\/h3>\n<p>Die Eifel ist eine beliebte Tourismusregion. Unternehmen in der Tourismusbranche, wie Hotels, Restaurants, Freizeitangebote und Sehensw\u00fcrdigkeiten, ben\u00f6tigen eine ansprechende Website und aussagekr\u00e4ftige Werbematerialien, um sich von der Konkurrenz abzuheben. Als Grafik- und Webdesigner kann ich ihnen helfen, eine professionelle und gleichzeitig einladende Online-Pr\u00e4senz zu schaffen, die Touristen anspricht.<\/p>\n<h3>Lokale Unternehmen<\/h3>\n<p>Auch lokale Unternehmen, die nicht direkt vom Tourismus profitieren, k\u00f6nnen von einem guten Grafik- und Webdesigner profitieren. Ein professionelles Logo, Visitenkarten, Briefpapier und eine ansprechende Website k\u00f6nnen dazu beitragen, das Vertrauen der Kunden zu gewinnen und die lokale Sichtbarkeit zu erh\u00f6hen.<\/p>\n<h3>Online-Marketing<\/h3>\n<p>Die Eifel ist nicht von den allgemeinen Trends der Digitalisierung ausgeschlossen. Immer mehr Unternehmen nutzen Online-Marketing, um neue Kunden zu gewinnen. Ich kann Unternehmen dabei unterst\u00fctzen, effektive Werbebanner, Social-Media-Beitr\u00e4ge und andere Online-Marketing-Materialien zu erstellen.<\/p>\n<\/div><\/div><\/div><div class=\"fusion-layout-column fusion_builder_column fusion-builder-column-4 fusion_builder_column_1_2 1_2 fusion-flex-column\" style=\"--awb-bg-size:cover;--awb-width-large:50%;--awb-margin-top-large:0px;--awb-spacing-right-large:5.64%;--awb-margin-bottom-large:60px;--awb-spacing-left-large:5.64%;--awb-width-medium:100%;--awb-order-medium:0;--awb-spacing-right-medium:2.82%;--awb-spacing-left-medium:2.82%;--awb-width-small:100%;--awb-order-small:0;--awb-spacing-right-small:2.82%;--awb-spacing-left-small:2.82%;\" data-scroll-devices=\"small-visibility,medium-visibility,large-visibility\"><div class=\"fusion-column-wrapper fusion-column-has-shadow fusion-flex-justify-content-flex-start fusion-content-layout-column\"><div class=\"fusion-text fusion-text-4\"><h3>Wettbewerbsf\u00e4higkeit<\/h3>\n<p>In der heutigen Zeit ist es f\u00fcr Unternehmen in allen Branchen wichtig, wettbewerbsf\u00e4hig zu sein. Ein professioneller Auftritt im Internet und aussagekr\u00e4ftige Werbematerialien k\u00f6nnen dazu beitragen, dass Unternehmen sich von der Konkurrenz abheben und ihre Marktposition verbessern.<\/p>\n<h3>Fachkr\u00e4ftemangel<\/h3>\n<p>In der Eifel, wie in vielen anderen Regionen Deutschlands, besteht ein Fachkr\u00e4ftemangel. Unternehmen haben Schwierigkeiten, qualifizierte Mitarbeiter zu finden. Als Grafik- und Webdesigner kann ich Unternehmen dabei helfen, sich als attraktiver Arbeitgeber zu pr\u00e4sentieren und die Aufmerksamkeit von potenziellen Bewerbern auf sich zu ziehen.<\/p>\n<h3>F\u00f6rderung der regionalen Identit\u00e4t<\/h3>\n<p>Als Grafik- und Webdesigner kann ich dazu beitragen, die regionale Identit\u00e4t der Eifel zu st\u00e4rken. Dies kann zum Beispiel durch die Gestaltung von Logos, Flyern und Websites erfolgen, die die typischen Merkmale der Region aufgreifen und widerspiegeln. So kann ich einen wichtigen Beitrag dazu leisten, die Eifel als attraktive und lebenswerte Region zu pr\u00e4sentieren und die regionale Identit\u00e4t zu st\u00e4rken.<\/p>\n<\/div><\/div><\/div><\/div><\/div><div class=\"fusion-fullwidth fullwidth-box fusion-builder-row-3 fusion-flex-container has-pattern-background has-mask-background nonhundred-percent-fullwidth non-hundred-percent-height-scrolling\" style=\"--awb-border-radius-top-left:0px;--awb-border-radius-top-right:0px;--awb-border-radius-bottom-right:0px;--awb-border-radius-bottom-left:0px;--awb-padding-top:60px;--awb-padding-bottom:60px;--awb-flex-wrap:wrap;\" ><div class=\"fusion-builder-row fusion-row fusion-flex-align-items-flex-start fusion-flex-content-wrap\" style=\"max-width:1414.4px;margin-left: calc(-4% \/ 2 );margin-right: calc(-4% \/ 2 );\"><div class=\"fusion-layout-column fusion_builder_column fusion-builder-column-5 fusion_builder_column_1_4 1_4 fusion-flex-column\" style=\"--awb-bg-size:cover;--awb-width-large:25%;--awb-margin-top-large:20px;--awb-spacing-right-large:5.12%;--awb-margin-bottom-large:0px;--awb-spacing-left-large:7.68%;--awb-width-medium:100%;--awb-order-medium:0;--awb-spacing-right-medium:1.92%;--awb-spacing-left-medium:1.92%;--awb-width-small:100%;--awb-order-small:0;--awb-spacing-right-small:1.92%;--awb-margin-bottom-small:60px;--awb-spacing-left-small:1.92%;\" data-scroll-devices=\"small-visibility,medium-visibility,large-visibility\"><div class=\"fusion-column-wrapper fusion-column-has-shadow fusion-flex-justify-content-flex-start fusion-content-layout-column\"><div class=\"fusion-image-element\" style=\"--awb-caption-title-font-family:var(--h2_typography-font-family);--awb-caption-title-font-weight:var(--h2_typography-font-weight);--awb-caption-title-font-style:var(--h2_typography-font-style);--awb-caption-title-size:var(--h2_typography-font-size);--awb-caption-title-transform:var(--h2_typography-text-transform);--awb-caption-title-line-height:var(--h2_typography-line-height);--awb-caption-title-letter-spacing:var(--h2_typography-letter-spacing);\"><span class=\" fusion-imageframe imageframe-none imageframe-2 hover-type-none\" style=\"border-radius:50%;\"><img decoding=\"async\" width=\"1224\" height=\"1224\" alt=\"Ihr Grafik- und Webdesigner f\u00fcr Unternehmen in der Eifel\" title=\"Ihr Grafik- und Webdesigner f\u00fcr Unternehmen in der Eifel\" src=\"https:\/\/vh-crossmedia.de\/wp-content\/uploads\/2024\/03\/44_DWYH2248.jpg\" data-orig-src=\"https:\/\/vh-crossmedia.de\/wp-content\/uploads\/2024\/03\/44_DWYH2248.jpg\" class=\"lazyload img-responsive wp-image-9760\" srcset=\"data:image\/svg+xml,%3Csvg%20xmlns%3D%27http%3A%2F%2Fwww.w3.org%2F2000%2Fsvg%27%20width%3D%271224%27%20height%3D%271224%27%20viewBox%3D%270%200%201224%201224%27%3E%3Crect%20width%3D%271224%27%20height%3D%271224%27%20fill-opacity%3D%220%22%2F%3E%3C%2Fsvg%3E\" data-srcset=\"https:\/\/vh-crossmedia.de\/wp-content\/uploads\/2024\/03\/44_DWYH2248-400x400.jpg 400w, https:\/\/vh-crossmedia.de\/wp-content\/uploads\/2024\/03\/44_DWYH2248-600x600.jpg 600w, https:\/\/vh-crossmedia.de\/wp-content\/uploads\/2024\/03\/44_DWYH2248-800x800.jpg 800w, https:\/\/vh-crossmedia.de\/wp-content\/uploads\/2024\/03\/44_DWYH2248-1200x1200.jpg 1200w, https:\/\/vh-crossmedia.de\/wp-content\/uploads\/2024\/03\/44_DWYH2248.jpg 1224w\" data-sizes=\"auto\" data-orig-sizes=\"(max-width: 1024px) 100vw, (max-width: 640px) 100vw, 200px\" \/><\/span><\/div><\/div><\/div><div class=\"fusion-layout-column fusion_builder_column fusion-builder-column-6 fusion_builder_column_3_4 3_4 fusion-flex-column\" style=\"--awb-bg-size:cover;--awb-width-large:75%;--awb-margin-top-large:0px;--awb-spacing-right-large:2.56%;--awb-margin-bottom-large:0px;--awb-spacing-left-large:6.4%;--awb-width-medium:100%;--awb-order-medium:0;--awb-spacing-right-medium:1.92%;--awb-spacing-left-medium:1.92%;--awb-width-small:100%;--awb-order-small:0;--awb-spacing-right-small:1.92%;--awb-spacing-left-small:1.92%;\" data-scroll-devices=\"small-visibility,medium-visibility,large-visibility\"><div class=\"fusion-column-wrapper fusion-column-has-shadow fusion-flex-justify-content-flex-start fusion-content-layout-column\"><div class=\"fusion-text fusion-text-5\"><h2 style=\"font-size: 1.1em!important; margin-bottom: -30px!important;\">Expertise in regionalen Standortfaktoren:<\/h2>\n<h3 style=\"font-size: 2.3em!important; line-height: 1.2em!important;\">Die Eifel digital st\u00e4rken<\/h3>\n<h4>Als erfahrener Grafik- und Webdesigner verstehe ich die einzigartigen Herausforderungen und Chancen, die die Eifel als Standort bietet. Mit ihrer besonderen geografischen Lage, ihrer vielf\u00e4ltigen Bev\u00f6lkerungsstruktur und ihrer facettenreichen Wirtschaft bietet die Eifel ein reiches Potenzial f\u00fcr Unternehmen und Selbstst\u00e4ndige.<\/h4>\n<p>Als Ihr Partner f\u00fcr kreative L\u00f6sungen unterst\u00fctze ich Sie dabei, Ihre Online-Pr\u00e4senz optimal an die Charakteristika der Eifel anzupassen. Ob es darum geht, die lokale Identit\u00e4t zu st\u00e4rken, Ihre Zielgruppe effektiv zu erreichen oder sich in einem zunehmend digitalisierten Marktumfeld zu behaupten &#8211; ich biete ma\u00dfgeschneiderte Grafikdesigns und Webseiten, die Ihre individuellen Anforderungen erf\u00fcllen. Mit meiner Expertise und Leidenschaft f\u00fcr innovative Gestaltungsl\u00f6sungen helfe ich Ihnen dabei, Ihre Marke in der Eifel erfolgreich zu positionieren und das volle Potenzial Ihres Standorts auszusch\u00f6pfen. Kontaktieren Sie mich noch heute, um gemeinsam an Ihrer digitalen Erfolgsgeschichte in der Eifel zu arbeiten!<\/p>\n<\/div><div class=\"fusion-modal modal fade modal-2 Kreative has-light-close\" tabindex=\"-1\" role=\"dialog\" aria-labelledby=\"modal-heading-2\" aria-hidden=\"true\" style=\"--awb-border-color:#212121;--awb-background:#212121;\"><div class=\"modal-dialog modal-sm\" role=\"document\"><div class=\"modal-content fusion-modal-content\"><div class=\"modal-header\"><button class=\"close\" type=\"button\" data-dismiss=\"modal\" aria-hidden=\"true\" aria-label=\"Fenster schlie\u00dfen\">&times;<\/button><h3 class=\"modal-title\" id=\"modal-heading-2\" data-dismiss=\"modal\" aria-hidden=\"true\">Kreative L\u00f6sungen f\u00fcr Ihren visuellen Auftritt<\/h3><\/div><div class=\"modal-body fusion-clearfix\">\n<p>Als erfahrener Grafikdesigner und Webentwickler mit einem starken Fokus auf Aachen, D\u00fcren, Adenau, Bad Neuenahr-Ahrweiler, Mechernich, Kommern, Z\u00fclpich, Euskirchen, Mayen, Andernach, Koblenz, Neuwied, Siegburg, Bonn, Trier und Bitburg stehe ich Ihnen f\u00fcr individuelle und SEO-optimierte Designl\u00f6sungen zur Verf\u00fcgung.<\/p>\n<p>Dank meiner langj\u00e4hrigen Erfahrung kann ich eine Vielzahl von Projekten erfolgreich umsetzen und dabei die spezifischen Bed\u00fcrfnisse meiner Kunden ber\u00fccksichtigen. Von der Erstellung einpr\u00e4gsamer Logos bis hin zur Entwicklung \u00fcberzeugender Werbekampagnen und ansprechender Webdesigns &#8211; meine Referenzen belegen meine F\u00e4higkeit, kreative und ma\u00dfgeschneiderte L\u00f6sungen zu liefern, die Ihre Online-Sichtbarkeit und Suchmaschinen-Rankings verbessern.<\/p>\n<p>Durch die Zusammenarbeit mit Kunden aus verschiedenen Branchen habe ich mein Know-how in den Bereichen Branding, Marketing und visuelle Kommunikation kontinuierlich erweitert. Es ist mir ein Anliegen, zum Erfolg meiner Kunden beizutragen und ihre Visionen mithilfe effektiver SEO-Strategien zum Leben zu erwecken.<\/p>\n<p>Wenn Sie einen verl\u00e4sslichen Partner suchen, der Ihre Designanforderungen versteht und umsetzt, dann z\u00f6gern Sie nicht, mich zu kontaktieren. Ich freue mich darauf, mit Ihnen zusammenzuarbeiten und Ihre digitalen Projekte erfolgreich zu realisieren.<\/p>\n<\/div><div class=\"modal-footer\"><button class=\"fusion-button button-default button-medium button default medium\" type=\"button\" data-dismiss=\"modal\">Fenster schlie\u00dfen<\/button><\/div><\/div><\/div><\/div><\/div><\/div><\/div><\/div><div class=\"fusion-fullwidth fullwidth-box fusion-builder-row-4 fusion-flex-container has-pattern-background has-mask-background nonhundred-percent-fullwidth non-hundred-percent-height-scrolling\" style=\"--awb-border-radius-top-left:0px;--awb-border-radius-top-right:0px;--awb-border-radius-bottom-right:0px;--awb-border-radius-bottom-left:0px;--awb-padding-top:80px;--awb-padding-bottom:40px;--awb-background-color:#19191a;--awb-background-image:linear-gradient(180deg, rgba(255,255,255,0) 0%,#19191a 100%);--awb-flex-wrap:wrap;\" ><div class=\"fusion-builder-row fusion-row fusion-flex-align-items-flex-start fusion-flex-justify-content-center fusion-flex-content-wrap\" style=\"max-width:1441.6px;margin-left: calc(-6% \/ 2 );margin-right: calc(-6% \/ 2 );\"><div class=\"fusion-layout-column fusion_builder_column fusion-builder-column-7 fusion_builder_column_1_1 1_1 fusion-flex-column\" style=\"--awb-bg-size:cover;--awb-width-large:100%;--awb-margin-top-large:0px;--awb-spacing-right-large:2.82%;--awb-margin-bottom-large:20px;--awb-spacing-left-large:2.82%;--awb-width-medium:100%;--awb-order-medium:0;--awb-spacing-right-medium:2.82%;--awb-spacing-left-medium:2.82%;--awb-width-small:100%;--awb-order-small:0;--awb-spacing-right-small:2.82%;--awb-spacing-left-small:2.82%;\" data-scroll-devices=\"small-visibility,medium-visibility,large-visibility\"><div class=\"fusion-column-wrapper fusion-column-has-shadow fusion-flex-justify-content-flex-start fusion-content-layout-column\"><div class=\"fusion-text fusion-text-6\"><h2>Mit professionellem Grafik- und Webdesign in der Eifel durchstarten<\/h2>\n<h3>Die digitale Welt ist im Wandel und die Eifel ist mittendrin.<\/h3>\n<p>In einer Zeit, in der immer mehr Menschen online nach Informationen und Produkten suchen, ist es f\u00fcr Unternehmen und Selbstst\u00e4ndige in der Region wichtiger denn je, eine <strong>starke Online-Pr\u00e4senz<\/strong> zu haben.<\/p>\n<h4><strong>Genau hier komme ich ins Spiel<\/strong><\/h4>\n<p>Als erfahrener Grafik- und Webdesigner mit Expertise in der Eifel unterst\u00fctze ich Sie dabei, Ihre digitale Pr\u00e4senz optimal zu gestalten und so Ihre <strong>individuellen Ziele<\/strong> zu erreichen.<\/p>\n<p><strong>Meine Leistungen f\u00fcr Ihren Erfolg:<\/strong><\/p>\n<p><strong>Professionelles Webdesign:<\/strong><\/p>\n<ul>\n<li>Ich erstelle ansprechende und benutzerfreundliche Websites, die auf die Bed\u00fcrfnisse Ihrer Zielgruppe zugeschnitten sind.<\/li>\n<li>Ob responsive Websites f\u00fcr die optimale Darstellung auf allen Endger\u00e4ten, suchmaschinenoptimierte Websites f\u00fcr eine bessere Auffindbarkeit im Internet oder Online-Shops mit integrierten Zahlungssystemen \u2013 ich biete Ihnen die gesamte Bandbreite an Webdesign-Leistungen, die Sie ben\u00f6tigen, um im Internet erfolgreich zu sein.<\/li>\n<\/ul>\n<p><strong>Effektives Online-Marketing:<\/strong><\/p>\n<ul>\n<li>Mit ma\u00dfgeschneiderten Werbebannern, Social-Media-Beitr\u00e4gen und Suchmaschinenmarketing (SEO) steigern Sie Ihre Sichtbarkeit im Internet und gewinnen neue Kunden.<\/li>\n<li>Ich analysiere Ihre Zielgruppe und entwickle eine Online-Marketing-Strategie, die perfekt auf Ihre Bed\u00fcrfnisse und Ihr Budget abgestimmt ist.<\/li>\n<\/ul>\n<p><strong>Starke Logos und Corporate Designs:<\/strong><\/p>\n<ul>\n<li>Ein aussagekr\u00e4ftiges Logo und ein einheitliches Erscheinungsbild bilden die Grundlage f\u00fcr eine erfolgreiche Markenbildung.<\/li>\n<li>Ich helfe Ihnen dabei, eine visuelle Identit\u00e4t zu entwickeln, die Ihre Marke widerspiegelt und sich von der Konkurrenz abhebt.<\/li>\n<\/ul>\n<p><strong>Lokale Expertise:<\/strong><\/p>\n<ul>\n<li>Ich verstehe die besonderen Herausforderungen und Chancen der Eifel und sorge daf\u00fcr, dass Ihre Online-Pr\u00e4senz optimal auf die Region abgestimmt ist.<\/li>\n<li>Durch meine langj\u00e4hrige Erfahrung in der Eifel kenne ich die Bed\u00fcrfnisse der lokalen Unternehmen und wei\u00df, wie man diese online am besten ansprechen kann.<\/li>\n<\/ul>\n<p><strong>Dar\u00fcber hinaus biete ich Ihnen:<\/strong><\/p>\n<ul>\n<li><strong>Pers\u00f6nliche Beratung:<\/strong> Ich nehme mir Zeit, um Ihre Bed\u00fcrfnisse und Anforderungen zu verstehen und entwickle gemeinsam mit Ihnen ma\u00dfgeschneiderte L\u00f6sungen.<\/li>\n<li><strong>Zuverl\u00e4ssiger Service:<\/strong> Ich arbeite zuverl\u00e4ssig und termintreu und sorge daf\u00fcr, dass Ihre Website oder Ihr Online-Marketing-Projekt p\u00fcnktlich und in bester Qualit\u00e4t fertiggestellt wird.<\/li>\n<li><strong>Faire Preise:<\/strong> Meine Preise sind fair und transparent, damit Sie sich auf eine budgetfreundliche Zusammenarbeit verlassen k\u00f6nnen.<\/li>\n<\/ul>\n<p><strong>Mit meiner Expertise und Leidenschaft f\u00fcr innovative Gestaltungsl\u00f6sungen helfe ich Ihnen dabei, Ihre Online-Pr\u00e4senz in der Eifel erfolgreich zu gestalten und das volle Potenzial Ihres Standorts auszusch\u00f6pfen.<\/strong><\/p>\n<\/div><\/div><\/div><div class=\"fusion-layout-column fusion_builder_column fusion-builder-column-8 fusion_builder_column_1_4 1_4 fusion-flex-column\" style=\"--awb-bg-size:cover;--awb-width-large:25%;--awb-margin-top-large:20px;--awb-spacing-right-large:5.0133333333333%;--awb-margin-bottom-large:0px;--awb-spacing-left-large:11.28%;--awb-width-medium:100%;--awb-order-medium:0;--awb-spacing-right-medium:2.82%;--awb-spacing-left-medium:2.82%;--awb-width-small:100%;--awb-order-small:0;--awb-spacing-right-small:2.82%;--awb-margin-bottom-small:60px;--awb-spacing-left-small:2.82%;\" data-scroll-devices=\"small-visibility,medium-visibility,large-visibility\"><div class=\"fusion-column-wrapper fusion-column-has-shadow fusion-flex-justify-content-flex-start fusion-content-layout-column\"><div class=\"fusion-image-element\" style=\"--awb-caption-title-font-family:var(--h2_typography-font-family);--awb-caption-title-font-weight:var(--h2_typography-font-weight);--awb-caption-title-font-style:var(--h2_typography-font-style);--awb-caption-title-size:var(--h2_typography-font-size);--awb-caption-title-transform:var(--h2_typography-text-transform);--awb-caption-title-line-height:var(--h2_typography-line-height);--awb-caption-title-letter-spacing:var(--h2_typography-letter-spacing);\"><span class=\" fusion-imageframe imageframe-none imageframe-3 hover-type-none\" style=\"border-radius:50%;\"><img decoding=\"async\" width=\"685\" height=\"685\" alt=\"vh-crossmedia | Volker Heupel\" title=\"vh-crossmedia | Volker Heupel\" src=\"https:\/\/vh-crossmedia.de\/wp-content\/uploads\/2024\/03\/IMG_3916-01_square.jpg\" data-orig-src=\"https:\/\/vh-crossmedia.de\/wp-content\/uploads\/2024\/03\/IMG_3916-01_square.jpg\" class=\"lazyload img-responsive wp-image-9723\" srcset=\"data:image\/svg+xml,%3Csvg%20xmlns%3D%27http%3A%2F%2Fwww.w3.org%2F2000%2Fsvg%27%20width%3D%27685%27%20height%3D%27685%27%20viewBox%3D%270%200%20685%20685%27%3E%3Crect%20width%3D%27685%27%20height%3D%27685%27%20fill-opacity%3D%220%22%2F%3E%3C%2Fsvg%3E\" data-srcset=\"https:\/\/vh-crossmedia.de\/wp-content\/uploads\/2024\/03\/IMG_3916-01_square-400x400.jpg 400w, https:\/\/vh-crossmedia.de\/wp-content\/uploads\/2024\/03\/IMG_3916-01_square-600x600.jpg 600w, https:\/\/vh-crossmedia.de\/wp-content\/uploads\/2024\/03\/IMG_3916-01_square.jpg 685w\" data-sizes=\"auto\" data-orig-sizes=\"(max-width: 1024px) 100vw, (max-width: 640px) 100vw, 200px\" \/><\/span><\/div><\/div><\/div><div class=\"fusion-layout-column fusion_builder_column fusion-builder-column-9 fusion_builder_column_3_4 3_4 fusion-flex-column\" style=\"--awb-bg-size:cover;--awb-width-large:75%;--awb-margin-top-large:60px;--awb-spacing-right-large:3.76%;--awb-margin-bottom-large:0px;--awb-spacing-left-large:6.2666666666667%;--awb-width-medium:100%;--awb-order-medium:0;--awb-spacing-right-medium:2.82%;--awb-spacing-left-medium:2.82%;--awb-width-small:100%;--awb-order-small:0;--awb-spacing-right-small:2.82%;--awb-spacing-left-small:2.82%;\" data-scroll-devices=\"small-visibility,medium-visibility,large-visibility\"><div class=\"fusion-column-wrapper fusion-column-has-shadow fusion-flex-justify-content-flex-start fusion-content-layout-column\"><div class=\"fusion-text fusion-text-7\"><h2>Warum Sie sich f\u00fcr mich entscheiden sollten<\/h2>\n<ul>\n<li><strong>Erfahrung:<\/strong> Ich verf\u00fcge \u00fcber langj\u00e4hrige Erfahrung in der Gestaltung und Entwicklung von Websites und Online-Marketing-Kampagnen.<\/li>\n<li><strong>Kompetenz:<\/strong> Ich bin ein ausgebildeter Grafik- und Webdesigner mit einem tiefen Verst\u00e4ndnis f\u00fcr die neuesten Trends und Technologien.<\/li>\n<li><strong>Kreativit\u00e4t:<\/strong> Ich entwickle innovative und kreative L\u00f6sungen, die Ihre Zielgruppe begeistern und Ihre Marke st\u00e4rken.<\/li>\n<li><strong>Zuverl\u00e4ssigkeit:<\/strong> Ich arbeite zuverl\u00e4ssig und termintreu und sorge daf\u00fcr, dass Ihre Projekte p\u00fcnktlich und in bester Qualit\u00e4t fertiggestellt werden.<\/li>\n<li><strong>Kundenzufriedenheit:<\/strong> Meine Kunden sind von meiner Arbeit \u00fcberzeugt.<\/li>\n<\/ul>\n<h3>Lesen Sie hier einige Referenzen zufriedener Kunden:<\/h3>\n<\/div><\/div><\/div><div class=\"fusion-layout-column fusion_builder_column fusion-builder-column-10 fusion_builder_column_1_1 1_1 fusion-flex-column\" style=\"--awb-bg-size:cover;--awb-width-large:100%;--awb-margin-top-large:60px;--awb-spacing-right-large:2.82%;--awb-margin-bottom-large:20px;--awb-spacing-left-large:2.82%;--awb-width-medium:100%;--awb-order-medium:0;--awb-spacing-right-medium:2.82%;--awb-spacing-left-medium:2.82%;--awb-width-small:100%;--awb-order-small:0;--awb-spacing-right-small:2.82%;--awb-spacing-left-small:2.82%;\" data-scroll-devices=\"small-visibility,medium-visibility,large-visibility\"><div class=\"fusion-column-wrapper fusion-column-has-shadow fusion-flex-justify-content-flex-start fusion-content-layout-column\"> <link data-noptimize=\"1\" data-no-optimize=\"1\" data-no-minify=\"1\" data-no-defer=\"1\" rel=\"stylesheet\" href=\"https:\/\/vh-crossmedia.de\/wp-content\/uploads\/trustindex-google-widget.css?1787098318\" media=\"all\"><pre class=\"ti-widget\"><div style=\"opacity: 0;height: 0 !important;overflow: hidden !important\" data-css-url=\"https:\/\/vh-crossmedia.de\/wp-content\/uploads\/trustindex-google-widget.css?1787098318\" class=\" ti-widget  ti-goog ti-review-text-mode-readmore ti-content-align-center\" data-no-translation=\"true\" data-time-locale=\"vor %d %s|Heute|Tag|Tagen|Woche|Wochen|Monat|Monaten|Jahr|Jahren\" data-plugin-version=\"14.1\" data-layout-id=\"36\" data-layout-category=\"slider\" data-set-id=\"light-contrast\" data-pid=\"wp-widget\" data-language=\"de\" data-close-locale=\"Schlie\u00dfen\" data-review-target-width=\"300\" data-css-version=\"2\" data-reply-by-locale=\"Antwort des Eigent\u00fcmers\" data-only-rating-locale=\"Dieser Nutzer hat lediglich eine Bewertung abgegeben.\" data-pager-autoplay-timeout=\"6\"> <div class=\"ti-widget-container ti-col-3\"> <div class=\"ti-reviews-container\"> <div class=\"ti-controls\"> <div class=\"ti-next\" aria-label=\"N\u00e4chste Bewertung\" role=\"button\" tabindex=\"0\"><\/div> <div class=\"ti-prev\" aria-label=\"Vorherige Bewertung\" role=\"button\" tabindex=\"0\"><\/div> <\/div> <div class=\"ti-reviews-container-wrapper\">  <div data-empty=\"0\" data-time=\"1763942400\" class=\"ti-review-item source-Google ti-image-layout-thumbnail\" data-id=\"cfcd208495d565ef66e7dff9f98764da\" data-language=\"\"> <div class=\"ti-inner\"> <div class=\"ti-review-header\"> <img decoding=\"async\" class=\"lazyload ti-platform-icon skip-lazy\" src=\"data:image\/svg+xml,%3Csvg%20xmlns%3D%27http%3A%2F%2Fwww.w3.org%2F2000%2Fsvg%27%20width%3D%2720%27%20height%3D%2720%27%20viewBox%3D%270%200%2020%2020%27%3E%3Crect%20width%3D%2720%27%20height%3D%2720%27%20fill-opacity%3D%220%22%2F%3E%3C%2Fsvg%3E\" data-orig-src=\"https:\/\/cdn.trustindex.io\/assets\/platform\/Google\/icon.svg\" alt=\"Google\" width=\"20\" height=\"20\" loading=\"lazy\" \/> <div class=\"ti-profile-img\"> <img decoding=\"async\" class=\"lazyload skip-lazy\" src=\"https:\/\/lh3.googleusercontent.com\/a\/ACg8ocLsce7nTZ-wKXnqD5N0RQbg3lkFh6exgPoNbZnLhS3VaWP6oA=w64-h64-c-rp-mo-br100\" data-orig-src=\"https:\/\/lh3.googleusercontent.com\/a\/ACg8ocLsce7nTZ-wKXnqD5N0RQbg3lkFh6exgPoNbZnLhS3VaWP6oA=w64-h64-c-rp-mo-br100\" srcset=\"data:image\/gif;base64,R0lGODlhAQABAAAAACH5BAEKAAEALAAAAAABAAEAAAICTAEAOw==\" data-srcset=\"https:\/\/lh3.googleusercontent.com\/a\/ACg8ocLsce7nTZ-wKXnqD5N0RQbg3lkFh6exgPoNbZnLhS3VaWP6oA=w128-h128-c-rp-mo-br100 2x\" alt=\"Beate Heupel profile picture\" loading=\"lazy\" \/> <\/div> <div class=\"ti-profile-details\"> <div class=\"ti-name\"> Beate Heupel <\/div> <div class=\"ti-date\"><\/div> <\/div> <\/div> <span class=\"ti-stars\"><img decoding=\"async\" class=\"lazyload ti-star skip-lazy\" src=\"data:image\/svg+xml,%3Csvg%20xmlns%3D%27http%3A%2F%2Fwww.w3.org%2F2000%2Fsvg%27%20width%3D%2717%27%20height%3D%2717%27%20viewBox%3D%270%200%2017%2017%27%3E%3Crect%20width%3D%2717%27%20height%3D%2717%27%20fill-opacity%3D%220%22%2F%3E%3C%2Fsvg%3E\" data-orig-src=\"https:\/\/cdn.trustindex.io\/assets\/platform\/Google\/star\/f.svg\" alt=\"Google star 1\" width=\"17\" height=\"17\" loading=\"lazy\" \/><img decoding=\"async\" class=\"lazyload ti-star skip-lazy\" src=\"data:image\/svg+xml,%3Csvg%20xmlns%3D%27http%3A%2F%2Fwww.w3.org%2F2000%2Fsvg%27%20width%3D%2717%27%20height%3D%2717%27%20viewBox%3D%270%200%2017%2017%27%3E%3Crect%20width%3D%2717%27%20height%3D%2717%27%20fill-opacity%3D%220%22%2F%3E%3C%2Fsvg%3E\" data-orig-src=\"https:\/\/cdn.trustindex.io\/assets\/platform\/Google\/star\/f.svg\" alt=\"Google star 2\" width=\"17\" height=\"17\" loading=\"lazy\" \/><img decoding=\"async\" class=\"lazyload ti-star skip-lazy\" src=\"data:image\/svg+xml,%3Csvg%20xmlns%3D%27http%3A%2F%2Fwww.w3.org%2F2000%2Fsvg%27%20width%3D%2717%27%20height%3D%2717%27%20viewBox%3D%270%200%2017%2017%27%3E%3Crect%20width%3D%2717%27%20height%3D%2717%27%20fill-opacity%3D%220%22%2F%3E%3C%2Fsvg%3E\" data-orig-src=\"https:\/\/cdn.trustindex.io\/assets\/platform\/Google\/star\/f.svg\" alt=\"Google star 3\" width=\"17\" height=\"17\" loading=\"lazy\" \/><img decoding=\"async\" class=\"lazyload ti-star skip-lazy\" src=\"data:image\/svg+xml,%3Csvg%20xmlns%3D%27http%3A%2F%2Fwww.w3.org%2F2000%2Fsvg%27%20width%3D%2717%27%20height%3D%2717%27%20viewBox%3D%270%200%2017%2017%27%3E%3Crect%20width%3D%2717%27%20height%3D%2717%27%20fill-opacity%3D%220%22%2F%3E%3C%2Fsvg%3E\" data-orig-src=\"https:\/\/cdn.trustindex.io\/assets\/platform\/Google\/star\/f.svg\" alt=\"Google star 4\" width=\"17\" height=\"17\" loading=\"lazy\" \/><img decoding=\"async\" class=\"lazyload ti-star skip-lazy\" src=\"data:image\/svg+xml,%3Csvg%20xmlns%3D%27http%3A%2F%2Fwww.w3.org%2F2000%2Fsvg%27%20width%3D%2717%27%20height%3D%2717%27%20viewBox%3D%270%200%2017%2017%27%3E%3Crect%20width%3D%2717%27%20height%3D%2717%27%20fill-opacity%3D%220%22%2F%3E%3C%2Fsvg%3E\" data-orig-src=\"https:\/\/cdn.trustindex.io\/assets\/platform\/Google\/star\/f.svg\" alt=\"Google star 5\" width=\"17\" height=\"17\" loading=\"lazy\" \/><span class=\"ti-verified-review ti-verified-platform\"><span class=\"ti-verified-tooltip\">Trustindex \u00fcberpr\u00fcft, ob die Originalquelle der Bewertung Google ist.<\/span><\/span><\/span> <div class=\"ti-review-text-container ti-review-content\"><!-- R-CONTENT -->Seit einigen Jahren begleitet mich Volker in meinem Business.Stets kreativ, innovativ und unkompliziert. Genau so, wie ich es mir vorstelle. Vielen Dank f\u00fcr die professionelle Betreuung.<!-- R-CONTENT --><\/div> <span class=\"ti-read-more\" data-container=\".ti-review-content\" data-collapse-text=\"Ausblenden\" data-open-text=\"Weiterlesen\"><\/span> <\/div> <\/div>  <div data-empty=\"0\" data-time=\"1732924800\" class=\"ti-review-item source-Google ti-image-layout-thumbnail\" data-id=\"cfcd208495d565ef66e7dff9f98764da\" data-language=\"\"> <div class=\"ti-inner\"> <div class=\"ti-review-header\"> <img decoding=\"async\" class=\"lazyload ti-platform-icon skip-lazy\" src=\"data:image\/svg+xml,%3Csvg%20xmlns%3D%27http%3A%2F%2Fwww.w3.org%2F2000%2Fsvg%27%20width%3D%2720%27%20height%3D%2720%27%20viewBox%3D%270%200%2020%2020%27%3E%3Crect%20width%3D%2720%27%20height%3D%2720%27%20fill-opacity%3D%220%22%2F%3E%3C%2Fsvg%3E\" data-orig-src=\"https:\/\/cdn.trustindex.io\/assets\/platform\/Google\/icon.svg\" alt=\"Google\" width=\"20\" height=\"20\" loading=\"lazy\" \/> <div class=\"ti-profile-img\"> <img decoding=\"async\" class=\"lazyload skip-lazy\" src=\"https:\/\/lh3.googleusercontent.com\/a\/ACg8ocId9B7aBM2tVPD1j6p9HvcBKsLKwo80FI2mxMN0_VanN4pjrA=w64-h64-c-rp-mo-br100\" data-orig-src=\"https:\/\/lh3.googleusercontent.com\/a\/ACg8ocId9B7aBM2tVPD1j6p9HvcBKsLKwo80FI2mxMN0_VanN4pjrA=w64-h64-c-rp-mo-br100\" srcset=\"data:image\/gif;base64,R0lGODlhAQABAAAAACH5BAEKAAEALAAAAAABAAEAAAICTAEAOw==\" data-srcset=\"https:\/\/lh3.googleusercontent.com\/a\/ACg8ocId9B7aBM2tVPD1j6p9HvcBKsLKwo80FI2mxMN0_VanN4pjrA=w128-h128-c-rp-mo-br100 2x\" alt=\"Vera V profile picture\" loading=\"lazy\" \/> <\/div> <div class=\"ti-profile-details\"> <div class=\"ti-name\"> Vera V <\/div> <div class=\"ti-date\"><\/div> <\/div> <\/div> <span class=\"ti-stars\"><img decoding=\"async\" class=\"lazyload ti-star skip-lazy\" src=\"data:image\/svg+xml,%3Csvg%20xmlns%3D%27http%3A%2F%2Fwww.w3.org%2F2000%2Fsvg%27%20width%3D%2717%27%20height%3D%2717%27%20viewBox%3D%270%200%2017%2017%27%3E%3Crect%20width%3D%2717%27%20height%3D%2717%27%20fill-opacity%3D%220%22%2F%3E%3C%2Fsvg%3E\" data-orig-src=\"https:\/\/cdn.trustindex.io\/assets\/platform\/Google\/star\/f.svg\" alt=\"Google star 1\" width=\"17\" height=\"17\" loading=\"lazy\" \/><img decoding=\"async\" class=\"lazyload ti-star skip-lazy\" src=\"data:image\/svg+xml,%3Csvg%20xmlns%3D%27http%3A%2F%2Fwww.w3.org%2F2000%2Fsvg%27%20width%3D%2717%27%20height%3D%2717%27%20viewBox%3D%270%200%2017%2017%27%3E%3Crect%20width%3D%2717%27%20height%3D%2717%27%20fill-opacity%3D%220%22%2F%3E%3C%2Fsvg%3E\" data-orig-src=\"https:\/\/cdn.trustindex.io\/assets\/platform\/Google\/star\/f.svg\" alt=\"Google star 2\" width=\"17\" height=\"17\" loading=\"lazy\" \/><img decoding=\"async\" class=\"lazyload ti-star skip-lazy\" src=\"data:image\/svg+xml,%3Csvg%20xmlns%3D%27http%3A%2F%2Fwww.w3.org%2F2000%2Fsvg%27%20width%3D%2717%27%20height%3D%2717%27%20viewBox%3D%270%200%2017%2017%27%3E%3Crect%20width%3D%2717%27%20height%3D%2717%27%20fill-opacity%3D%220%22%2F%3E%3C%2Fsvg%3E\" data-orig-src=\"https:\/\/cdn.trustindex.io\/assets\/platform\/Google\/star\/f.svg\" alt=\"Google star 3\" width=\"17\" height=\"17\" loading=\"lazy\" \/><img decoding=\"async\" class=\"lazyload ti-star skip-lazy\" src=\"data:image\/svg+xml,%3Csvg%20xmlns%3D%27http%3A%2F%2Fwww.w3.org%2F2000%2Fsvg%27%20width%3D%2717%27%20height%3D%2717%27%20viewBox%3D%270%200%2017%2017%27%3E%3Crect%20width%3D%2717%27%20height%3D%2717%27%20fill-opacity%3D%220%22%2F%3E%3C%2Fsvg%3E\" data-orig-src=\"https:\/\/cdn.trustindex.io\/assets\/platform\/Google\/star\/f.svg\" alt=\"Google star 4\" width=\"17\" height=\"17\" loading=\"lazy\" \/><img decoding=\"async\" class=\"lazyload ti-star skip-lazy\" src=\"data:image\/svg+xml,%3Csvg%20xmlns%3D%27http%3A%2F%2Fwww.w3.org%2F2000%2Fsvg%27%20width%3D%2717%27%20height%3D%2717%27%20viewBox%3D%270%200%2017%2017%27%3E%3Crect%20width%3D%2717%27%20height%3D%2717%27%20fill-opacity%3D%220%22%2F%3E%3C%2Fsvg%3E\" data-orig-src=\"https:\/\/cdn.trustindex.io\/assets\/platform\/Google\/star\/f.svg\" alt=\"Google star 5\" width=\"17\" height=\"17\" loading=\"lazy\" \/><span class=\"ti-verified-review ti-verified-platform\"><span class=\"ti-verified-tooltip\">Trustindex \u00fcberpr\u00fcft, ob die Originalquelle der Bewertung Google ist.<\/span><\/span><\/span> <div class=\"ti-review-text-container ti-review-content\"><!-- R-CONTENT -->Ich w\u00fcrde auch mehr als f\u00fcnf Sterne vergeben... Herr Heupel arbeitet unglaublich zuverl\u00e4ssig und schnell, ist an der Kundenzufriedenheit orientiert und verwirklicht alle Ideen und W\u00fcnsche,  sofern realistisch. Ich kann ihn sehr empfehlen und bin froh, mit ihm zusammen arbeiten zu d\u00fcrfen, um die Ideen f\u00fcr eine eigene Homepage umzusetzen.  Danke daf\u00fcr!<!-- R-CONTENT --><\/div> <span class=\"ti-read-more\" data-container=\".ti-review-content\" data-collapse-text=\"Ausblenden\" data-open-text=\"Weiterlesen\"><\/span> <\/div> <\/div>  <div data-empty=\"0\" data-time=\"1727654400\" class=\"ti-review-item source-Google ti-image-layout-thumbnail\" data-id=\"cfcd208495d565ef66e7dff9f98764da\" data-language=\"\"> <div class=\"ti-inner\"> <div class=\"ti-review-header\"> <img decoding=\"async\" class=\"lazyload ti-platform-icon skip-lazy\" src=\"data:image\/svg+xml,%3Csvg%20xmlns%3D%27http%3A%2F%2Fwww.w3.org%2F2000%2Fsvg%27%20width%3D%2720%27%20height%3D%2720%27%20viewBox%3D%270%200%2020%2020%27%3E%3Crect%20width%3D%2720%27%20height%3D%2720%27%20fill-opacity%3D%220%22%2F%3E%3C%2Fsvg%3E\" data-orig-src=\"https:\/\/cdn.trustindex.io\/assets\/platform\/Google\/icon.svg\" alt=\"Google\" width=\"20\" height=\"20\" loading=\"lazy\" \/> <div class=\"ti-profile-img\"> <img decoding=\"async\" class=\"lazyload skip-lazy\" src=\"https:\/\/lh3.googleusercontent.com\/a\/ACg8ocLQ_5wfMWmLRoIBeVW2sECAin1eAkNDFA7EMuCkmMIbg1YbHYHu=w64-h64-c-rp-mo-br100\" data-orig-src=\"https:\/\/lh3.googleusercontent.com\/a\/ACg8ocLQ_5wfMWmLRoIBeVW2sECAin1eAkNDFA7EMuCkmMIbg1YbHYHu=w64-h64-c-rp-mo-br100\" srcset=\"data:image\/gif;base64,R0lGODlhAQABAAAAACH5BAEKAAEALAAAAAABAAEAAAICTAEAOw==\" data-srcset=\"https:\/\/lh3.googleusercontent.com\/a\/ACg8ocLQ_5wfMWmLRoIBeVW2sECAin1eAkNDFA7EMuCkmMIbg1YbHYHu=w128-h128-c-rp-mo-br100 2x\" alt=\"Walter Ruland profile picture\" loading=\"lazy\" \/> <\/div> <div class=\"ti-profile-details\"> <div class=\"ti-name\"> Walter Ruland <\/div> <div class=\"ti-date\"><\/div> <\/div> <\/div> <span class=\"ti-stars\"><img decoding=\"async\" class=\"lazyload ti-star skip-lazy\" src=\"data:image\/svg+xml,%3Csvg%20xmlns%3D%27http%3A%2F%2Fwww.w3.org%2F2000%2Fsvg%27%20width%3D%2717%27%20height%3D%2717%27%20viewBox%3D%270%200%2017%2017%27%3E%3Crect%20width%3D%2717%27%20height%3D%2717%27%20fill-opacity%3D%220%22%2F%3E%3C%2Fsvg%3E\" data-orig-src=\"https:\/\/cdn.trustindex.io\/assets\/platform\/Google\/star\/f.svg\" alt=\"Google star 1\" width=\"17\" height=\"17\" loading=\"lazy\" \/><img decoding=\"async\" class=\"lazyload ti-star skip-lazy\" src=\"data:image\/svg+xml,%3Csvg%20xmlns%3D%27http%3A%2F%2Fwww.w3.org%2F2000%2Fsvg%27%20width%3D%2717%27%20height%3D%2717%27%20viewBox%3D%270%200%2017%2017%27%3E%3Crect%20width%3D%2717%27%20height%3D%2717%27%20fill-opacity%3D%220%22%2F%3E%3C%2Fsvg%3E\" data-orig-src=\"https:\/\/cdn.trustindex.io\/assets\/platform\/Google\/star\/f.svg\" alt=\"Google star 2\" width=\"17\" height=\"17\" loading=\"lazy\" \/><img decoding=\"async\" class=\"lazyload ti-star skip-lazy\" src=\"data:image\/svg+xml,%3Csvg%20xmlns%3D%27http%3A%2F%2Fwww.w3.org%2F2000%2Fsvg%27%20width%3D%2717%27%20height%3D%2717%27%20viewBox%3D%270%200%2017%2017%27%3E%3Crect%20width%3D%2717%27%20height%3D%2717%27%20fill-opacity%3D%220%22%2F%3E%3C%2Fsvg%3E\" data-orig-src=\"https:\/\/cdn.trustindex.io\/assets\/platform\/Google\/star\/f.svg\" alt=\"Google star 3\" width=\"17\" height=\"17\" loading=\"lazy\" \/><img decoding=\"async\" class=\"lazyload ti-star skip-lazy\" src=\"data:image\/svg+xml,%3Csvg%20xmlns%3D%27http%3A%2F%2Fwww.w3.org%2F2000%2Fsvg%27%20width%3D%2717%27%20height%3D%2717%27%20viewBox%3D%270%200%2017%2017%27%3E%3Crect%20width%3D%2717%27%20height%3D%2717%27%20fill-opacity%3D%220%22%2F%3E%3C%2Fsvg%3E\" data-orig-src=\"https:\/\/cdn.trustindex.io\/assets\/platform\/Google\/star\/f.svg\" alt=\"Google star 4\" width=\"17\" height=\"17\" loading=\"lazy\" \/><img decoding=\"async\" class=\"lazyload ti-star skip-lazy\" src=\"data:image\/svg+xml,%3Csvg%20xmlns%3D%27http%3A%2F%2Fwww.w3.org%2F2000%2Fsvg%27%20width%3D%2717%27%20height%3D%2717%27%20viewBox%3D%270%200%2017%2017%27%3E%3Crect%20width%3D%2717%27%20height%3D%2717%27%20fill-opacity%3D%220%22%2F%3E%3C%2Fsvg%3E\" data-orig-src=\"https:\/\/cdn.trustindex.io\/assets\/platform\/Google\/star\/f.svg\" alt=\"Google star 5\" width=\"17\" height=\"17\" loading=\"lazy\" \/><span class=\"ti-verified-review ti-verified-platform\"><span class=\"ti-verified-tooltip\">Trustindex \u00fcberpr\u00fcft, ob die Originalquelle der Bewertung Google ist.<\/span><\/span><\/span> <div class=\"ti-review-text-container ti-review-content\"><!-- R-CONTENT -->Beeindruckend kreativ und sympathisch. Wertsch\u00e4tzender pers\u00f6nlicher Kontakt und professionelle, schnelle Umsetzung. Seit Jahren bin ich mit Herrn Heupel und seiner Agentur sehr zufrieden. Ich freue mich schon auf unser n\u00e4chstes Projekt. \ud83d\udc4d\ud83d\udc4d\ud83d\udc4d<!-- R-CONTENT --><\/div> <span class=\"ti-read-more\" data-container=\".ti-review-content\" data-collapse-text=\"Ausblenden\" data-open-text=\"Weiterlesen\"><\/span> <\/div> <\/div>  <div data-empty=\"0\" data-time=\"1715126400\" class=\"ti-review-item source-Google ti-image-layout-thumbnail\" data-id=\"cfcd208495d565ef66e7dff9f98764da\" data-language=\"\"> <div class=\"ti-inner\"> <div class=\"ti-review-header\"> <img decoding=\"async\" class=\"lazyload ti-platform-icon skip-lazy\" src=\"data:image\/svg+xml,%3Csvg%20xmlns%3D%27http%3A%2F%2Fwww.w3.org%2F2000%2Fsvg%27%20width%3D%2720%27%20height%3D%2720%27%20viewBox%3D%270%200%2020%2020%27%3E%3Crect%20width%3D%2720%27%20height%3D%2720%27%20fill-opacity%3D%220%22%2F%3E%3C%2Fsvg%3E\" data-orig-src=\"https:\/\/cdn.trustindex.io\/assets\/platform\/Google\/icon.svg\" alt=\"Google\" width=\"20\" height=\"20\" loading=\"lazy\" \/> <div class=\"ti-profile-img\"> <img decoding=\"async\" class=\"lazyload skip-lazy\" src=\"https:\/\/lh3.googleusercontent.com\/a\/ACg8ocLwCskcTJPnQlpKqc0iwQvvTCKxeaVWxh3f3Ou-J879sj8_HQ=w64-h64-c-rp-mo-br100\" data-orig-src=\"https:\/\/lh3.googleusercontent.com\/a\/ACg8ocLwCskcTJPnQlpKqc0iwQvvTCKxeaVWxh3f3Ou-J879sj8_HQ=w64-h64-c-rp-mo-br100\" srcset=\"data:image\/gif;base64,R0lGODlhAQABAAAAACH5BAEKAAEALAAAAAABAAEAAAICTAEAOw==\" data-srcset=\"https:\/\/lh3.googleusercontent.com\/a\/ACg8ocLwCskcTJPnQlpKqc0iwQvvTCKxeaVWxh3f3Ou-J879sj8_HQ=w128-h128-c-rp-mo-br100 2x\" alt=\"JoJo Frechen profile picture\" loading=\"lazy\" \/> <\/div> <div class=\"ti-profile-details\"> <div class=\"ti-name\"> JoJo Frechen <\/div> <div class=\"ti-date\"><\/div> <\/div> <\/div> <span class=\"ti-stars\"><img decoding=\"async\" class=\"lazyload ti-star skip-lazy\" src=\"data:image\/svg+xml,%3Csvg%20xmlns%3D%27http%3A%2F%2Fwww.w3.org%2F2000%2Fsvg%27%20width%3D%2717%27%20height%3D%2717%27%20viewBox%3D%270%200%2017%2017%27%3E%3Crect%20width%3D%2717%27%20height%3D%2717%27%20fill-opacity%3D%220%22%2F%3E%3C%2Fsvg%3E\" data-orig-src=\"https:\/\/cdn.trustindex.io\/assets\/platform\/Google\/star\/f.svg\" alt=\"Google star 1\" width=\"17\" height=\"17\" loading=\"lazy\" \/><img decoding=\"async\" class=\"lazyload ti-star skip-lazy\" src=\"data:image\/svg+xml,%3Csvg%20xmlns%3D%27http%3A%2F%2Fwww.w3.org%2F2000%2Fsvg%27%20width%3D%2717%27%20height%3D%2717%27%20viewBox%3D%270%200%2017%2017%27%3E%3Crect%20width%3D%2717%27%20height%3D%2717%27%20fill-opacity%3D%220%22%2F%3E%3C%2Fsvg%3E\" data-orig-src=\"https:\/\/cdn.trustindex.io\/assets\/platform\/Google\/star\/f.svg\" alt=\"Google star 2\" width=\"17\" height=\"17\" loading=\"lazy\" \/><img decoding=\"async\" class=\"lazyload ti-star skip-lazy\" src=\"data:image\/svg+xml,%3Csvg%20xmlns%3D%27http%3A%2F%2Fwww.w3.org%2F2000%2Fsvg%27%20width%3D%2717%27%20height%3D%2717%27%20viewBox%3D%270%200%2017%2017%27%3E%3Crect%20width%3D%2717%27%20height%3D%2717%27%20fill-opacity%3D%220%22%2F%3E%3C%2Fsvg%3E\" data-orig-src=\"https:\/\/cdn.trustindex.io\/assets\/platform\/Google\/star\/f.svg\" alt=\"Google star 3\" width=\"17\" height=\"17\" loading=\"lazy\" \/><img decoding=\"async\" class=\"lazyload ti-star skip-lazy\" src=\"data:image\/svg+xml,%3Csvg%20xmlns%3D%27http%3A%2F%2Fwww.w3.org%2F2000%2Fsvg%27%20width%3D%2717%27%20height%3D%2717%27%20viewBox%3D%270%200%2017%2017%27%3E%3Crect%20width%3D%2717%27%20height%3D%2717%27%20fill-opacity%3D%220%22%2F%3E%3C%2Fsvg%3E\" data-orig-src=\"https:\/\/cdn.trustindex.io\/assets\/platform\/Google\/star\/f.svg\" alt=\"Google star 4\" width=\"17\" height=\"17\" loading=\"lazy\" \/><img decoding=\"async\" class=\"lazyload ti-star skip-lazy\" src=\"data:image\/svg+xml,%3Csvg%20xmlns%3D%27http%3A%2F%2Fwww.w3.org%2F2000%2Fsvg%27%20width%3D%2717%27%20height%3D%2717%27%20viewBox%3D%270%200%2017%2017%27%3E%3Crect%20width%3D%2717%27%20height%3D%2717%27%20fill-opacity%3D%220%22%2F%3E%3C%2Fsvg%3E\" data-orig-src=\"https:\/\/cdn.trustindex.io\/assets\/platform\/Google\/star\/f.svg\" alt=\"Google star 5\" width=\"17\" height=\"17\" loading=\"lazy\" \/><span class=\"ti-verified-review ti-verified-platform\"><span class=\"ti-verified-tooltip\">Trustindex \u00fcberpr\u00fcft, ob die Originalquelle der Bewertung Google ist.<\/span><\/span><\/span> <div class=\"ti-review-text-container ti-review-content\"><!-- R-CONTENT -->Wir sind sehr zufrieden mit der Neugestaltung unserer Webseite. Herr Heupel hatte tolle und passende Ideen f\u00fcr unsere Zielgruppe. Er ist schnell erreichbar und beantwortet Fragen aller Art sehr geduldig und hilfreich. Vielen Dank f\u00fcr die tolle Zusammenarbeit bis jetzt und auch in Zukunft!<!-- R-CONTENT --><\/div> <span class=\"ti-read-more\" data-container=\".ti-review-content\" data-collapse-text=\"Ausblenden\" data-open-text=\"Weiterlesen\"><\/span> <\/div> <\/div>  <div data-empty=\"0\" data-time=\"1710115200\" class=\"ti-review-item source-Google ti-image-layout-thumbnail\" data-id=\"cfcd208495d565ef66e7dff9f98764da\" data-language=\"\"> <div class=\"ti-inner\"> <div class=\"ti-review-header\"> <img decoding=\"async\" class=\"lazyload ti-platform-icon skip-lazy\" src=\"data:image\/svg+xml,%3Csvg%20xmlns%3D%27http%3A%2F%2Fwww.w3.org%2F2000%2Fsvg%27%20width%3D%2720%27%20height%3D%2720%27%20viewBox%3D%270%200%2020%2020%27%3E%3Crect%20width%3D%2720%27%20height%3D%2720%27%20fill-opacity%3D%220%22%2F%3E%3C%2Fsvg%3E\" data-orig-src=\"https:\/\/cdn.trustindex.io\/assets\/platform\/Google\/icon.svg\" alt=\"Google\" width=\"20\" height=\"20\" loading=\"lazy\" \/> <div class=\"ti-profile-img\"> <img decoding=\"async\" class=\"lazyload skip-lazy\" src=\"https:\/\/lh3.googleusercontent.com\/a-\/ALV-UjW2BZ8F9v81qpsjwdHp_9dL4DoXCiDvCriIBAqAkyvMoLRTXoYI=w64-h64-c-rp-mo-br100\" data-orig-src=\"https:\/\/lh3.googleusercontent.com\/a-\/ALV-UjW2BZ8F9v81qpsjwdHp_9dL4DoXCiDvCriIBAqAkyvMoLRTXoYI=w64-h64-c-rp-mo-br100\" srcset=\"data:image\/gif;base64,R0lGODlhAQABAAAAACH5BAEKAAEALAAAAAABAAEAAAICTAEAOw==\" data-srcset=\"https:\/\/lh3.googleusercontent.com\/a-\/ALV-UjW2BZ8F9v81qpsjwdHp_9dL4DoXCiDvCriIBAqAkyvMoLRTXoYI=w128-h128-c-rp-mo-br100 2x\" alt=\"Luisa Bertelmann profile picture\" loading=\"lazy\" \/> <\/div> <div class=\"ti-profile-details\"> <div class=\"ti-name\"> Luisa Bertelmann <\/div> <div class=\"ti-date\"><\/div> <\/div> <\/div> <span class=\"ti-stars\"><img decoding=\"async\" class=\"lazyload ti-star skip-lazy\" src=\"data:image\/svg+xml,%3Csvg%20xmlns%3D%27http%3A%2F%2Fwww.w3.org%2F2000%2Fsvg%27%20width%3D%2717%27%20height%3D%2717%27%20viewBox%3D%270%200%2017%2017%27%3E%3Crect%20width%3D%2717%27%20height%3D%2717%27%20fill-opacity%3D%220%22%2F%3E%3C%2Fsvg%3E\" data-orig-src=\"https:\/\/cdn.trustindex.io\/assets\/platform\/Google\/star\/f.svg\" alt=\"Google star 1\" width=\"17\" height=\"17\" loading=\"lazy\" \/><img decoding=\"async\" class=\"lazyload ti-star skip-lazy\" src=\"data:image\/svg+xml,%3Csvg%20xmlns%3D%27http%3A%2F%2Fwww.w3.org%2F2000%2Fsvg%27%20width%3D%2717%27%20height%3D%2717%27%20viewBox%3D%270%200%2017%2017%27%3E%3Crect%20width%3D%2717%27%20height%3D%2717%27%20fill-opacity%3D%220%22%2F%3E%3C%2Fsvg%3E\" data-orig-src=\"https:\/\/cdn.trustindex.io\/assets\/platform\/Google\/star\/f.svg\" alt=\"Google star 2\" width=\"17\" height=\"17\" loading=\"lazy\" \/><img decoding=\"async\" class=\"lazyload ti-star skip-lazy\" src=\"data:image\/svg+xml,%3Csvg%20xmlns%3D%27http%3A%2F%2Fwww.w3.org%2F2000%2Fsvg%27%20width%3D%2717%27%20height%3D%2717%27%20viewBox%3D%270%200%2017%2017%27%3E%3Crect%20width%3D%2717%27%20height%3D%2717%27%20fill-opacity%3D%220%22%2F%3E%3C%2Fsvg%3E\" data-orig-src=\"https:\/\/cdn.trustindex.io\/assets\/platform\/Google\/star\/f.svg\" alt=\"Google star 3\" width=\"17\" height=\"17\" loading=\"lazy\" \/><img decoding=\"async\" class=\"lazyload ti-star skip-lazy\" src=\"data:image\/svg+xml,%3Csvg%20xmlns%3D%27http%3A%2F%2Fwww.w3.org%2F2000%2Fsvg%27%20width%3D%2717%27%20height%3D%2717%27%20viewBox%3D%270%200%2017%2017%27%3E%3Crect%20width%3D%2717%27%20height%3D%2717%27%20fill-opacity%3D%220%22%2F%3E%3C%2Fsvg%3E\" data-orig-src=\"https:\/\/cdn.trustindex.io\/assets\/platform\/Google\/star\/f.svg\" alt=\"Google star 4\" width=\"17\" height=\"17\" loading=\"lazy\" \/><img decoding=\"async\" class=\"lazyload ti-star skip-lazy\" src=\"data:image\/svg+xml,%3Csvg%20xmlns%3D%27http%3A%2F%2Fwww.w3.org%2F2000%2Fsvg%27%20width%3D%2717%27%20height%3D%2717%27%20viewBox%3D%270%200%2017%2017%27%3E%3Crect%20width%3D%2717%27%20height%3D%2717%27%20fill-opacity%3D%220%22%2F%3E%3C%2Fsvg%3E\" data-orig-src=\"https:\/\/cdn.trustindex.io\/assets\/platform\/Google\/star\/f.svg\" alt=\"Google star 5\" width=\"17\" height=\"17\" loading=\"lazy\" \/><span class=\"ti-verified-review ti-verified-platform\"><span class=\"ti-verified-tooltip\">Trustindex \u00fcberpr\u00fcft, ob die Originalquelle der Bewertung Google ist.<\/span><\/span><\/span> <div class=\"ti-review-text-container ti-review-content\"><!-- R-CONTENT -->Wer jemanden sucht der super kreativ und ideenreich ist, ist hier genau richtig! Ich kann Volker Heupel nur von Herzen empfehlen. Alle Anliegen wurden umgehen bearbeitet und ich h\u00e4tte mich meine Webseite niemals so sch\u00f6n vorgestellt. Es hat alles reibungslos geklappt und ich kann endlich meine wunderbare Webseite pr\u00e4sentieren.\u263a\ufe0f<!-- R-CONTENT --><\/div> <span class=\"ti-read-more\" data-container=\".ti-review-content\" data-collapse-text=\"Ausblenden\" data-open-text=\"Weiterlesen\"><\/span> <\/div> <\/div>  <div data-empty=\"0\" data-time=\"1707868800\" class=\"ti-review-item source-Google ti-image-layout-thumbnail\" data-id=\"cfcd208495d565ef66e7dff9f98764da\" data-language=\"\"> <div class=\"ti-inner\"> <div class=\"ti-review-header\"> <img decoding=\"async\" class=\"lazyload ti-platform-icon skip-lazy\" src=\"data:image\/svg+xml,%3Csvg%20xmlns%3D%27http%3A%2F%2Fwww.w3.org%2F2000%2Fsvg%27%20width%3D%2720%27%20height%3D%2720%27%20viewBox%3D%270%200%2020%2020%27%3E%3Crect%20width%3D%2720%27%20height%3D%2720%27%20fill-opacity%3D%220%22%2F%3E%3C%2Fsvg%3E\" data-orig-src=\"https:\/\/cdn.trustindex.io\/assets\/platform\/Google\/icon.svg\" alt=\"Google\" width=\"20\" height=\"20\" loading=\"lazy\" \/> <div class=\"ti-profile-img\"> <img decoding=\"async\" class=\"lazyload skip-lazy\" src=\"https:\/\/lh3.googleusercontent.com\/a-\/ALV-UjUVEvqCV3EG-2GbqbdMgKw9e1NiTdW-jPT1W6XlEeH_SBiZE74=w64-h64-c-rp-mo-br100\" data-orig-src=\"https:\/\/lh3.googleusercontent.com\/a-\/ALV-UjUVEvqCV3EG-2GbqbdMgKw9e1NiTdW-jPT1W6XlEeH_SBiZE74=w64-h64-c-rp-mo-br100\" srcset=\"data:image\/gif;base64,R0lGODlhAQABAAAAACH5BAEKAAEALAAAAAABAAEAAAICTAEAOw==\" data-srcset=\"https:\/\/lh3.googleusercontent.com\/a-\/ALV-UjUVEvqCV3EG-2GbqbdMgKw9e1NiTdW-jPT1W6XlEeH_SBiZE74=w128-h128-c-rp-mo-br100 2x\" alt=\"Katharina Klein profile picture\" loading=\"lazy\" \/> <\/div> <div class=\"ti-profile-details\"> <div class=\"ti-name\"> Katharina Klein <\/div> <div class=\"ti-date\"><\/div> <\/div> <\/div> <span class=\"ti-stars\"><img decoding=\"async\" class=\"lazyload ti-star skip-lazy\" src=\"data:image\/svg+xml,%3Csvg%20xmlns%3D%27http%3A%2F%2Fwww.w3.org%2F2000%2Fsvg%27%20width%3D%2717%27%20height%3D%2717%27%20viewBox%3D%270%200%2017%2017%27%3E%3Crect%20width%3D%2717%27%20height%3D%2717%27%20fill-opacity%3D%220%22%2F%3E%3C%2Fsvg%3E\" data-orig-src=\"https:\/\/cdn.trustindex.io\/assets\/platform\/Google\/star\/f.svg\" alt=\"Google star 1\" width=\"17\" height=\"17\" loading=\"lazy\" \/><img decoding=\"async\" class=\"lazyload ti-star skip-lazy\" src=\"data:image\/svg+xml,%3Csvg%20xmlns%3D%27http%3A%2F%2Fwww.w3.org%2F2000%2Fsvg%27%20width%3D%2717%27%20height%3D%2717%27%20viewBox%3D%270%200%2017%2017%27%3E%3Crect%20width%3D%2717%27%20height%3D%2717%27%20fill-opacity%3D%220%22%2F%3E%3C%2Fsvg%3E\" data-orig-src=\"https:\/\/cdn.trustindex.io\/assets\/platform\/Google\/star\/f.svg\" alt=\"Google star 2\" width=\"17\" height=\"17\" loading=\"lazy\" \/><img decoding=\"async\" class=\"lazyload ti-star skip-lazy\" src=\"data:image\/svg+xml,%3Csvg%20xmlns%3D%27http%3A%2F%2Fwww.w3.org%2F2000%2Fsvg%27%20width%3D%2717%27%20height%3D%2717%27%20viewBox%3D%270%200%2017%2017%27%3E%3Crect%20width%3D%2717%27%20height%3D%2717%27%20fill-opacity%3D%220%22%2F%3E%3C%2Fsvg%3E\" data-orig-src=\"https:\/\/cdn.trustindex.io\/assets\/platform\/Google\/star\/f.svg\" alt=\"Google star 3\" width=\"17\" height=\"17\" loading=\"lazy\" \/><img decoding=\"async\" class=\"lazyload ti-star skip-lazy\" src=\"data:image\/svg+xml,%3Csvg%20xmlns%3D%27http%3A%2F%2Fwww.w3.org%2F2000%2Fsvg%27%20width%3D%2717%27%20height%3D%2717%27%20viewBox%3D%270%200%2017%2017%27%3E%3Crect%20width%3D%2717%27%20height%3D%2717%27%20fill-opacity%3D%220%22%2F%3E%3C%2Fsvg%3E\" data-orig-src=\"https:\/\/cdn.trustindex.io\/assets\/platform\/Google\/star\/f.svg\" alt=\"Google star 4\" width=\"17\" height=\"17\" loading=\"lazy\" \/><img decoding=\"async\" class=\"lazyload ti-star skip-lazy\" src=\"data:image\/svg+xml,%3Csvg%20xmlns%3D%27http%3A%2F%2Fwww.w3.org%2F2000%2Fsvg%27%20width%3D%2717%27%20height%3D%2717%27%20viewBox%3D%270%200%2017%2017%27%3E%3Crect%20width%3D%2717%27%20height%3D%2717%27%20fill-opacity%3D%220%22%2F%3E%3C%2Fsvg%3E\" data-orig-src=\"https:\/\/cdn.trustindex.io\/assets\/platform\/Google\/star\/f.svg\" alt=\"Google star 5\" width=\"17\" height=\"17\" loading=\"lazy\" \/><span class=\"ti-verified-review ti-verified-platform\"><span class=\"ti-verified-tooltip\">Trustindex \u00fcberpr\u00fcft, ob die Originalquelle der Bewertung Google ist.<\/span><\/span><\/span> <div class=\"ti-review-text-container ti-review-content\"><!-- R-CONTENT -->Super schnell und sehr  sch\u00f6ne Homepage erstellt,  sehr zuverl\u00e4ssig . Nur zu empfehlen<!-- R-CONTENT --><\/div> <span class=\"ti-read-more\" data-container=\".ti-review-content\" data-collapse-text=\"Ausblenden\" data-open-text=\"Weiterlesen\"><\/span> <\/div> <\/div>  <div data-empty=\"0\" data-time=\"1700006400\" class=\"ti-review-item source-Google ti-image-layout-thumbnail\" data-id=\"cfcd208495d565ef66e7dff9f98764da\" data-language=\"\"> <div class=\"ti-inner\"> <div class=\"ti-review-header\"> <img decoding=\"async\" class=\"lazyload ti-platform-icon skip-lazy\" src=\"data:image\/svg+xml,%3Csvg%20xmlns%3D%27http%3A%2F%2Fwww.w3.org%2F2000%2Fsvg%27%20width%3D%2720%27%20height%3D%2720%27%20viewBox%3D%270%200%2020%2020%27%3E%3Crect%20width%3D%2720%27%20height%3D%2720%27%20fill-opacity%3D%220%22%2F%3E%3C%2Fsvg%3E\" data-orig-src=\"https:\/\/cdn.trustindex.io\/assets\/platform\/Google\/icon.svg\" alt=\"Google\" width=\"20\" height=\"20\" loading=\"lazy\" \/> <div class=\"ti-profile-img\"> <img decoding=\"async\" class=\"lazyload skip-lazy\" src=\"https:\/\/lh3.googleusercontent.com\/a-\/ALV-UjW1NmzrPiOqNKHp-AqPqE-gtf8uoN_6ei9FKUNdPl2QWDVWdw=w64-h64-c-rp-mo-br100\" data-orig-src=\"https:\/\/lh3.googleusercontent.com\/a-\/ALV-UjW1NmzrPiOqNKHp-AqPqE-gtf8uoN_6ei9FKUNdPl2QWDVWdw=w64-h64-c-rp-mo-br100\" srcset=\"data:image\/gif;base64,R0lGODlhAQABAAAAACH5BAEKAAEALAAAAAABAAEAAAICTAEAOw==\" data-srcset=\"https:\/\/lh3.googleusercontent.com\/a-\/ALV-UjW1NmzrPiOqNKHp-AqPqE-gtf8uoN_6ei9FKUNdPl2QWDVWdw=w128-h128-c-rp-mo-br100 2x\" alt=\"E. Reining profile picture\" loading=\"lazy\" \/> <\/div> <div class=\"ti-profile-details\"> <div class=\"ti-name\"> E. Reining <\/div> <div class=\"ti-date\"><\/div> <\/div> <\/div> <span class=\"ti-stars\"><img decoding=\"async\" class=\"lazyload ti-star skip-lazy\" src=\"data:image\/svg+xml,%3Csvg%20xmlns%3D%27http%3A%2F%2Fwww.w3.org%2F2000%2Fsvg%27%20width%3D%2717%27%20height%3D%2717%27%20viewBox%3D%270%200%2017%2017%27%3E%3Crect%20width%3D%2717%27%20height%3D%2717%27%20fill-opacity%3D%220%22%2F%3E%3C%2Fsvg%3E\" data-orig-src=\"https:\/\/cdn.trustindex.io\/assets\/platform\/Google\/star\/f.svg\" alt=\"Google star 1\" width=\"17\" height=\"17\" loading=\"lazy\" \/><img decoding=\"async\" class=\"lazyload ti-star skip-lazy\" src=\"data:image\/svg+xml,%3Csvg%20xmlns%3D%27http%3A%2F%2Fwww.w3.org%2F2000%2Fsvg%27%20width%3D%2717%27%20height%3D%2717%27%20viewBox%3D%270%200%2017%2017%27%3E%3Crect%20width%3D%2717%27%20height%3D%2717%27%20fill-opacity%3D%220%22%2F%3E%3C%2Fsvg%3E\" data-orig-src=\"https:\/\/cdn.trustindex.io\/assets\/platform\/Google\/star\/f.svg\" alt=\"Google star 2\" width=\"17\" height=\"17\" loading=\"lazy\" \/><img decoding=\"async\" class=\"lazyload ti-star skip-lazy\" src=\"data:image\/svg+xml,%3Csvg%20xmlns%3D%27http%3A%2F%2Fwww.w3.org%2F2000%2Fsvg%27%20width%3D%2717%27%20height%3D%2717%27%20viewBox%3D%270%200%2017%2017%27%3E%3Crect%20width%3D%2717%27%20height%3D%2717%27%20fill-opacity%3D%220%22%2F%3E%3C%2Fsvg%3E\" data-orig-src=\"https:\/\/cdn.trustindex.io\/assets\/platform\/Google\/star\/f.svg\" alt=\"Google star 3\" width=\"17\" height=\"17\" loading=\"lazy\" \/><img decoding=\"async\" class=\"lazyload ti-star skip-lazy\" src=\"data:image\/svg+xml,%3Csvg%20xmlns%3D%27http%3A%2F%2Fwww.w3.org%2F2000%2Fsvg%27%20width%3D%2717%27%20height%3D%2717%27%20viewBox%3D%270%200%2017%2017%27%3E%3Crect%20width%3D%2717%27%20height%3D%2717%27%20fill-opacity%3D%220%22%2F%3E%3C%2Fsvg%3E\" data-orig-src=\"https:\/\/cdn.trustindex.io\/assets\/platform\/Google\/star\/f.svg\" alt=\"Google star 4\" width=\"17\" height=\"17\" loading=\"lazy\" \/><img decoding=\"async\" class=\"lazyload ti-star skip-lazy\" src=\"data:image\/svg+xml,%3Csvg%20xmlns%3D%27http%3A%2F%2Fwww.w3.org%2F2000%2Fsvg%27%20width%3D%2717%27%20height%3D%2717%27%20viewBox%3D%270%200%2017%2017%27%3E%3Crect%20width%3D%2717%27%20height%3D%2717%27%20fill-opacity%3D%220%22%2F%3E%3C%2Fsvg%3E\" data-orig-src=\"https:\/\/cdn.trustindex.io\/assets\/platform\/Google\/star\/f.svg\" alt=\"Google star 5\" width=\"17\" height=\"17\" loading=\"lazy\" \/><span class=\"ti-verified-review ti-verified-platform\"><span class=\"ti-verified-tooltip\">Trustindex \u00fcberpr\u00fcft, ob die Originalquelle der Bewertung Google ist.<\/span><\/span><\/span> <div class=\"ti-review-text-container ti-review-content\"><!-- R-CONTENT -->Auf der Suche nach einem Webdesigner f\u00fcr eine neu zu gestaltende Homepage waren mir ein paar gelungene Seiten von Volker Heupel aufgefallen. Der Kontakt und die Zusammenarbeit funktionierten problemlos, und es war eine Freude zu sehen, wie Ideen in Realit\u00e4t umgesetzt wurden. Wir sind sehr zufrieden mit unserer neuen Homepage  und Herr Heupel  erstellte innerhalb k\u00fcrzester Zeit auch noch den passenden Flyer als Infomaterial vor Ort. Auch der Support bei Fragen zur Homepage funktioniert sehr gut. Herzlichen Dank und 5 Punkte!<!-- R-CONTENT --><\/div> <span class=\"ti-read-more\" data-container=\".ti-review-content\" data-collapse-text=\"Ausblenden\" data-open-text=\"Weiterlesen\"><\/span> <\/div> <\/div>  <div data-empty=\"0\" data-time=\"1693008000\" class=\"ti-review-item source-Google ti-image-layout-thumbnail\" data-id=\"cfcd208495d565ef66e7dff9f98764da\" data-language=\"\"> <div class=\"ti-inner\"> <div class=\"ti-review-header\"> <img decoding=\"async\" class=\"lazyload ti-platform-icon skip-lazy\" src=\"data:image\/svg+xml,%3Csvg%20xmlns%3D%27http%3A%2F%2Fwww.w3.org%2F2000%2Fsvg%27%20width%3D%2720%27%20height%3D%2720%27%20viewBox%3D%270%200%2020%2020%27%3E%3Crect%20width%3D%2720%27%20height%3D%2720%27%20fill-opacity%3D%220%22%2F%3E%3C%2Fsvg%3E\" data-orig-src=\"https:\/\/cdn.trustindex.io\/assets\/platform\/Google\/icon.svg\" alt=\"Google\" width=\"20\" height=\"20\" loading=\"lazy\" \/> <div class=\"ti-profile-img\"> <img decoding=\"async\" class=\"lazyload skip-lazy\" src=\"https:\/\/lh3.googleusercontent.com\/a-\/ALV-UjXg1xE31IQYjovmsV9FIfx9ml7-CAWmTuHFq35HLEBBLKEol7Pk=w64-h64-c-rp-mo-br100\" data-orig-src=\"https:\/\/lh3.googleusercontent.com\/a-\/ALV-UjXg1xE31IQYjovmsV9FIfx9ml7-CAWmTuHFq35HLEBBLKEol7Pk=w64-h64-c-rp-mo-br100\" srcset=\"data:image\/gif;base64,R0lGODlhAQABAAAAACH5BAEKAAEALAAAAAABAAEAAAICTAEAOw==\" data-srcset=\"https:\/\/lh3.googleusercontent.com\/a-\/ALV-UjXg1xE31IQYjovmsV9FIfx9ml7-CAWmTuHFq35HLEBBLKEol7Pk=w128-h128-c-rp-mo-br100 2x\" alt=\"David Malek profile picture\" loading=\"lazy\" \/> <\/div> <div class=\"ti-profile-details\"> <div class=\"ti-name\"> David Malek <\/div> <div class=\"ti-date\"><\/div> <\/div> <\/div> <span class=\"ti-stars\"><img decoding=\"async\" class=\"lazyload ti-star skip-lazy\" src=\"data:image\/svg+xml,%3Csvg%20xmlns%3D%27http%3A%2F%2Fwww.w3.org%2F2000%2Fsvg%27%20width%3D%2717%27%20height%3D%2717%27%20viewBox%3D%270%200%2017%2017%27%3E%3Crect%20width%3D%2717%27%20height%3D%2717%27%20fill-opacity%3D%220%22%2F%3E%3C%2Fsvg%3E\" data-orig-src=\"https:\/\/cdn.trustindex.io\/assets\/platform\/Google\/star\/f.svg\" alt=\"Google star 1\" width=\"17\" height=\"17\" loading=\"lazy\" \/><img decoding=\"async\" class=\"lazyload ti-star skip-lazy\" src=\"data:image\/svg+xml,%3Csvg%20xmlns%3D%27http%3A%2F%2Fwww.w3.org%2F2000%2Fsvg%27%20width%3D%2717%27%20height%3D%2717%27%20viewBox%3D%270%200%2017%2017%27%3E%3Crect%20width%3D%2717%27%20height%3D%2717%27%20fill-opacity%3D%220%22%2F%3E%3C%2Fsvg%3E\" data-orig-src=\"https:\/\/cdn.trustindex.io\/assets\/platform\/Google\/star\/f.svg\" alt=\"Google star 2\" width=\"17\" height=\"17\" loading=\"lazy\" \/><img decoding=\"async\" class=\"lazyload ti-star skip-lazy\" src=\"data:image\/svg+xml,%3Csvg%20xmlns%3D%27http%3A%2F%2Fwww.w3.org%2F2000%2Fsvg%27%20width%3D%2717%27%20height%3D%2717%27%20viewBox%3D%270%200%2017%2017%27%3E%3Crect%20width%3D%2717%27%20height%3D%2717%27%20fill-opacity%3D%220%22%2F%3E%3C%2Fsvg%3E\" data-orig-src=\"https:\/\/cdn.trustindex.io\/assets\/platform\/Google\/star\/f.svg\" alt=\"Google star 3\" width=\"17\" height=\"17\" loading=\"lazy\" \/><img decoding=\"async\" class=\"lazyload ti-star skip-lazy\" src=\"data:image\/svg+xml,%3Csvg%20xmlns%3D%27http%3A%2F%2Fwww.w3.org%2F2000%2Fsvg%27%20width%3D%2717%27%20height%3D%2717%27%20viewBox%3D%270%200%2017%2017%27%3E%3Crect%20width%3D%2717%27%20height%3D%2717%27%20fill-opacity%3D%220%22%2F%3E%3C%2Fsvg%3E\" data-orig-src=\"https:\/\/cdn.trustindex.io\/assets\/platform\/Google\/star\/f.svg\" alt=\"Google star 4\" width=\"17\" height=\"17\" loading=\"lazy\" \/><img decoding=\"async\" class=\"lazyload ti-star skip-lazy\" src=\"data:image\/svg+xml,%3Csvg%20xmlns%3D%27http%3A%2F%2Fwww.w3.org%2F2000%2Fsvg%27%20width%3D%2717%27%20height%3D%2717%27%20viewBox%3D%270%200%2017%2017%27%3E%3Crect%20width%3D%2717%27%20height%3D%2717%27%20fill-opacity%3D%220%22%2F%3E%3C%2Fsvg%3E\" data-orig-src=\"https:\/\/cdn.trustindex.io\/assets\/platform\/Google\/star\/f.svg\" alt=\"Google star 5\" width=\"17\" height=\"17\" loading=\"lazy\" \/><span class=\"ti-verified-review ti-verified-platform\"><span class=\"ti-verified-tooltip\">Trustindex \u00fcberpr\u00fcft, ob die Originalquelle der Bewertung Google ist.<\/span><\/span><\/span> <div class=\"ti-review-text-container ti-review-content\"><!-- R-CONTENT -->freundlich, zuverl\u00e4ssig, schnell und super Arbeiten<!-- R-CONTENT --><\/div> <span class=\"ti-read-more\" data-container=\".ti-review-content\" data-collapse-text=\"Ausblenden\" data-open-text=\"Weiterlesen\"><\/span> <\/div> <\/div>  <\/div> <div class=\"ti-controls-line\"> <div class=\"dot\"><\/div> <\/div> <\/div>    <\/div> <\/div> <\/pre><script>\n(function () { if (window.tiLoaderFallback) { return; } window.tiLoaderFallback = true; function tiLoadLoader() { if (window.TrustindexWidget || document.querySelector('script[src*=\"https:\/\/cdn.trustindex.io\/loader.js\"]')) { return; } let script = document.createElement(\"script\"); script.async = true; script.src = \"https:\/\/cdn.trustindex.io\/loader.js\"; script.setAttribute(\"data-ccm-injected\", \"1\"); document.head.appendChild(script); } if (\"loading\" === document.readyState) { document.addEventListener(\"DOMContentLoaded\", tiLoadLoader); } else { tiLoadLoader(); } })();\n<\/script>\n<\/div><\/div><\/div><\/div><div class=\"fusion-fullwidth fullwidth-box fusion-builder-row-5 fusion-flex-container has-pattern-background has-mask-background nonhundred-percent-fullwidth non-hundred-percent-height-scrolling fusion-no-small-visibility\" style=\"--awb-border-radius-top-left:0px;--awb-border-radius-top-right:0px;--awb-border-radius-bottom-right:0px;--awb-border-radius-bottom-left:0px;--awb-padding-top:40px;--awb-padding-bottom:40px;--awb-background-color:var(--awb-color7);--awb-flex-wrap:wrap;\" ><div class=\"fusion-builder-row fusion-row fusion-flex-align-items-flex-start fusion-flex-justify-content-center fusion-flex-content-wrap\" style=\"max-width:1414.4px;margin-left: calc(-4% \/ 2 );margin-right: calc(-4% \/ 2 );\"><div class=\"fusion-layout-column fusion_builder_column fusion-builder-column-11 fusion_builder_column_2_3 2_3 fusion-flex-column\" style=\"--awb-bg-size:cover;--awb-width-large:66.666666666667%;--awb-margin-top-large:0px;--awb-spacing-right-large:2.88%;--awb-margin-bottom-large:20px;--awb-spacing-left-large:2.88%;--awb-width-medium:100%;--awb-spacing-right-medium:1.92%;--awb-spacing-left-medium:1.92%;--awb-width-small:100%;--awb-spacing-right-small:1.92%;--awb-spacing-left-small:1.92%;\"><div class=\"fusion-column-wrapper fusion-flex-justify-content-flex-start fusion-content-layout-column\"><div class=\"fusion-text fusion-text-8\" style=\"--awb-margin-top:10px;\"><h3>In meinem Blog finden Sie weitere Tipps und Tricks rund um das Thema Webdesign und Online-Marketing:<\/h3>\n<\/div><\/div><\/div><div class=\"fusion-layout-column fusion_builder_column fusion-builder-column-12 fusion_builder_column_1_3 1_3 fusion-flex-column\" style=\"--awb-padding-top:25px;--awb-bg-size:cover;--awb-width-large:33.333333333333%;--awb-margin-top-large:0px;--awb-spacing-right-large:5.76%;--awb-margin-bottom-large:20px;--awb-spacing-left-large:5.76%;--awb-width-medium:100%;--awb-order-medium:0;--awb-spacing-right-medium:1.92%;--awb-spacing-left-medium:1.92%;--awb-width-small:100%;--awb-order-small:0;--awb-spacing-right-small:1.92%;--awb-spacing-left-small:1.92%;\" data-scroll-devices=\"small-visibility,medium-visibility,large-visibility\"><div class=\"fusion-column-wrapper fusion-column-has-shadow fusion-flex-justify-content-flex-start fusion-content-layout-column\"><div style=\"text-align:right;\"><a class=\"fusion-button button-flat button-xlarge button-default fusion-button-default button-1 fusion-button-span-yes fusion-button-default-type\" target=\"_self\" title=\"Aktuell in meinem Blog\" aria-label=\"Aktuell in meinem Blog\" href=\"https:\/\/vh-crossmedia.de\/vh-crossmedia-blog\/\"><i class=\"fa-angle-right fas awb-button__icon awb-button__icon--default button-icon-left\" aria-hidden=\"true\"><\/i><span class=\"fusion-button-text awb-button__text awb-button__text--default\">Aktuelles in meinem Blog<\/span><\/a><\/div><\/div><\/div><\/div><\/div><div class=\"fusion-fullwidth fullwidth-box fusion-builder-row-6 fusion-flex-container has-pattern-background has-mask-background nonhundred-percent-fullwidth non-hundred-percent-height-scrolling\" style=\"--awb-border-radius-top-left:0px;--awb-border-radius-top-right:0px;--awb-border-radius-bottom-right:0px;--awb-border-radius-bottom-left:0px;--awb-padding-top:80px;--awb-padding-bottom:40px;--awb-background-color:#19191a;--awb-background-image:linear-gradient(180deg, rgba(255,255,255,0) 0%,#19191a 100%);--awb-flex-wrap:wrap;\" ><div class=\"fusion-builder-row fusion-row fusion-flex-align-items-flex-start fusion-flex-justify-content-center fusion-flex-content-wrap\" style=\"max-width:1441.6px;margin-left: calc(-6% \/ 2 );margin-right: calc(-6% \/ 2 );\"><div class=\"fusion-layout-column fusion_builder_column fusion-builder-column-13 fusion_builder_column_1_1 1_1 fusion-flex-column\" style=\"--awb-bg-size:cover;--awb-width-large:100%;--awb-margin-top-large:0px;--awb-spacing-right-large:2.82%;--awb-margin-bottom-large:20px;--awb-spacing-left-large:2.82%;--awb-width-medium:100%;--awb-order-medium:0;--awb-spacing-right-medium:2.82%;--awb-spacing-left-medium:2.82%;--awb-width-small:100%;--awb-order-small:0;--awb-spacing-right-small:2.82%;--awb-spacing-left-small:2.82%;\" data-scroll-devices=\"small-visibility,medium-visibility,large-visibility\"><div class=\"fusion-column-wrapper fusion-column-has-shadow fusion-flex-justify-content-flex-start fusion-content-layout-column\"><div class=\"fusion-text fusion-text-9\"><h3>In der Eifel digital durchstarten: Mit Grafik- und Webdesign zum Erfolg!<\/h3>\n<\/div><div class=\"fusion-text fusion-text-10\"><p>In der Eifel ist eine starke Online-Pr\u00e4senz f\u00fcr Unternehmen und Selbstst\u00e4ndige von entscheidender Bedeutung, doch neben Webdesign spielt auch Grafikdesign eine wesentliche Rolle. Als erfahrener Grafik- und Webdesigner verstehe ich die Herausforderungen der Region und unterst\u00fctze Sie dabei, Ihre Ziele im Internet zu erreichen. Ich entwickle nicht nur ansprechende Websites, die auf Ihre Zielgruppe zugeschnitten sind, sondern gestalte auch visuell \u00fcberzeugende Grafiken, die Ihre Marke authentisch repr\u00e4sentieren.<\/p>\n<p>Mit meinem Fachwissen im Bereich Grafikdesign entwerfe ich nicht nur starke Logos, sondern auch Corporate Designs, die Ihre Identit\u00e4t als Unternehmen unterstreichen. Durch effektives Online-Marketing sorge ich daf\u00fcr, dass Ihre Marke online sichtbar wird und Sie potenzielle Kunden erfolgreich ansprechen k\u00f6nnen.<\/p>\n<h4><strong>Profitieren Sie von meiner umfassenden Erfahrung und Expertise im Grafik- und Webdesign \u2013 ich freue mich darauf, mit Ihnen zusammenzuarbeiten und Ihre Marke erfolgreich zu positionieren!<\/strong><\/h4>\n<\/div><\/div><\/div><div class=\"fusion-layout-column fusion_builder_column fusion-builder-column-14 fusion_builder_column_1_2 1_2 fusion-flex-column\" style=\"--awb-bg-size:cover;--awb-width-large:50%;--awb-margin-top-large:0px;--awb-spacing-right-large:5.64%;--awb-margin-bottom-large:60px;--awb-spacing-left-large:5.64%;--awb-width-medium:100%;--awb-order-medium:0;--awb-spacing-right-medium:2.82%;--awb-spacing-left-medium:2.82%;--awb-width-small:100%;--awb-order-small:0;--awb-spacing-right-small:2.82%;--awb-spacing-left-small:2.82%;\" data-scroll-devices=\"small-visibility,medium-visibility,large-visibility\"><div class=\"fusion-column-wrapper fusion-column-has-shadow fusion-flex-justify-content-flex-start fusion-content-layout-column\"><div class=\"fusion-image-element\" style=\"--awb-margin-bottom:30px;--awb-caption-title-font-family:var(--h2_typography-font-family);--awb-caption-title-font-weight:var(--h2_typography-font-weight);--awb-caption-title-font-style:var(--h2_typography-font-style);--awb-caption-title-size:var(--h2_typography-font-size);--awb-caption-title-transform:var(--h2_typography-text-transform);--awb-caption-title-line-height:var(--h2_typography-line-height);--awb-caption-title-letter-spacing:var(--h2_typography-letter-spacing);\"><span class=\" fusion-imageframe imageframe-none imageframe-4 hover-type-none\"><img decoding=\"async\" width=\"1680\" height=\"830\" alt=\"Ihr Grafik- und Webdesigner f\u00fcr Adenau &amp; Bad Neuenahr-Ahrweiler\" title=\"Ihr Grafik- und Webdesigner f\u00fcr Adenau &#038; Bad Neuenahr-Ahrweiler\" src=\"https:\/\/vh-crossmedia.de\/wp-content\/uploads\/2024\/03\/Adenauer_Markt.jpg\" data-orig-src=\"https:\/\/vh-crossmedia.de\/wp-content\/uploads\/2024\/03\/Adenauer_Markt.jpg\" class=\"lazyload img-responsive wp-image-9648\" srcset=\"data:image\/svg+xml,%3Csvg%20xmlns%3D%27http%3A%2F%2Fwww.w3.org%2F2000%2Fsvg%27%20width%3D%271680%27%20height%3D%27830%27%20viewBox%3D%270%200%201680%20830%27%3E%3Crect%20width%3D%271680%27%20height%3D%27830%27%20fill-opacity%3D%220%22%2F%3E%3C%2Fsvg%3E\" data-srcset=\"https:\/\/vh-crossmedia.de\/wp-content\/uploads\/2024\/03\/Adenauer_Markt-400x198.jpg 400w, https:\/\/vh-crossmedia.de\/wp-content\/uploads\/2024\/03\/Adenauer_Markt-600x296.jpg 600w, https:\/\/vh-crossmedia.de\/wp-content\/uploads\/2024\/03\/Adenauer_Markt-800x395.jpg 800w, https:\/\/vh-crossmedia.de\/wp-content\/uploads\/2024\/03\/Adenauer_Markt-1200x593.jpg 1200w, https:\/\/vh-crossmedia.de\/wp-content\/uploads\/2024\/03\/Adenauer_Markt.jpg 1680w\" data-sizes=\"auto\" data-orig-sizes=\"(max-width: 1024px) 100vw, (max-width: 640px) 100vw, 800px\" \/><\/span><\/div><div class=\"fusion-builder-row fusion-builder-row-inner fusion-row fusion-flex-align-items-flex-start fusion-flex-justify-content-center fusion-flex-content-wrap\" style=\"--awb-flex-grow:0;--awb-flex-grow-medium:0;--awb-flex-grow-small:0;--awb-flex-shrink:0;--awb-flex-shrink-medium:0;--awb-flex-shrink-small:0;width:106% !important;max-width:106% !important;margin-left: calc(-6% \/ 2 );margin-right: calc(-6% \/ 2 );\"><div class=\"fusion-layout-column fusion_builder_column_inner fusion-builder-nested-column-0 fusion_builder_column_inner_1_1 1_1 fusion-flex-column\" style=\"--awb-bg-size:cover;--awb-width-large:100%;--awb-margin-top-large:0px;--awb-spacing-right-large:2.82%;--awb-margin-bottom-large:20px;--awb-spacing-left-large:2.82%;--awb-width-medium:100%;--awb-order-medium:0;--awb-spacing-right-medium:2.82%;--awb-spacing-left-medium:2.82%;--awb-width-small:100%;--awb-order-small:0;--awb-spacing-right-small:2.82%;--awb-spacing-left-small:2.82%;\"><div class=\"fusion-column-wrapper fusion-column-has-shadow fusion-flex-justify-content-flex-start fusion-content-layout-column\"><div ><a class=\"fusion-button button-flat fusion-button-default-size button-default fusion-button-default button-2 fusion-button-span-yes fusion-button-default-type\" target=\"_self\" title=\"Ihr Grafiker f\u00fcr Adenau &amp; Bad Neuenahr-Ahrweiler\" aria-label=\"Ihr Grafiker f\u00fcr Adenau &amp; Bad Neuenahr-Ahrweiler\" href=\"https:\/\/vh-crossmedia.de\/grafikdesign-adenau-bad-neuenahr-ahrweiler\/\"><span class=\"fusion-button-text awb-button__text awb-button__text--default\">Ihr Grafiker f\u00fcr Adenau &amp; Bad Neuenahr-Ahrweiler<\/span><\/a><\/div><\/div><\/div><div class=\"fusion-layout-column fusion_builder_column_inner fusion-builder-nested-column-1 fusion_builder_column_inner_1_1 1_1 fusion-flex-column\" style=\"--awb-bg-size:cover;--awb-width-large:100%;--awb-margin-top-large:0px;--awb-spacing-right-large:2.82%;--awb-margin-bottom-large:20px;--awb-spacing-left-large:2.82%;--awb-width-medium:100%;--awb-order-medium:0;--awb-spacing-right-medium:2.82%;--awb-spacing-left-medium:2.82%;--awb-width-small:100%;--awb-order-small:0;--awb-spacing-right-small:2.82%;--awb-spacing-left-small:2.82%;\"><div class=\"fusion-column-wrapper fusion-column-has-shadow fusion-flex-justify-content-flex-start fusion-content-layout-column\"><div ><a class=\"fusion-button button-flat fusion-button-default-size button-default fusion-button-default button-3 fusion-button-span-yes fusion-button-default-type\" target=\"_self\" title=\"Ihr Webdesigner f\u00fcr Adenau &amp; Bad Neuenahr-Ahrweiler\" aria-label=\"Ihr Webdesigner f\u00fcr Adenau &amp; Bad Neuenahr-Ahrweiler\" href=\"https:\/\/vh-crossmedia.de\/webdesign-adenau-bad-neuenahr-ahrweiler\/\"><span class=\"fusion-button-text awb-button__text awb-button__text--default\">Ihr Webdesigner f\u00fcr Adenau &amp; Bad Neuenahr-Ahrweiler<\/span><\/a><\/div><\/div><\/div><\/div><\/div><\/div><div class=\"fusion-layout-column fusion_builder_column fusion-builder-column-15 fusion_builder_column_1_2 1_2 fusion-flex-column\" style=\"--awb-bg-size:cover;--awb-width-large:50%;--awb-margin-top-large:0px;--awb-spacing-right-large:5.64%;--awb-margin-bottom-large:60px;--awb-spacing-left-large:5.64%;--awb-width-medium:100%;--awb-order-medium:0;--awb-spacing-right-medium:2.82%;--awb-spacing-left-medium:2.82%;--awb-width-small:100%;--awb-order-small:0;--awb-spacing-right-small:2.82%;--awb-spacing-left-small:2.82%;\" data-scroll-devices=\"small-visibility,medium-visibility,large-visibility\"><div class=\"fusion-column-wrapper fusion-column-has-shadow fusion-flex-justify-content-flex-start fusion-content-layout-column\"><div class=\"fusion-image-element\" style=\"--awb-margin-bottom:30px;--awb-caption-title-font-family:var(--h2_typography-font-family);--awb-caption-title-font-weight:var(--h2_typography-font-weight);--awb-caption-title-font-style:var(--h2_typography-font-style);--awb-caption-title-size:var(--h2_typography-font-size);--awb-caption-title-transform:var(--h2_typography-text-transform);--awb-caption-title-line-height:var(--h2_typography-line-height);--awb-caption-title-letter-spacing:var(--h2_typography-letter-spacing);\"><span class=\" fusion-imageframe imageframe-none imageframe-5 hover-type-none\"><img decoding=\"async\" width=\"1680\" height=\"830\" alt=\"Ihr Grafik- und Webdesigner f\u00fcr Mayen &amp; Andernach\" title=\"Ihr Grafik- und Webdesigner f\u00fcr Mayen &#038; Andernach\" src=\"https:\/\/vh-crossmedia.de\/wp-content\/uploads\/2024\/03\/71472449-1.jpg\" data-orig-src=\"https:\/\/vh-crossmedia.de\/wp-content\/uploads\/2024\/03\/71472449-1.jpg\" class=\"lazyload img-responsive wp-image-9668\" srcset=\"data:image\/svg+xml,%3Csvg%20xmlns%3D%27http%3A%2F%2Fwww.w3.org%2F2000%2Fsvg%27%20width%3D%271680%27%20height%3D%27830%27%20viewBox%3D%270%200%201680%20830%27%3E%3Crect%20width%3D%271680%27%20height%3D%27830%27%20fill-opacity%3D%220%22%2F%3E%3C%2Fsvg%3E\" data-srcset=\"https:\/\/vh-crossmedia.de\/wp-content\/uploads\/2024\/03\/71472449-1-400x198.jpg 400w, https:\/\/vh-crossmedia.de\/wp-content\/uploads\/2024\/03\/71472449-1-600x296.jpg 600w, https:\/\/vh-crossmedia.de\/wp-content\/uploads\/2024\/03\/71472449-1-800x395.jpg 800w, https:\/\/vh-crossmedia.de\/wp-content\/uploads\/2024\/03\/71472449-1-1200x593.jpg 1200w, https:\/\/vh-crossmedia.de\/wp-content\/uploads\/2024\/03\/71472449-1.jpg 1680w\" data-sizes=\"auto\" data-orig-sizes=\"(max-width: 1024px) 100vw, (max-width: 640px) 100vw, 800px\" \/><\/span><\/div><div class=\"fusion-builder-row fusion-builder-row-inner fusion-row fusion-flex-align-items-flex-start fusion-flex-justify-content-center fusion-flex-content-wrap\" style=\"--awb-flex-grow:0;--awb-flex-grow-medium:0;--awb-flex-grow-small:0;--awb-flex-shrink:0;--awb-flex-shrink-medium:0;--awb-flex-shrink-small:0;width:106% !important;max-width:106% !important;margin-left: calc(-6% \/ 2 );margin-right: calc(-6% \/ 2 );\"><div class=\"fusion-layout-column fusion_builder_column_inner fusion-builder-nested-column-2 fusion_builder_column_inner_1_1 1_1 fusion-flex-column\" style=\"--awb-bg-size:cover;--awb-width-large:100%;--awb-margin-top-large:0px;--awb-spacing-right-large:2.82%;--awb-margin-bottom-large:20px;--awb-spacing-left-large:2.82%;--awb-width-medium:100%;--awb-order-medium:0;--awb-spacing-right-medium:2.82%;--awb-spacing-left-medium:2.82%;--awb-width-small:100%;--awb-order-small:0;--awb-spacing-right-small:2.82%;--awb-spacing-left-small:2.82%;\"><div class=\"fusion-column-wrapper fusion-column-has-shadow fusion-flex-justify-content-flex-start fusion-content-layout-column\"><div ><a class=\"fusion-button button-flat fusion-button-default-size button-default fusion-button-default button-4 fusion-button-span-yes fusion-button-default-type\" target=\"_self\" title=\"Ihr Grafiker f\u00fcr Mayen &amp; Andernach\" aria-label=\"Ihr Grafiker f\u00fcr Mayen &amp; Andernach\" href=\"https:\/\/vh-crossmedia.de\/grafikdesign-mayen-andernach\/\"><span class=\"fusion-button-text awb-button__text awb-button__text--default\">Ihr Grafiker f\u00fcr Mayen &amp; Andernach<\/span><\/a><\/div><\/div><\/div><div class=\"fusion-layout-column fusion_builder_column_inner fusion-builder-nested-column-3 fusion_builder_column_inner_1_1 1_1 fusion-flex-column\" style=\"--awb-bg-size:cover;--awb-width-large:100%;--awb-margin-top-large:0px;--awb-spacing-right-large:2.82%;--awb-margin-bottom-large:20px;--awb-spacing-left-large:2.82%;--awb-width-medium:100%;--awb-order-medium:0;--awb-spacing-right-medium:2.82%;--awb-spacing-left-medium:2.82%;--awb-width-small:100%;--awb-order-small:0;--awb-spacing-right-small:2.82%;--awb-spacing-left-small:2.82%;\"><div class=\"fusion-column-wrapper fusion-column-has-shadow fusion-flex-justify-content-flex-start fusion-content-layout-column\"><div ><a class=\"fusion-button button-flat fusion-button-default-size button-default fusion-button-default button-5 fusion-button-span-yes fusion-button-default-type\" target=\"_self\" title=\"Ihr Webdesigner f\u00fcr Mayen &amp; Andernach\" aria-label=\"Ihr Webdesigner f\u00fcr Mayen &amp; Andernach\" href=\"https:\/\/vh-crossmedia.de\/webdesign-mayen-andernach\/\"><span class=\"fusion-button-text awb-button__text awb-button__text--default\">Ihr Webdesigner f\u00fcr Mayen &amp; Andernach<\/span><\/a><\/div><\/div><\/div><\/div><\/div><\/div><div class=\"fusion-layout-column fusion_builder_column fusion-builder-column-16 fusion_builder_column_1_2 1_2 fusion-flex-column\" style=\"--awb-bg-size:cover;--awb-width-large:50%;--awb-margin-top-large:0px;--awb-spacing-right-large:5.64%;--awb-margin-bottom-large:60px;--awb-spacing-left-large:5.64%;--awb-width-medium:100%;--awb-order-medium:0;--awb-spacing-right-medium:2.82%;--awb-spacing-left-medium:2.82%;--awb-width-small:100%;--awb-order-small:0;--awb-spacing-right-small:2.82%;--awb-spacing-left-small:2.82%;\" data-scroll-devices=\"small-visibility,medium-visibility,large-visibility\"><div class=\"fusion-column-wrapper fusion-column-has-shadow fusion-flex-justify-content-flex-start fusion-content-layout-column\"><div class=\"fusion-image-element\" style=\"--awb-margin-bottom:30px;--awb-caption-title-font-family:var(--h2_typography-font-family);--awb-caption-title-font-weight:var(--h2_typography-font-weight);--awb-caption-title-font-style:var(--h2_typography-font-style);--awb-caption-title-size:var(--h2_typography-font-size);--awb-caption-title-transform:var(--h2_typography-text-transform);--awb-caption-title-line-height:var(--h2_typography-line-height);--awb-caption-title-letter-spacing:var(--h2_typography-letter-spacing);\"><span class=\" fusion-imageframe imageframe-none imageframe-6 hover-type-none\"><img decoding=\"async\" width=\"1680\" height=\"830\" alt=\"Ihr Grafik- und Webdesigner f\u00fcr Mechernich &amp; Kommern\" title=\"Ihr Grafik- und Webdesigner f\u00fcr Mechernich &#038; Kommern\" src=\"https:\/\/vh-crossmedia.de\/wp-content\/uploads\/2024\/03\/214937394.jpg\" data-orig-src=\"https:\/\/vh-crossmedia.de\/wp-content\/uploads\/2024\/03\/214937394.jpg\" class=\"lazyload img-responsive wp-image-9673\" srcset=\"data:image\/svg+xml,%3Csvg%20xmlns%3D%27http%3A%2F%2Fwww.w3.org%2F2000%2Fsvg%27%20width%3D%271680%27%20height%3D%27830%27%20viewBox%3D%270%200%201680%20830%27%3E%3Crect%20width%3D%271680%27%20height%3D%27830%27%20fill-opacity%3D%220%22%2F%3E%3C%2Fsvg%3E\" data-srcset=\"https:\/\/vh-crossmedia.de\/wp-content\/uploads\/2024\/03\/214937394-400x198.jpg 400w, https:\/\/vh-crossmedia.de\/wp-content\/uploads\/2024\/03\/214937394-600x296.jpg 600w, https:\/\/vh-crossmedia.de\/wp-content\/uploads\/2024\/03\/214937394-800x395.jpg 800w, https:\/\/vh-crossmedia.de\/wp-content\/uploads\/2024\/03\/214937394-1200x593.jpg 1200w, https:\/\/vh-crossmedia.de\/wp-content\/uploads\/2024\/03\/214937394.jpg 1680w\" data-sizes=\"auto\" data-orig-sizes=\"(max-width: 1024px) 100vw, (max-width: 640px) 100vw, 800px\" \/><\/span><\/div><div class=\"fusion-builder-row fusion-builder-row-inner fusion-row fusion-flex-align-items-flex-start fusion-flex-justify-content-center fusion-flex-content-wrap\" style=\"--awb-flex-grow:0;--awb-flex-grow-medium:0;--awb-flex-grow-small:0;--awb-flex-shrink:0;--awb-flex-shrink-medium:0;--awb-flex-shrink-small:0;width:106% !important;max-width:106% !important;margin-left: calc(-6% \/ 2 );margin-right: calc(-6% \/ 2 );\"><div class=\"fusion-layout-column fusion_builder_column_inner fusion-builder-nested-column-4 fusion_builder_column_inner_1_1 1_1 fusion-flex-column\" style=\"--awb-bg-size:cover;--awb-width-large:100%;--awb-margin-top-large:0px;--awb-spacing-right-large:2.82%;--awb-margin-bottom-large:20px;--awb-spacing-left-large:2.82%;--awb-width-medium:100%;--awb-order-medium:0;--awb-spacing-right-medium:2.82%;--awb-spacing-left-medium:2.82%;--awb-width-small:100%;--awb-order-small:0;--awb-spacing-right-small:2.82%;--awb-spacing-left-small:2.82%;\"><div class=\"fusion-column-wrapper fusion-column-has-shadow fusion-flex-justify-content-flex-start fusion-content-layout-column\"><div ><a class=\"fusion-button button-flat fusion-button-default-size button-default fusion-button-default button-6 fusion-button-span-yes fusion-button-default-type\" target=\"_self\" title=\"Ihr Grafiker f\u00fcr Mechernich &amp; Kommern\" aria-label=\"Ihr Grafiker f\u00fcr Mechernich &amp; Kommern\" href=\"https:\/\/vh-crossmedia.de\/grafikdesign-mechernich-kommern\/\"><span class=\"fusion-button-text awb-button__text awb-button__text--default\">Ihr Grafiker f\u00fcr Mechernich &amp; Kommern<\/span><\/a><\/div><\/div><\/div><div class=\"fusion-layout-column fusion_builder_column_inner fusion-builder-nested-column-5 fusion_builder_column_inner_1_1 1_1 fusion-flex-column\" style=\"--awb-bg-size:cover;--awb-width-large:100%;--awb-margin-top-large:0px;--awb-spacing-right-large:2.82%;--awb-margin-bottom-large:20px;--awb-spacing-left-large:2.82%;--awb-width-medium:100%;--awb-order-medium:0;--awb-spacing-right-medium:2.82%;--awb-spacing-left-medium:2.82%;--awb-width-small:100%;--awb-order-small:0;--awb-spacing-right-small:2.82%;--awb-spacing-left-small:2.82%;\"><div class=\"fusion-column-wrapper fusion-column-has-shadow fusion-flex-justify-content-flex-start fusion-content-layout-column\"><div ><a class=\"fusion-button button-flat fusion-button-default-size button-default fusion-button-default button-7 fusion-button-span-yes fusion-button-default-type\" target=\"_self\" title=\"Ihr Webdesigner f\u00fcr Mechernich &amp; Kommern\" aria-label=\"Ihr Webdesigner f\u00fcr Mechernich &amp; Kommern\" href=\"https:\/\/vh-crossmedia.de\/webdesign-mechernich-kommern\/\"><span class=\"fusion-button-text awb-button__text awb-button__text--default\">Ihr Webdesigner f\u00fcr Mechernich &amp; Kommern<\/span><\/a><\/div><\/div><\/div><\/div><\/div><\/div><div class=\"fusion-layout-column fusion_builder_column fusion-builder-column-17 fusion_builder_column_1_2 1_2 fusion-flex-column\" style=\"--awb-bg-size:cover;--awb-width-large:50%;--awb-margin-top-large:0px;--awb-spacing-right-large:5.64%;--awb-margin-bottom-large:60px;--awb-spacing-left-large:5.64%;--awb-width-medium:100%;--awb-order-medium:0;--awb-spacing-right-medium:2.82%;--awb-spacing-left-medium:2.82%;--awb-width-small:100%;--awb-order-small:0;--awb-spacing-right-small:2.82%;--awb-spacing-left-small:2.82%;\" data-scroll-devices=\"small-visibility,medium-visibility,large-visibility\"><div class=\"fusion-column-wrapper fusion-column-has-shadow fusion-flex-justify-content-flex-start fusion-content-layout-column\"><div class=\"fusion-image-element\" style=\"--awb-margin-bottom:30px;--awb-caption-title-font-family:var(--h2_typography-font-family);--awb-caption-title-font-weight:var(--h2_typography-font-weight);--awb-caption-title-font-style:var(--h2_typography-font-style);--awb-caption-title-size:var(--h2_typography-font-size);--awb-caption-title-transform:var(--h2_typography-text-transform);--awb-caption-title-line-height:var(--h2_typography-line-height);--awb-caption-title-letter-spacing:var(--h2_typography-letter-spacing);\"><span class=\" fusion-imageframe imageframe-none imageframe-7 hover-type-none\"><img decoding=\"async\" width=\"1680\" height=\"830\" alt=\"Ihr Grafik- und Webdesigner f\u00fcr Trier &amp; Bitburg\" title=\"Ihr Grafik- und Webdesigner f\u00fcr Trier &#038; Bitburg\" src=\"https:\/\/vh-crossmedia.de\/wp-content\/uploads\/2024\/03\/2158380789.jpg\" data-orig-src=\"https:\/\/vh-crossmedia.de\/wp-content\/uploads\/2024\/03\/2158380789.jpg\" class=\"lazyload img-responsive wp-image-9666\" srcset=\"data:image\/svg+xml,%3Csvg%20xmlns%3D%27http%3A%2F%2Fwww.w3.org%2F2000%2Fsvg%27%20width%3D%271680%27%20height%3D%27830%27%20viewBox%3D%270%200%201680%20830%27%3E%3Crect%20width%3D%271680%27%20height%3D%27830%27%20fill-opacity%3D%220%22%2F%3E%3C%2Fsvg%3E\" data-srcset=\"https:\/\/vh-crossmedia.de\/wp-content\/uploads\/2024\/03\/2158380789-400x198.jpg 400w, https:\/\/vh-crossmedia.de\/wp-content\/uploads\/2024\/03\/2158380789-600x296.jpg 600w, https:\/\/vh-crossmedia.de\/wp-content\/uploads\/2024\/03\/2158380789-800x395.jpg 800w, https:\/\/vh-crossmedia.de\/wp-content\/uploads\/2024\/03\/2158380789-1200x593.jpg 1200w, https:\/\/vh-crossmedia.de\/wp-content\/uploads\/2024\/03\/2158380789.jpg 1680w\" data-sizes=\"auto\" data-orig-sizes=\"(max-width: 1024px) 100vw, (max-width: 640px) 100vw, 800px\" \/><\/span><\/div><div class=\"fusion-builder-row fusion-builder-row-inner fusion-row fusion-flex-align-items-flex-start fusion-flex-justify-content-center fusion-flex-content-wrap\" style=\"--awb-flex-grow:0;--awb-flex-grow-medium:0;--awb-flex-grow-small:0;--awb-flex-shrink:0;--awb-flex-shrink-medium:0;--awb-flex-shrink-small:0;width:106% !important;max-width:106% !important;margin-left: calc(-6% \/ 2 );margin-right: calc(-6% \/ 2 );\"><div class=\"fusion-layout-column fusion_builder_column_inner fusion-builder-nested-column-6 fusion_builder_column_inner_1_1 1_1 fusion-flex-column\" style=\"--awb-bg-size:cover;--awb-width-large:100%;--awb-margin-top-large:0px;--awb-spacing-right-large:2.82%;--awb-margin-bottom-large:20px;--awb-spacing-left-large:2.82%;--awb-width-medium:100%;--awb-order-medium:0;--awb-spacing-right-medium:2.82%;--awb-spacing-left-medium:2.82%;--awb-width-small:100%;--awb-order-small:0;--awb-spacing-right-small:2.82%;--awb-spacing-left-small:2.82%;\"><div class=\"fusion-column-wrapper fusion-column-has-shadow fusion-flex-justify-content-flex-start fusion-content-layout-column\"><div ><a class=\"fusion-button button-flat fusion-button-default-size button-default fusion-button-default button-8 fusion-button-span-yes fusion-button-default-type\" target=\"_self\" title=\"Ihr Grafiker f\u00fcr Trier &amp; Bitburg\" aria-label=\"Ihr Grafiker f\u00fcr Trier &amp; Bitburg\" href=\"https:\/\/vh-crossmedia.de\/grafikdesign-trier-bitburg\/\"><span class=\"fusion-button-text awb-button__text awb-button__text--default\">Ihr Grafiker f\u00fcr Trier &amp; Bitburg<\/span><\/a><\/div><\/div><\/div><div class=\"fusion-layout-column fusion_builder_column_inner fusion-builder-nested-column-7 fusion_builder_column_inner_1_1 1_1 fusion-flex-column\" style=\"--awb-bg-size:cover;--awb-width-large:100%;--awb-margin-top-large:0px;--awb-spacing-right-large:2.82%;--awb-margin-bottom-large:20px;--awb-spacing-left-large:2.82%;--awb-width-medium:100%;--awb-order-medium:0;--awb-spacing-right-medium:2.82%;--awb-spacing-left-medium:2.82%;--awb-width-small:100%;--awb-order-small:0;--awb-spacing-right-small:2.82%;--awb-spacing-left-small:2.82%;\"><div class=\"fusion-column-wrapper fusion-column-has-shadow fusion-flex-justify-content-flex-start fusion-content-layout-column\"><div ><a class=\"fusion-button button-flat fusion-button-default-size button-default fusion-button-default button-9 fusion-button-span-yes fusion-button-default-type\" target=\"_self\" title=\"Ihr Webdesigner f\u00fcr Trier &amp; Bitburg\" aria-label=\"Ihr Webdesigner f\u00fcr Trier &amp; Bitburg\" href=\"https:\/\/vh-crossmedia.de\/webdesign-trier-bitburg\/\"><span class=\"fusion-button-text awb-button__text awb-button__text--default\">Ihr Webdesigner f\u00fcr Trier &amp; Bitburg<\/span><\/a><\/div><\/div><\/div><\/div><\/div><\/div><div class=\"fusion-layout-column fusion_builder_column fusion-builder-column-18 fusion_builder_column_1_1 1_1 fusion-flex-column\" style=\"--awb-bg-size:cover;--awb-width-large:100%;--awb-margin-top-large:0px;--awb-spacing-right-large:2.82%;--awb-margin-bottom-large:20px;--awb-spacing-left-large:2.82%;--awb-width-medium:100%;--awb-order-medium:0;--awb-spacing-right-medium:2.82%;--awb-spacing-left-medium:2.82%;--awb-width-small:100%;--awb-order-small:0;--awb-spacing-right-small:2.82%;--awb-spacing-left-small:2.82%;\" data-scroll-devices=\"small-visibility,medium-visibility,large-visibility\"><div class=\"fusion-column-wrapper fusion-column-has-shadow fusion-flex-justify-content-flex-start fusion-content-layout-column\"><div class=\"fusion-text fusion-text-11\"><p>Neben meiner Expertise in der Eifel stehe ich als Grafik- und Webdesigner auch in den umliegenden Regionen wie Aachen und D\u00fcren, Koblenz und Neuwied, Z\u00fclpich und Euskirchen oder Siegburg und Bonn. Mit einem breiten geografischen Fokus und einem tiefen Verst\u00e4ndnis f\u00fcr die jeweiligen lokalen M\u00e4rkte bin ich in der Lage, ma\u00dfgeschneiderte Designl\u00f6sungen anzubieten, die den spezifischen Anforderungen und Zielen meiner Kunden gerecht werden. Ob es darum geht, die visuelle Identit\u00e4t eines Unternehmens zu st\u00e4rken, eine ansprechende Website zu entwickeln oder effektive Marketingmaterialien zu gestalten \u2013 ich bin Ihr verl\u00e4sslicher Partner f\u00fcr kreative und effektive Designl\u00f6sungen in der gesamten Region.<\/p>\n<\/div><\/div><\/div><div class=\"fusion-layout-column fusion_builder_column fusion-builder-column-19 fusion_builder_column_1_2 1_2 fusion-flex-column\" style=\"--awb-bg-size:cover;--awb-width-large:50%;--awb-margin-top-large:0px;--awb-spacing-right-large:5.64%;--awb-margin-bottom-large:60px;--awb-spacing-left-large:5.64%;--awb-width-medium:100%;--awb-order-medium:0;--awb-spacing-right-medium:2.82%;--awb-spacing-left-medium:2.82%;--awb-width-small:100%;--awb-order-small:0;--awb-spacing-right-small:2.82%;--awb-spacing-left-small:2.82%;\" data-scroll-devices=\"small-visibility,medium-visibility,large-visibility\"><div class=\"fusion-column-wrapper fusion-column-has-shadow fusion-flex-justify-content-flex-start fusion-content-layout-column\"><div class=\"fusion-image-element\" style=\"--awb-margin-bottom:30px;--awb-caption-title-font-family:var(--h2_typography-font-family);--awb-caption-title-font-weight:var(--h2_typography-font-weight);--awb-caption-title-font-style:var(--h2_typography-font-style);--awb-caption-title-size:var(--h2_typography-font-size);--awb-caption-title-transform:var(--h2_typography-text-transform);--awb-caption-title-line-height:var(--h2_typography-line-height);--awb-caption-title-letter-spacing:var(--h2_typography-letter-spacing);\"><span class=\" fusion-imageframe imageframe-none imageframe-8 hover-type-none\"><img decoding=\"async\" width=\"1680\" height=\"830\" alt=\"Ihr Grafik- und Webdesigner f\u00fcr Aachen &amp; D\u00fcren\" title=\"Ihr Grafik- und Webdesigner f\u00fcr Aachen &#038; D\u00fcren\" src=\"https:\/\/vh-crossmedia.de\/wp-content\/uploads\/2024\/03\/71590000.jpg\" data-orig-src=\"https:\/\/vh-crossmedia.de\/wp-content\/uploads\/2024\/03\/71590000.jpg\" class=\"lazyload img-responsive wp-image-9644\" srcset=\"data:image\/svg+xml,%3Csvg%20xmlns%3D%27http%3A%2F%2Fwww.w3.org%2F2000%2Fsvg%27%20width%3D%271680%27%20height%3D%27830%27%20viewBox%3D%270%200%201680%20830%27%3E%3Crect%20width%3D%271680%27%20height%3D%27830%27%20fill-opacity%3D%220%22%2F%3E%3C%2Fsvg%3E\" data-srcset=\"https:\/\/vh-crossmedia.de\/wp-content\/uploads\/2024\/03\/71590000-400x198.jpg 400w, https:\/\/vh-crossmedia.de\/wp-content\/uploads\/2024\/03\/71590000-600x296.jpg 600w, https:\/\/vh-crossmedia.de\/wp-content\/uploads\/2024\/03\/71590000-800x395.jpg 800w, https:\/\/vh-crossmedia.de\/wp-content\/uploads\/2024\/03\/71590000-1200x593.jpg 1200w, https:\/\/vh-crossmedia.de\/wp-content\/uploads\/2024\/03\/71590000.jpg 1680w\" data-sizes=\"auto\" data-orig-sizes=\"(max-width: 1024px) 100vw, (max-width: 640px) 100vw, 800px\" \/><\/span><\/div><div class=\"fusion-builder-row fusion-builder-row-inner fusion-row fusion-flex-align-items-flex-start fusion-flex-justify-content-center fusion-flex-content-wrap\" style=\"--awb-flex-grow:0;--awb-flex-grow-medium:0;--awb-flex-grow-small:0;--awb-flex-shrink:0;--awb-flex-shrink-medium:0;--awb-flex-shrink-small:0;width:106% !important;max-width:106% !important;margin-left: calc(-6% \/ 2 );margin-right: calc(-6% \/ 2 );\"><div class=\"fusion-layout-column fusion_builder_column_inner fusion-builder-nested-column-8 fusion_builder_column_inner_1_1 1_1 fusion-flex-column\" style=\"--awb-bg-size:cover;--awb-width-large:100%;--awb-margin-top-large:0px;--awb-spacing-right-large:2.82%;--awb-margin-bottom-large:20px;--awb-spacing-left-large:2.82%;--awb-width-medium:100%;--awb-order-medium:0;--awb-spacing-right-medium:2.82%;--awb-spacing-left-medium:2.82%;--awb-width-small:100%;--awb-order-small:0;--awb-spacing-right-small:2.82%;--awb-spacing-left-small:2.82%;\"><div class=\"fusion-column-wrapper fusion-column-has-shadow fusion-flex-justify-content-flex-start fusion-content-layout-column\"><div ><a class=\"fusion-button button-flat fusion-button-default-size button-default fusion-button-default button-10 fusion-button-span-yes fusion-button-default-type\" target=\"_self\" title=\"Ihr Grafiker f\u00fcr Aachen &amp; D\u00fcren\" aria-label=\"Ihr Grafiker f\u00fcr Aachen &amp; D\u00fcren\" href=\"https:\/\/vh-crossmedia.de\/grafikdesign-aachen-dueren\/\"><span class=\"fusion-button-text awb-button__text awb-button__text--default\">Ihr Grafiker f\u00fcr Aachen &amp; D\u00fcren<\/span><\/a><\/div><\/div><\/div><div class=\"fusion-layout-column fusion_builder_column_inner fusion-builder-nested-column-9 fusion_builder_column_inner_1_1 1_1 fusion-flex-column\" style=\"--awb-bg-size:cover;--awb-width-large:100%;--awb-margin-top-large:0px;--awb-spacing-right-large:2.82%;--awb-margin-bottom-large:20px;--awb-spacing-left-large:2.82%;--awb-width-medium:100%;--awb-order-medium:0;--awb-spacing-right-medium:2.82%;--awb-spacing-left-medium:2.82%;--awb-width-small:100%;--awb-order-small:0;--awb-spacing-right-small:2.82%;--awb-spacing-left-small:2.82%;\"><div class=\"fusion-column-wrapper fusion-column-has-shadow fusion-flex-justify-content-flex-start fusion-content-layout-column\"><div ><a class=\"fusion-button button-flat fusion-button-default-size button-default fusion-button-default button-11 fusion-button-span-yes fusion-button-default-type\" target=\"_self\" title=\"Ihr Webdesigner f\u00fcr Aachen &amp; D\u00fcren\" aria-label=\"Ihr Webdesigner f\u00fcr Aachen &amp; D\u00fcren\" href=\"https:\/\/vh-crossmedia.de\/webdesign-aachen-dueren\/\"><span class=\"fusion-button-text awb-button__text awb-button__text--default\">Ihr Webdesigner f\u00fcr Aachen &amp; D\u00fcren<\/span><\/a><\/div><\/div><\/div><\/div><\/div><\/div><div class=\"fusion-layout-column fusion_builder_column fusion-builder-column-20 fusion_builder_column_1_2 1_2 fusion-flex-column\" style=\"--awb-bg-size:cover;--awb-width-large:50%;--awb-margin-top-large:0px;--awb-spacing-right-large:5.64%;--awb-margin-bottom-large:60px;--awb-spacing-left-large:5.64%;--awb-width-medium:100%;--awb-order-medium:0;--awb-spacing-right-medium:2.82%;--awb-spacing-left-medium:2.82%;--awb-width-small:100%;--awb-order-small:0;--awb-spacing-right-small:2.82%;--awb-spacing-left-small:2.82%;\" data-scroll-devices=\"small-visibility,medium-visibility,large-visibility\"><div class=\"fusion-column-wrapper fusion-column-has-shadow fusion-flex-justify-content-flex-start fusion-content-layout-column\"><div class=\"fusion-image-element\" style=\"--awb-margin-bottom:30px;--awb-caption-title-font-family:var(--h2_typography-font-family);--awb-caption-title-font-weight:var(--h2_typography-font-weight);--awb-caption-title-font-style:var(--h2_typography-font-style);--awb-caption-title-size:var(--h2_typography-font-size);--awb-caption-title-transform:var(--h2_typography-text-transform);--awb-caption-title-line-height:var(--h2_typography-line-height);--awb-caption-title-letter-spacing:var(--h2_typography-letter-spacing);\"><span class=\" fusion-imageframe imageframe-none imageframe-9 hover-type-none\"><img decoding=\"async\" width=\"1680\" height=\"830\" alt=\"Ihr Grafik- und Webdesigner f\u00fcr Koblenz &amp; Neuwied\" title=\"Ihr Grafik- und Webdesigner f\u00fcr Koblenz &#038; Neuwied\" src=\"https:\/\/vh-crossmedia.de\/wp-content\/uploads\/2024\/03\/78723955-1.jpg\" data-orig-src=\"https:\/\/vh-crossmedia.de\/wp-content\/uploads\/2024\/03\/78723955-1.jpg\" class=\"lazyload img-responsive wp-image-9669\" srcset=\"data:image\/svg+xml,%3Csvg%20xmlns%3D%27http%3A%2F%2Fwww.w3.org%2F2000%2Fsvg%27%20width%3D%271680%27%20height%3D%27830%27%20viewBox%3D%270%200%201680%20830%27%3E%3Crect%20width%3D%271680%27%20height%3D%27830%27%20fill-opacity%3D%220%22%2F%3E%3C%2Fsvg%3E\" data-srcset=\"https:\/\/vh-crossmedia.de\/wp-content\/uploads\/2024\/03\/78723955-1-400x198.jpg 400w, https:\/\/vh-crossmedia.de\/wp-content\/uploads\/2024\/03\/78723955-1-600x296.jpg 600w, https:\/\/vh-crossmedia.de\/wp-content\/uploads\/2024\/03\/78723955-1-800x395.jpg 800w, https:\/\/vh-crossmedia.de\/wp-content\/uploads\/2024\/03\/78723955-1-1200x593.jpg 1200w, https:\/\/vh-crossmedia.de\/wp-content\/uploads\/2024\/03\/78723955-1.jpg 1680w\" data-sizes=\"auto\" data-orig-sizes=\"(max-width: 1024px) 100vw, (max-width: 640px) 100vw, 800px\" \/><\/span><\/div><div class=\"fusion-builder-row fusion-builder-row-inner fusion-row fusion-flex-align-items-flex-start fusion-flex-justify-content-center fusion-flex-content-wrap\" style=\"--awb-flex-grow:0;--awb-flex-grow-medium:0;--awb-flex-grow-small:0;--awb-flex-shrink:0;--awb-flex-shrink-medium:0;--awb-flex-shrink-small:0;width:106% !important;max-width:106% !important;margin-left: calc(-6% \/ 2 );margin-right: calc(-6% \/ 2 );\"><div class=\"fusion-layout-column fusion_builder_column_inner fusion-builder-nested-column-10 fusion_builder_column_inner_1_1 1_1 fusion-flex-column\" style=\"--awb-bg-size:cover;--awb-width-large:100%;--awb-margin-top-large:0px;--awb-spacing-right-large:2.82%;--awb-margin-bottom-large:20px;--awb-spacing-left-large:2.82%;--awb-width-medium:100%;--awb-order-medium:0;--awb-spacing-right-medium:2.82%;--awb-spacing-left-medium:2.82%;--awb-width-small:100%;--awb-order-small:0;--awb-spacing-right-small:2.82%;--awb-spacing-left-small:2.82%;\"><div class=\"fusion-column-wrapper fusion-column-has-shadow fusion-flex-justify-content-flex-start fusion-content-layout-column\"><div ><a class=\"fusion-button button-flat fusion-button-default-size button-default fusion-button-default button-12 fusion-button-span-yes fusion-button-default-type\" target=\"_self\" title=\"Ihr Grafiker f\u00fcr Koblenz &amp; Neuwied\" aria-label=\"Ihr Grafiker f\u00fcr Koblenz &amp; Neuwied\" href=\"https:\/\/vh-crossmedia.de\/grafikdesign-koblenz-neuwied\/\"><span class=\"fusion-button-text awb-button__text awb-button__text--default\">Ihr Grafiker f\u00fcr Koblenz &amp; Neuwied<\/span><\/a><\/div><\/div><\/div><div class=\"fusion-layout-column fusion_builder_column_inner fusion-builder-nested-column-11 fusion_builder_column_inner_1_1 1_1 fusion-flex-column\" style=\"--awb-bg-size:cover;--awb-width-large:100%;--awb-margin-top-large:0px;--awb-spacing-right-large:2.82%;--awb-margin-bottom-large:20px;--awb-spacing-left-large:2.82%;--awb-width-medium:100%;--awb-order-medium:0;--awb-spacing-right-medium:2.82%;--awb-spacing-left-medium:2.82%;--awb-width-small:100%;--awb-order-small:0;--awb-spacing-right-small:2.82%;--awb-spacing-left-small:2.82%;\"><div class=\"fusion-column-wrapper fusion-column-has-shadow fusion-flex-justify-content-flex-start fusion-content-layout-column\"><div ><a class=\"fusion-button button-flat fusion-button-default-size button-default fusion-button-default button-13 fusion-button-span-yes fusion-button-default-type\" target=\"_self\" title=\"Ihr Webdesigner f\u00fcr Koblenz &amp; Neuwied\" aria-label=\"Ihr Webdesigner f\u00fcr Koblenz &amp; Neuwied\" href=\"https:\/\/vh-crossmedia.de\/webdesign-koblenz-neuwied\/\"><span class=\"fusion-button-text awb-button__text awb-button__text--default\">Ihr Webdesigner f\u00fcr Koblenz &amp; Neuwied<\/span><\/a><\/div><\/div><\/div><\/div><\/div><\/div><div class=\"fusion-layout-column fusion_builder_column fusion-builder-column-21 fusion_builder_column_1_2 1_2 fusion-flex-column\" style=\"--awb-bg-size:cover;--awb-width-large:50%;--awb-margin-top-large:0px;--awb-spacing-right-large:5.64%;--awb-margin-bottom-large:60px;--awb-spacing-left-large:5.64%;--awb-width-medium:100%;--awb-order-medium:0;--awb-spacing-right-medium:2.82%;--awb-spacing-left-medium:2.82%;--awb-width-small:100%;--awb-order-small:0;--awb-spacing-right-small:2.82%;--awb-spacing-left-small:2.82%;\" data-scroll-devices=\"small-visibility,medium-visibility,large-visibility\"><div class=\"fusion-column-wrapper fusion-column-has-shadow fusion-flex-justify-content-flex-start fusion-content-layout-column\"><div class=\"fusion-image-element\" style=\"--awb-margin-bottom:30px;--awb-caption-title-font-family:var(--h2_typography-font-family);--awb-caption-title-font-weight:var(--h2_typography-font-weight);--awb-caption-title-font-style:var(--h2_typography-font-style);--awb-caption-title-size:var(--h2_typography-font-size);--awb-caption-title-transform:var(--h2_typography-text-transform);--awb-caption-title-line-height:var(--h2_typography-line-height);--awb-caption-title-letter-spacing:var(--h2_typography-letter-spacing);\"><span class=\" fusion-imageframe imageframe-none imageframe-10 hover-type-none\"><img decoding=\"async\" width=\"1680\" height=\"830\" alt=\"Ihr Grafik- und Webdesigner f\u00fcr Z\u00fclpich &amp; Euskirchen\" title=\"Ihr Grafik- und Webdesigner f\u00fcr Z\u00fclpich &#038; Euskirchen\" src=\"https:\/\/vh-crossmedia.de\/wp-content\/uploads\/2024\/03\/286335977-1.jpg\" data-orig-src=\"https:\/\/vh-crossmedia.de\/wp-content\/uploads\/2024\/03\/286335977-1.jpg\" class=\"lazyload img-responsive wp-image-9654\" srcset=\"data:image\/svg+xml,%3Csvg%20xmlns%3D%27http%3A%2F%2Fwww.w3.org%2F2000%2Fsvg%27%20width%3D%271680%27%20height%3D%27830%27%20viewBox%3D%270%200%201680%20830%27%3E%3Crect%20width%3D%271680%27%20height%3D%27830%27%20fill-opacity%3D%220%22%2F%3E%3C%2Fsvg%3E\" data-srcset=\"https:\/\/vh-crossmedia.de\/wp-content\/uploads\/2024\/03\/286335977-1-400x198.jpg 400w, https:\/\/vh-crossmedia.de\/wp-content\/uploads\/2024\/03\/286335977-1-600x296.jpg 600w, https:\/\/vh-crossmedia.de\/wp-content\/uploads\/2024\/03\/286335977-1-800x395.jpg 800w, https:\/\/vh-crossmedia.de\/wp-content\/uploads\/2024\/03\/286335977-1-1200x593.jpg 1200w, https:\/\/vh-crossmedia.de\/wp-content\/uploads\/2024\/03\/286335977-1.jpg 1680w\" data-sizes=\"auto\" data-orig-sizes=\"(max-width: 1024px) 100vw, (max-width: 640px) 100vw, 800px\" \/><\/span><\/div><div class=\"fusion-builder-row fusion-builder-row-inner fusion-row fusion-flex-align-items-flex-start fusion-flex-justify-content-center fusion-flex-content-wrap\" style=\"--awb-flex-grow:0;--awb-flex-grow-medium:0;--awb-flex-grow-small:0;--awb-flex-shrink:0;--awb-flex-shrink-medium:0;--awb-flex-shrink-small:0;width:106% !important;max-width:106% !important;margin-left: calc(-6% \/ 2 );margin-right: calc(-6% \/ 2 );\"><div class=\"fusion-layout-column fusion_builder_column_inner fusion-builder-nested-column-12 fusion_builder_column_inner_1_1 1_1 fusion-flex-column\" style=\"--awb-bg-size:cover;--awb-width-large:100%;--awb-margin-top-large:0px;--awb-spacing-right-large:2.82%;--awb-margin-bottom-large:20px;--awb-spacing-left-large:2.82%;--awb-width-medium:100%;--awb-order-medium:0;--awb-spacing-right-medium:2.82%;--awb-spacing-left-medium:2.82%;--awb-width-small:100%;--awb-order-small:0;--awb-spacing-right-small:2.82%;--awb-spacing-left-small:2.82%;\"><div class=\"fusion-column-wrapper fusion-column-has-shadow fusion-flex-justify-content-flex-start fusion-content-layout-column\"><div ><a class=\"fusion-button button-flat fusion-button-default-size button-default fusion-button-default button-14 fusion-button-span-yes fusion-button-default-type\" target=\"_self\" title=\"Ihr Grafiker f\u00fcr Z\u00fclpich &amp; Euskirchen\" aria-label=\"Ihr Grafiker f\u00fcr Z\u00fclpich &amp; Euskirchen\" href=\"https:\/\/vh-crossmedia.de\/grafikdesign-zuelpich-euskirchen\/\"><span class=\"fusion-button-text awb-button__text awb-button__text--default\">Ihr Grafiker f\u00fcr Z\u00fclpich &amp; Euskirchen<\/span><\/a><\/div><\/div><\/div><div class=\"fusion-layout-column fusion_builder_column_inner fusion-builder-nested-column-13 fusion_builder_column_inner_1_1 1_1 fusion-flex-column\" style=\"--awb-bg-size:cover;--awb-width-large:100%;--awb-margin-top-large:0px;--awb-spacing-right-large:2.82%;--awb-margin-bottom-large:20px;--awb-spacing-left-large:2.82%;--awb-width-medium:100%;--awb-order-medium:0;--awb-spacing-right-medium:2.82%;--awb-spacing-left-medium:2.82%;--awb-width-small:100%;--awb-order-small:0;--awb-spacing-right-small:2.82%;--awb-spacing-left-small:2.82%;\"><div class=\"fusion-column-wrapper fusion-column-has-shadow fusion-flex-justify-content-flex-start fusion-content-layout-column\"><div ><a class=\"fusion-button button-flat fusion-button-default-size button-default fusion-button-default button-15 fusion-button-span-yes fusion-button-default-type\" target=\"_self\" title=\"Ihr Webdesigner f\u00fcr Z\u00fclpich &amp; Euskirchen\" aria-label=\"Ihr Webdesigner f\u00fcr Z\u00fclpich &amp; Euskirchen\" href=\"https:\/\/vh-crossmedia.de\/webdesign-zuelpich-euskirchen\/\"><span class=\"fusion-button-text awb-button__text awb-button__text--default\">Ihr Webdesigner f\u00fcr Z\u00fclpich &amp; Euskirchen<\/span><\/a><\/div><\/div><\/div><\/div><\/div><\/div><div class=\"fusion-layout-column fusion_builder_column fusion-builder-column-22 fusion_builder_column_1_2 1_2 fusion-flex-column\" style=\"--awb-bg-size:cover;--awb-width-large:50%;--awb-margin-top-large:0px;--awb-spacing-right-large:5.64%;--awb-margin-bottom-large:60px;--awb-spacing-left-large:5.64%;--awb-width-medium:100%;--awb-order-medium:0;--awb-spacing-right-medium:2.82%;--awb-spacing-left-medium:2.82%;--awb-width-small:100%;--awb-order-small:0;--awb-spacing-right-small:2.82%;--awb-spacing-left-small:2.82%;\" data-scroll-devices=\"small-visibility,medium-visibility,large-visibility\"><div class=\"fusion-column-wrapper fusion-column-has-shadow fusion-flex-justify-content-flex-start fusion-content-layout-column\"><div class=\"fusion-image-element\" style=\"--awb-margin-bottom:30px;--awb-caption-title-font-family:var(--h2_typography-font-family);--awb-caption-title-font-weight:var(--h2_typography-font-weight);--awb-caption-title-font-style:var(--h2_typography-font-style);--awb-caption-title-size:var(--h2_typography-font-size);--awb-caption-title-transform:var(--h2_typography-text-transform);--awb-caption-title-line-height:var(--h2_typography-line-height);--awb-caption-title-letter-spacing:var(--h2_typography-letter-spacing);\"><span class=\" fusion-imageframe imageframe-none imageframe-11 hover-type-none\"><img decoding=\"async\" width=\"1680\" height=\"830\" alt=\"Ihr Grafik- und Webdesigner f\u00fcr Siegburg &amp; Bonn\" title=\"Ihr Grafik- und Webdesigner f\u00fcr Siegburg &#038; Bonn\" src=\"https:\/\/vh-crossmedia.de\/wp-content\/uploads\/2024\/03\/1128705534-1.jpg\" data-orig-src=\"https:\/\/vh-crossmedia.de\/wp-content\/uploads\/2024\/03\/1128705534-1.jpg\" class=\"lazyload img-responsive wp-image-9670\" srcset=\"data:image\/svg+xml,%3Csvg%20xmlns%3D%27http%3A%2F%2Fwww.w3.org%2F2000%2Fsvg%27%20width%3D%271680%27%20height%3D%27830%27%20viewBox%3D%270%200%201680%20830%27%3E%3Crect%20width%3D%271680%27%20height%3D%27830%27%20fill-opacity%3D%220%22%2F%3E%3C%2Fsvg%3E\" data-srcset=\"https:\/\/vh-crossmedia.de\/wp-content\/uploads\/2024\/03\/1128705534-1-400x198.jpg 400w, https:\/\/vh-crossmedia.de\/wp-content\/uploads\/2024\/03\/1128705534-1-600x296.jpg 600w, https:\/\/vh-crossmedia.de\/wp-content\/uploads\/2024\/03\/1128705534-1-800x395.jpg 800w, https:\/\/vh-crossmedia.de\/wp-content\/uploads\/2024\/03\/1128705534-1-1200x593.jpg 1200w, https:\/\/vh-crossmedia.de\/wp-content\/uploads\/2024\/03\/1128705534-1.jpg 1680w\" data-sizes=\"auto\" data-orig-sizes=\"(max-width: 1024px) 100vw, (max-width: 640px) 100vw, 800px\" \/><\/span><\/div><div class=\"fusion-builder-row fusion-builder-row-inner fusion-row fusion-flex-align-items-flex-start fusion-flex-justify-content-center fusion-flex-content-wrap\" style=\"--awb-flex-grow:0;--awb-flex-grow-medium:0;--awb-flex-grow-small:0;--awb-flex-shrink:0;--awb-flex-shrink-medium:0;--awb-flex-shrink-small:0;width:106% !important;max-width:106% !important;margin-left: calc(-6% \/ 2 );margin-right: calc(-6% \/ 2 );\"><div class=\"fusion-layout-column fusion_builder_column_inner fusion-builder-nested-column-14 fusion_builder_column_inner_1_1 1_1 fusion-flex-column\" style=\"--awb-bg-size:cover;--awb-width-large:100%;--awb-margin-top-large:0px;--awb-spacing-right-large:2.82%;--awb-margin-bottom-large:20px;--awb-spacing-left-large:2.82%;--awb-width-medium:100%;--awb-order-medium:0;--awb-spacing-right-medium:2.82%;--awb-spacing-left-medium:2.82%;--awb-width-small:100%;--awb-order-small:0;--awb-spacing-right-small:2.82%;--awb-spacing-left-small:2.82%;\"><div class=\"fusion-column-wrapper fusion-column-has-shadow fusion-flex-justify-content-flex-start fusion-content-layout-column\"><div ><a class=\"fusion-button button-flat fusion-button-default-size button-default fusion-button-default button-16 fusion-button-span-yes fusion-button-default-type\" target=\"_self\" title=\"Ihr Grafiker f\u00fcr Siegburg &amp; Bonn\" aria-label=\"Ihr Grafiker f\u00fcr Siegburg &amp; Bonn\" href=\"https:\/\/vh-crossmedia.de\/grafikdesign-siegburg-bonn\/\"><span class=\"fusion-button-text awb-button__text awb-button__text--default\">Ihr Grafiker f\u00fcr Siegburg &amp; Bonn<\/span><\/a><\/div><\/div><\/div><div class=\"fusion-layout-column fusion_builder_column_inner fusion-builder-nested-column-15 fusion_builder_column_inner_1_1 1_1 fusion-flex-column\" style=\"--awb-bg-size:cover;--awb-width-large:100%;--awb-margin-top-large:0px;--awb-spacing-right-large:2.82%;--awb-margin-bottom-large:20px;--awb-spacing-left-large:2.82%;--awb-width-medium:100%;--awb-order-medium:0;--awb-spacing-right-medium:2.82%;--awb-spacing-left-medium:2.82%;--awb-width-small:100%;--awb-order-small:0;--awb-spacing-right-small:2.82%;--awb-spacing-left-small:2.82%;\"><div class=\"fusion-column-wrapper fusion-column-has-shadow fusion-flex-justify-content-flex-start fusion-content-layout-column\"><div ><a class=\"fusion-button button-flat fusion-button-default-size button-default fusion-button-default button-17 fusion-button-span-yes fusion-button-default-type\" target=\"_self\" title=\"Ihr Webdesigner f\u00fcr Siegburg &amp; Bonn\" aria-label=\"Ihr Webdesigner f\u00fcr Siegburg &amp; Bonn\" href=\"https:\/\/vh-crossmedia.de\/webdesign-siegburg-bonn\/\"><span class=\"fusion-button-text awb-button__text awb-button__text--default\">Ihr Webdesigner f\u00fcr Siegburg &amp; Bonn<\/span><\/a><\/div><\/div><\/div><\/div><\/div><\/div><\/div><\/div><div class=\"fusion-fullwidth fullwidth-box fusion-builder-row-7 fusion-flex-container has-pattern-background has-mask-background nonhundred-percent-fullwidth non-hundred-percent-height-scrolling fusion-no-small-visibility\" style=\"--awb-border-radius-top-left:0px;--awb-border-radius-top-right:0px;--awb-border-radius-bottom-right:0px;--awb-border-radius-bottom-left:0px;--awb-padding-top:40px;--awb-padding-bottom:40px;--awb-background-color:var(--awb-color7);--awb-flex-wrap:wrap;\" ><div class=\"fusion-builder-row fusion-row fusion-flex-align-items-flex-start fusion-flex-justify-content-center fusion-flex-content-wrap\" style=\"max-width:1414.4px;margin-left: calc(-4% \/ 2 );margin-right: calc(-4% \/ 2 );\"><div class=\"fusion-layout-column fusion_builder_column fusion-builder-column-23 fusion_builder_column_2_3 2_3 fusion-flex-column\" style=\"--awb-bg-size:cover;--awb-width-large:66.666666666667%;--awb-margin-top-large:0px;--awb-spacing-right-large:2.88%;--awb-margin-bottom-large:20px;--awb-spacing-left-large:2.88%;--awb-width-medium:100%;--awb-spacing-right-medium:1.92%;--awb-spacing-left-medium:1.92%;--awb-width-small:100%;--awb-spacing-right-small:1.92%;--awb-spacing-left-small:1.92%;\"><div class=\"fusion-column-wrapper fusion-flex-justify-content-flex-start fusion-content-layout-column\"><div class=\"fusion-text fusion-text-12\"><h3>M\u00f6chten auch Sie mit einem erfahrenen Grafiker wie mir zusammenarbeiten?<br \/>\nRufen Sie mich an und lassen Sie uns gemeinsam Ihre Ideen verwirklichen!<\/h3>\n<\/div><\/div><\/div><div class=\"fusion-layout-column fusion_builder_column fusion-builder-column-24 fusion_builder_column_1_3 1_3 fusion-flex-column\" style=\"--awb-padding-top:25px;--awb-bg-size:cover;--awb-width-large:33.333333333333%;--awb-margin-top-large:0px;--awb-spacing-right-large:5.76%;--awb-margin-bottom-large:20px;--awb-spacing-left-large:5.76%;--awb-width-medium:100%;--awb-order-medium:0;--awb-spacing-right-medium:1.92%;--awb-spacing-left-medium:1.92%;--awb-width-small:100%;--awb-order-small:0;--awb-spacing-right-small:1.92%;--awb-spacing-left-small:1.92%;\" data-scroll-devices=\"small-visibility,medium-visibility,large-visibility\"><div class=\"fusion-column-wrapper fusion-column-has-shadow fusion-flex-justify-content-flex-start fusion-content-layout-column\"><div style=\"text-align:right;\"><a class=\"fusion-button button-flat button-xlarge button-default fusion-button-default button-18 fusion-button-span-yes fusion-button-default-type\" target=\"_self\" title=\"Jetzt anrufen!\" aria-label=\"Jetzt anrufen!\" href=\"tel:+4915125283881\"><i class=\"fa-mobile-alt fas awb-button__icon awb-button__icon--default button-icon-left\" aria-hidden=\"true\"><\/i><span class=\"fusion-button-text awb-button__text awb-button__text--default\">0 151 \/ 25 28 38 81<\/span><\/a><\/div><\/div><\/div><\/div><\/div><\/p>\n","protected":false},"excerpt":{"rendered":"","protected":false},"author":1,"featured_media":9722,"parent":0,"menu_order":0,"comment_status":"closed","ping_status":"open","template":"100-width.php","meta":{"footnotes":""},"class_list":["post-9720","page","type-page","status-publish","has-post-thumbnail","hentry"],"yoast_head":"<!-- This site is optimized with the Yoast SEO plugin v28.4 - https:\/\/yoast.com\/product\/yoast-seo-wordpress\/ -->\n<title>Grafik- und Webdesigner in der Eifel - vh-crossmedia | Volker Heupel<\/title>\n<meta name=\"description\" content=\"Ich kann als Profi besonders in der Eifel einen wichtigen Beitrag zum Erfolg von Unternehmen und Selbstst\u00e4ndigen leisten.\" \/>\n<meta name=\"robots\" content=\"index, follow, max-snippet:-1, max-image-preview:large, max-video-preview:-1\" \/>\n<link rel=\"canonical\" href=\"https:\/\/vh-crossmedia.de\/en\/graphic-designer-and-web-designer-for-you-in-the-eifel\/\" \/>\n<meta property=\"og:locale\" content=\"en_GB\" \/>\n<meta property=\"og:type\" content=\"article\" \/>\n<meta property=\"og:title\" content=\"Grafik- und Webdesigner in der Eifel - vh-crossmedia | Volker Heupel\" \/>\n<meta property=\"og:description\" content=\"Ich kann als Profi besonders in der Eifel einen wichtigen Beitrag zum Erfolg von Unternehmen und Selbstst\u00e4ndigen leisten.\" \/>\n<meta property=\"og:url\" content=\"https:\/\/vh-crossmedia.de\/en\/graphic-designer-and-web-designer-for-you-in-the-eifel\/\" \/>\n<meta property=\"og:site_name\" content=\"vh-crossmedia | Volker Heupel\" \/>\n<meta property=\"article:modified_time\" content=\"2024-03-19T07:50:35+00:00\" \/>\n<meta property=\"og:image\" content=\"https:\/\/vh-crossmedia.de\/wp-content\/uploads\/2021\/12\/vh-crossmedia-titel_20-02-01.jpg\" \/>\n\t<meta property=\"og:image:width\" content=\"1920\" \/>\n\t<meta property=\"og:image:height\" content=\"1080\" \/>\n\t<meta property=\"og:image:type\" content=\"image\/jpeg\" \/>\n<meta name=\"twitter:card\" content=\"summary_large_image\" \/>\n<meta name=\"twitter:label1\" content=\"Est. reading time\" \/>\n\t<meta name=\"twitter:data1\" content=\"17 minutes\" \/>\n<script type=\"application\/ld+json\" class=\"yoast-schema-graph\">{\"@context\":\"https:\\\/\\\/schema.org\",\"@graph\":[{\"@type\":\"WebPage\",\"@id\":\"https:\\\/\\\/vh-crossmedia.de\\\/grafikdesigner-und-webdesigner-fuer-sie-in-der-eifel\\\/\",\"url\":\"https:\\\/\\\/vh-crossmedia.de\\\/grafikdesigner-und-webdesigner-fuer-sie-in-der-eifel\\\/\",\"name\":\"Grafik- und Webdesigner in der Eifel - vh-crossmedia | Volker Heupel\",\"isPartOf\":{\"@id\":\"https:\\\/\\\/vh-crossmedia.de\\\/#website\"},\"primaryImageOfPage\":{\"@id\":\"https:\\\/\\\/vh-crossmedia.de\\\/grafikdesigner-und-webdesigner-fuer-sie-in-der-eifel\\\/#primaryimage\"},\"image\":{\"@id\":\"https:\\\/\\\/vh-crossmedia.de\\\/grafikdesigner-und-webdesigner-fuer-sie-in-der-eifel\\\/#primaryimage\"},\"thumbnailUrl\":\"https:\\\/\\\/vh-crossmedia.de\\\/wp-content\\\/uploads\\\/2024\\\/03\\\/IMG_3916-01_mod.jpg\",\"datePublished\":\"2024-03-18T16:48:44+00:00\",\"dateModified\":\"2024-03-19T07:50:35+00:00\",\"description\":\"Ich kann als Profi besonders in der Eifel einen wichtigen Beitrag zum Erfolg von Unternehmen und Selbstst\u00e4ndigen leisten.\",\"breadcrumb\":{\"@id\":\"https:\\\/\\\/vh-crossmedia.de\\\/grafikdesigner-und-webdesigner-fuer-sie-in-der-eifel\\\/#breadcrumb\"},\"inLanguage\":\"en-GB\",\"potentialAction\":[{\"@type\":\"ReadAction\",\"target\":[\"https:\\\/\\\/vh-crossmedia.de\\\/grafikdesigner-und-webdesigner-fuer-sie-in-der-eifel\\\/\"]}]},{\"@type\":\"ImageObject\",\"inLanguage\":\"en-GB\",\"@id\":\"https:\\\/\\\/vh-crossmedia.de\\\/grafikdesigner-und-webdesigner-fuer-sie-in-der-eifel\\\/#primaryimage\",\"url\":\"https:\\\/\\\/vh-crossmedia.de\\\/wp-content\\\/uploads\\\/2024\\\/03\\\/IMG_3916-01_mod.jpg\",\"contentUrl\":\"https:\\\/\\\/vh-crossmedia.de\\\/wp-content\\\/uploads\\\/2024\\\/03\\\/IMG_3916-01_mod.jpg\",\"width\":2241,\"height\":1494,\"caption\":\"vh-crossmedia | Volker Heupel\"},{\"@type\":\"BreadcrumbList\",\"@id\":\"https:\\\/\\\/vh-crossmedia.de\\\/grafikdesigner-und-webdesigner-fuer-sie-in-der-eifel\\\/#breadcrumb\",\"itemListElement\":[{\"@type\":\"ListItem\",\"position\":1,\"name\":\"Startseite\",\"item\":\"https:\\\/\\\/vh-crossmedia.de\\\/\"},{\"@type\":\"ListItem\",\"position\":2,\"name\":\"Grafik- und Webdesigner in der Eifel\",\"item\":\"https:\\\/\\\/vh-crossmedia.de\\\/en\\\/grafikdesigner-und-webdesigner-fuer-sie-in-der-eifel\\\/\"}]},{\"@type\":\"WebSite\",\"@id\":\"https:\\\/\\\/vh-crossmedia.de\\\/#website\",\"url\":\"https:\\\/\\\/vh-crossmedia.de\\\/\",\"name\":\"vh-crossmedia | Volker Heupel\",\"description\":\"Von Entwurf bis Druck, von Flyer bis Magazin, von einfacher Website bis Content-Management-System, von Logo bis Corporate Identity: alles bei vh-crossmedia\",\"publisher\":{\"@id\":\"https:\\\/\\\/vh-crossmedia.de\\\/#\\\/schema\\\/person\\\/ae3ae73f913cfbc8063e0ead0833894f\"},\"potentialAction\":[{\"@type\":\"SearchAction\",\"target\":{\"@type\":\"EntryPoint\",\"urlTemplate\":\"https:\\\/\\\/vh-crossmedia.de\\\/?s={search_term_string}\"},\"query-input\":{\"@type\":\"PropertyValueSpecification\",\"valueRequired\":true,\"valueName\":\"search_term_string\"}}],\"inLanguage\":\"en-GB\"},{\"@type\":[\"Person\",\"Organization\"],\"@id\":\"https:\\\/\\\/vh-crossmedia.de\\\/#\\\/schema\\\/person\\\/ae3ae73f913cfbc8063e0ead0833894f\",\"name\":\"vh-crossmedia\",\"image\":{\"@type\":\"ImageObject\",\"inLanguage\":\"en-GB\",\"@id\":\"https:\\\/\\\/vh-crossmedia.de\\\/wp-content\\\/uploads\\\/2020\\\/01\\\/Volker-Heupel_vh-crossmedia_IMG_3848.jpg\",\"url\":\"https:\\\/\\\/vh-crossmedia.de\\\/wp-content\\\/uploads\\\/2020\\\/01\\\/Volker-Heupel_vh-crossmedia_IMG_3848.jpg\",\"contentUrl\":\"https:\\\/\\\/vh-crossmedia.de\\\/wp-content\\\/uploads\\\/2020\\\/01\\\/Volker-Heupel_vh-crossmedia_IMG_3848.jpg\",\"width\":826,\"height\":604,\"caption\":\"vh-crossmedia\"},\"logo\":{\"@id\":\"https:\\\/\\\/vh-crossmedia.de\\\/wp-content\\\/uploads\\\/2020\\\/01\\\/Volker-Heupel_vh-crossmedia_IMG_3848.jpg\"}}]}<\/script>\n<!-- \/ Yoast SEO plugin. -->","yoast_head_json":{"title":"Graphic and web designer in the Eifel - vh-crossmedia | Volker Heupel","description":"As a professional, I can make an important contribution to the success of companies and the self-employed, especially in the Eifel region.","robots":{"index":"index","follow":"follow","max-snippet":"max-snippet:-1","max-image-preview":"max-image-preview:large","max-video-preview":"max-video-preview:-1"},"canonical":"https:\/\/vh-crossmedia.de\/en\/graphic-designer-and-web-designer-for-you-in-the-eifel\/","og_locale":"en_GB","og_type":"article","og_title":"Grafik- und Webdesigner in der Eifel - vh-crossmedia | Volker Heupel","og_description":"Ich kann als Profi besonders in der Eifel einen wichtigen Beitrag zum Erfolg von Unternehmen und Selbstst\u00e4ndigen leisten.","og_url":"https:\/\/vh-crossmedia.de\/en\/graphic-designer-and-web-designer-for-you-in-the-eifel\/","og_site_name":"vh-crossmedia | Volker Heupel","article_modified_time":"2024-03-19T07:50:35+00:00","og_image":[{"width":1920,"height":1080,"url":"https:\/\/vh-crossmedia.de\/wp-content\/uploads\/2021\/12\/vh-crossmedia-titel_20-02-01.jpg","type":"image\/jpeg"}],"twitter_card":"summary_large_image","twitter_misc":{"Est. reading time":"17 minutes"},"schema":{"@context":"https:\/\/schema.org","@graph":[{"@type":"WebPage","@id":"https:\/\/vh-crossmedia.de\/grafikdesigner-und-webdesigner-fuer-sie-in-der-eifel\/","url":"https:\/\/vh-crossmedia.de\/grafikdesigner-und-webdesigner-fuer-sie-in-der-eifel\/","name":"Graphic and web designer in the Eifel - vh-crossmedia | Volker Heupel","isPartOf":{"@id":"https:\/\/vh-crossmedia.de\/#website"},"primaryImageOfPage":{"@id":"https:\/\/vh-crossmedia.de\/grafikdesigner-und-webdesigner-fuer-sie-in-der-eifel\/#primaryimage"},"image":{"@id":"https:\/\/vh-crossmedia.de\/grafikdesigner-und-webdesigner-fuer-sie-in-der-eifel\/#primaryimage"},"thumbnailUrl":"https:\/\/vh-crossmedia.de\/wp-content\/uploads\/2024\/03\/IMG_3916-01_mod.jpg","datePublished":"2024-03-18T16:48:44+00:00","dateModified":"2024-03-19T07:50:35+00:00","description":"As a professional, I can make an important contribution to the success of companies and the self-employed, especially in the Eifel region.","breadcrumb":{"@id":"https:\/\/vh-crossmedia.de\/grafikdesigner-und-webdesigner-fuer-sie-in-der-eifel\/#breadcrumb"},"inLanguage":"en-GB","potentialAction":[{"@type":"ReadAction","target":["https:\/\/vh-crossmedia.de\/grafikdesigner-und-webdesigner-fuer-sie-in-der-eifel\/"]}]},{"@type":"ImageObject","inLanguage":"en-GB","@id":"https:\/\/vh-crossmedia.de\/grafikdesigner-und-webdesigner-fuer-sie-in-der-eifel\/#primaryimage","url":"https:\/\/vh-crossmedia.de\/wp-content\/uploads\/2024\/03\/IMG_3916-01_mod.jpg","contentUrl":"https:\/\/vh-crossmedia.de\/wp-content\/uploads\/2024\/03\/IMG_3916-01_mod.jpg","width":2241,"height":1494,"caption":"vh-crossmedia | Volker Heupel"},{"@type":"BreadcrumbList","@id":"https:\/\/vh-crossmedia.de\/grafikdesigner-und-webdesigner-fuer-sie-in-der-eifel\/#breadcrumb","itemListElement":[{"@type":"ListItem","position":1,"name":"Startseite","item":"https:\/\/vh-crossmedia.de\/"},{"@type":"ListItem","position":2,"name":"Grafik- und Webdesigner in der Eifel","item":"https:\/\/vh-crossmedia.de\/en\/grafikdesigner-und-webdesigner-fuer-sie-in-der-eifel\/"}]},{"@type":"WebSite","@id":"https:\/\/vh-crossmedia.de\/#website","url":"https:\/\/vh-crossmedia.de\/","name":"vh-crossmedia | Volker Heupel","description":"From design to print, from flyer to magazine, from simple website to content management system, from logo to corporate identity: everything at vh-crossmedia","publisher":{"@id":"https:\/\/vh-crossmedia.de\/#\/schema\/person\/ae3ae73f913cfbc8063e0ead0833894f"},"potentialAction":[{"@type":"SearchAction","target":{"@type":"EntryPoint","urlTemplate":"https:\/\/vh-crossmedia.de\/?s={search_term_string}"},"query-input":{"@type":"PropertyValueSpecification","valueRequired":true,"valueName":"search_term_string"}}],"inLanguage":"en-GB"},{"@type":["Person","Organization"],"@id":"https:\/\/vh-crossmedia.de\/#\/schema\/person\/ae3ae73f913cfbc8063e0ead0833894f","name":"vh-crossmedia","image":{"@type":"ImageObject","inLanguage":"en-GB","@id":"https:\/\/vh-crossmedia.de\/wp-content\/uploads\/2020\/01\/Volker-Heupel_vh-crossmedia_IMG_3848.jpg","url":"https:\/\/vh-crossmedia.de\/wp-content\/uploads\/2020\/01\/Volker-Heupel_vh-crossmedia_IMG_3848.jpg","contentUrl":"https:\/\/vh-crossmedia.de\/wp-content\/uploads\/2020\/01\/Volker-Heupel_vh-crossmedia_IMG_3848.jpg","width":826,"height":604,"caption":"vh-crossmedia"},"logo":{"@id":"https:\/\/vh-crossmedia.de\/wp-content\/uploads\/2020\/01\/Volker-Heupel_vh-crossmedia_IMG_3848.jpg"}}]}},"_links":{"self":[{"href":"https:\/\/vh-crossmedia.de\/en\/wp-json\/wp\/v2\/pages\/9720","targetHints":{"allow":["GET"]}}],"collection":[{"href":"https:\/\/vh-crossmedia.de\/en\/wp-json\/wp\/v2\/pages"}],"about":[{"href":"https:\/\/vh-crossmedia.de\/en\/wp-json\/wp\/v2\/types\/page"}],"author":[{"embeddable":true,"href":"https:\/\/vh-crossmedia.de\/en\/wp-json\/wp\/v2\/users\/1"}],"replies":[{"embeddable":true,"href":"https:\/\/vh-crossmedia.de\/en\/wp-json\/wp\/v2\/comments?post=9720"}],"version-history":[{"count":0,"href":"https:\/\/vh-crossmedia.de\/en\/wp-json\/wp\/v2\/pages\/9720\/revisions"}],"wp:featuredmedia":[{"embeddable":true,"href":"https:\/\/vh-crossmedia.de\/en\/wp-json\/wp\/v2\/media\/9722"}],"wp:attachment":[{"href":"https:\/\/vh-crossmedia.de\/en\/wp-json\/wp\/v2\/media?parent=9720"}],"curies":[{"name":"wp","href":"https:\/\/api.w.org\/{rel}","templated":true}]}}