{"id":7897,"date":"2023-04-20T06:25:58","date_gmt":"2023-04-20T06:25:58","guid":{"rendered":"http:\/\/vh-crossmedia.eifel-medien.de\/?page_id=7897"},"modified":"2025-09-11T23:19:10","modified_gmt":"2025-09-11T21:19:10","slug":"grafisch-ontwerp-mechernich-kommern","status":"publish","type":"page","link":"https:\/\/vh-crossmedia.de\/nl\/grafikdesign-mechernich-kommern\/","title":{"rendered":"Uw grafisch ontwerper voor Mechernich &amp; Kommern"},"content":{"rendered":"<p><div class=\"fusion-fullwidth fullwidth-box fusion-builder-row-1 nonhundred-percent-fullwidth non-hundred-percent-height-scrolling\" style=\"--awb-border-radius-top-left:0px;--awb-border-radius-top-right:0px;--awb-border-radius-bottom-right:0px;--awb-border-radius-bottom-left:0px;--awb-padding-bottom:60px;--awb-flex-wrap:wrap;\" ><div class=\"fusion-builder-row fusion-row\"><div class=\"fusion-layout-column fusion_builder_column fusion-builder-column-0 fusion_builder_column_3_4 3_4 fusion-three-fourth fusion-column-first\" style=\"--awb-bg-size:cover;--awb-margin-bottom:0px;width:74%; margin-right: 4%;\"><div class=\"fusion-column-wrapper fusion-flex-column-wrapper-legacy\"><div class=\"fusion-text fusion-text-1\"><h2 class=\"sr-only\">Kommunikationsdesign f\u00fcr Print &amp; Web von vh-crossmedia<\/h2>\n<h1 style=\"font-size: 2.6em!important;\"><span style=\"display: inline-block; width: 0px; overflow: hidden; line-height: 0;\" data-mce-type=\"bookmark\" class=\"\">\ufeff<\/span>Gesucht: <strong>Grafiker<\/strong> in Mechernich oder Kommern<br \/>\nGefunden: <strong>mich!<\/strong><\/h1>\n<h2>Schnell, professionell und individuell.<\/h2>\n<p>Wenn Sie in Mechernich oder Kommern einen zuverl\u00e4ssigen und kompetenten Partner suchen, der Ihnen dabei helfen kann, ein einzigartiges Erscheinungsbild f\u00fcr Ihr Unternehmen zu entwickeln, kreative Werbekonzepte umzusetzen, Projekte professionell zu pr\u00e4sentieren oder neue Wege in der visuellen Kommunikation zu gehen, dann sind Sie bei uns genau richtig!<\/p>\n<\/div><div class=\"fusion-text fusion-text-2\"><section class=\"sr-only\" aria-labelledby=\"standorte-headline\">\n<h3 id=\"standorte-headline\">Weitere Standorte<\/h3>\n<p>  <!-- Crosslink zur passenden Webdesign-Seite der gleichen Region --><\/p>\n<p>\n    Interesse an Websites? \u2192<br \/>\n    <a href=\"\/webdesign-mechernich-kommern\/\">Webdesign in Mechernich &amp; Kommern<\/a>\n  <\/p>\n<p>  <!-- Cluster: andere Grafikdesign-Standorte --><\/p>\n<nav aria-label=\"Weitere Grafikdesign-Standorte\">\n<ul>\n<li><a href=\"\/grafikdesign-adenau-bad-neuenahr-ahrweiler\/\">Grafikdesign in Adenau &amp; Bad Neuenahr-Ahrweiler<\/a><\/li>\n<li><a href=\"\/grafikdesign-koblenz-neuwied\/\">Grafikdesign in Koblenz &amp; Neuwied<\/a><\/li>\n<li><a href=\"\/grafikdesign-mayen-andernach\/\">Grafikdesign in Mayen &amp; Andernach<\/a><\/li>\n<li><a href=\"\/grafikdesign-siegburg-bonn\/\">Grafikdesign in Siegburg &amp; Bonn<\/a><\/li>\n<\/ul>\n<\/nav>\n<p>  <!-- Sprachversionen der aktuellen Seite --><\/p>\n<p aria-label=\"Sprachversionen\">\n    Auch verf\u00fcgbar auf:<br \/>\n    <a href=\"\/en\/graphic-design-mechernich-kommern\/\" hreflang=\"en\" lang=\"en\">English<\/a> \u00b7<br \/>\n    <a href=\"\/nl\/grafisch-ontwerp-mechernich-kommern\/\" hreflang=\"nl\" lang=\"nl\">Nederlands<\/a>\n  <\/p>\n<\/section>\n<\/div><div class=\"fusion-modal modal fade modal-1 seotop1 seotop1 has-light-close\" tabindex=\"-1\" role=\"dialog\" aria-labelledby=\"modal-heading-1\" aria-hidden=\"true\" style=\"--awb-border-color:#212121;--awb-background:#212121;\"><div class=\"modal-dialog modal-sm\" role=\"document\"><div class=\"modal-content fusion-modal-content\"><div class=\"modal-header\"><button class=\"close\" type=\"button\" data-dismiss=\"modal\" aria-hidden=\"true\" aria-label=\"Fenster schlie\u00dfen\">&times;<\/button><h3 class=\"modal-title\" id=\"modal-heading-1\" data-dismiss=\"modal\" aria-hidden=\"true\">Ihr professioneller Grafikdesigner f\u00fcr Mechernich &amp; Kommern<\/h3><\/div><div class=\"modal-body fusion-clearfix\">Suchen Sie einen erfahrenen Grafikdesigner in Mechernich oder Kommern, der Ihre visuellen Ideen professionell umsetzt? Bei <strong>Volker Heupel \u2013 Grafikdesign &amp; Webentwicklung<\/strong> sind Sie genau richtig! Ich biete kreative L\u00f6sungen f\u00fcr Unternehmen, Selbstst\u00e4ndige und Privatpersonen, darunter <strong>Logo-Design<\/strong>, <strong>Corporate Design<\/strong>, <strong>Flyer- und Brosch\u00fcrengestaltung<\/strong> sowie modernes <strong>Webdesign<\/strong>.<\/p>\n<p>Mit einem Fokus auf individuelle Beratung und enge Zusammenarbeit realisiere ich Projekte, die Ihre Marke st\u00e4rken und Ihre Zielgruppe begeistern. Ob f\u00fcr <strong>Printmedien<\/strong> oder <strong>digitale Kommunikation<\/strong> \u2013 ich kombiniere Kreativit\u00e4t mit modernster Technologie, um hochwertige Ergebnisse zu liefern.<\/p>\n<p>F\u00fcr Unternehmen in Mechernich und Kommern bedeutet das: <strong>ma\u00dfgeschneiderte Designs<\/strong>, die Ihre Marke hervorheben und lokal verankert sind. Kontaktieren Sie mich f\u00fcr ein unverbindliches Angebot \u2013 gemeinsam entwickeln wir die perfekte L\u00f6sung f\u00fcr Ihr Projekt!<\/div><div class=\"modal-footer\"><button class=\"fusion-button button-default button-medium button default medium\" type=\"button\" data-dismiss=\"modal\">Fenster schlie\u00dfen<\/button><\/div><\/div><\/div><\/div><div class=\"fusion-modal modal fade modal-2 seotop1 seotop1 has-light-close\" tabindex=\"-1\" role=\"dialog\" aria-labelledby=\"modal-heading-2\" aria-hidden=\"true\" style=\"--awb-border-color:#212121;--awb-background:#212121;\"><div class=\"modal-dialog modal-sm\" role=\"document\"><div class=\"modal-content fusion-modal-content\"><div class=\"modal-header\"><button class=\"close\" type=\"button\" data-dismiss=\"modal\" aria-hidden=\"true\" aria-label=\"Fenster schlie\u00dfen\">&times;<\/button><h3 class=\"modal-title\" id=\"modal-heading-2\" data-dismiss=\"modal\" aria-hidden=\"true\">Grafikdesigner Volker Heupel f\u00fcr Mechernich oder Kommern<\/h3><\/div><div class=\"modal-body fusion-clearfix\">\n<h3>Volker Heupel &#8211; Agentur f\u00fcr Grafikdesign und Webentwicklung in Mechernich und Kommern<\/h3>\n<p>Volker Heupel ist eine Agentur f\u00fcr Grafikdesign und Webentwicklung in der N\u00e4he von Mechernich und Kommern:<\/p>\n<ul>\n<li>Sie bietet Dienstleistungen wie Corporate Design, Logoentwicklung, Flyer- und Brosch\u00fcrengestaltung, Webdesign und -entwicklung sowie Suchmaschinenoptimierung an.<\/li>\n<li>Das Unternehmen legt Wert auf eine individuelle und pers\u00f6nliche Beratung sowie eine kreative Umsetzung der Kundenw\u00fcnsche. Dabei arbeitet es eng mit seinen Kunden zusammen und geht auf ihre Bed\u00fcrfnisse und Vorstellungen ein.<\/li>\n<li>Volker Heupel nutzt modernste Technologien und setzt auf eine hohe Qualit\u00e4t seiner Arbeit. Das Unternehmen ist besonders auf die Gestaltung von Drucksachen spezialisiert und bietet hier eine gro\u00dfe Vielfalt an M\u00f6glichkeiten an.<\/li>\n<li>Auch im Bereich der Webentwicklung bietet es seinen Kunden ein breites Spektrum an M\u00f6glichkeiten, um eine professionelle und ansprechende Webseite zu gestalten.<\/li>\n<li>Dabei wird besonderes Augenmerk auf eine benutzerfreundliche und responsive Umsetzung gelegt, damit die Webseite auf allen Ger\u00e4ten optimal dargestellt wird.<\/li>\n<\/ul>\n<h4>Professionelle Web- und Drucksachen-Gestaltung mit Volker Heupel in der Eifel<\/h4>\n<p>Volker Heupel betreut seine Kunden von der ersten Idee bis zur Fertigstellung des Projekts und dar\u00fcber hinaus. Dabei legt das Unternehmen gro\u00dfen Wert auf eine zuverl\u00e4ssige und termingerechte Umsetzung. Mit seiner langj\u00e4hrigen Erfahrung und seiner kreativen und professionellen Arbeitsweise bietet Volker Heupel seinen Kunden einen hohen Mehrwert und eine optimale Unterst\u00fctzung bei der Umsetzung ihrer Projekte.<\/p>\n<h3>Warum man in der N\u00e4he von Mechernich oder Kommern einen Grafiker ben\u00f6tigt<\/h3>\n<p>Grafikdesign spielt eine wichtige Rolle bei der Pr\u00e4sentation eines Unternehmens oder einer Marke. Eine gut gestaltete Visitenkarte, ein Logo oder eine Webseite k\u00f6nnen den Unterschied zwischen einem erfolgreichen und erfolglosen Unternehmen ausmachen. Im Folgenden werden drei Gr\u00fcnde genannt, warum es in der N\u00e4he von Mechernich oder Kommern sinnvoll ist, einen Grafiker zu engagieren.<\/p>\n<h4>Professionelles Design f\u00fcr Unternehmen<\/h4>\n<p>Ein Grafiker in der N\u00e4he von Mechernich oder Kommern kann Unternehmen dabei unterst\u00fctzen, ihre Markenidentit\u00e4t zu st\u00e4rken. Durch professionell gestaltete Printmedien wie Brosch\u00fcren, Flyer oder Visitenkarten k\u00f6nnen Unternehmen die Aufmerksamkeit potenzieller Kunden auf sich ziehen und einen bleibenden Eindruck hinterlassen. Ein erfahrener Grafiker ber\u00fccksichtigt dabei auch die Corporate Identity des Unternehmens und stellt sicher, dass das Design zu den Werten und Zielen des Unternehmens passt.<\/p>\n<h4>Gestaltung von digitalen Medien<\/h4>\n<p>Die Pr\u00e4senz im Internet ist heutzutage f\u00fcr jedes Unternehmen von entscheidender Bedeutung. Ein Grafiker in der N\u00e4he von Mechernich oder Kommern kann dabei helfen, eine benutzerfreundliche und attraktive Webseite zu gestalten, die die Werte und das Angebot des Unternehmens optimal pr\u00e4sentiert. Ein gut gestaltetes Webdesign kann das Vertrauen der Kunden in das Unternehmen st\u00e4rken und zu einer h\u00f6heren Conversion Rate f\u00fchren.<\/p>\n<h4>Lokale Kenntnisse und Flexibilit\u00e4t<\/h4>\n<p>Ein weiterer Vorteil, einen Grafiker in der N\u00e4he von Mechernich oder Kommern zu engagieren, ist die Flexibilit\u00e4t und die Kenntnis der lokalen Gegebenheiten. Ein lokaler Grafiker versteht die spezifischen Bed\u00fcrfnisse und Erwartungen der Zielgruppe und kann das Design entsprechend anpassen. Dar\u00fcber hinaus kann ein Grafiker in der N\u00e4he auch schnell auf Anfragen reagieren und gegebenenfalls pers\u00f6nlich vor Ort beraten.<\/p>\n<p><strong>Zusammenfassend l\u00e4sst sich sagen, dass ein Grafiker in der N\u00e4he von Mechernich oder Kommern f\u00fcr Unternehmen eine wertvolle Unterst\u00fctzung sein kann. Professionelles Design f\u00fcr Print- und digitale Medien sowie lokale Kenntnisse und Flexibilit\u00e4t k\u00f6nnen dazu beitragen, dass ein Unternehmen erfolgreich und konkurrenzf\u00e4hig bleibt.<\/strong><\/p>\n<\/div><div class=\"modal-footer\"><button class=\"fusion-button button-default button-medium button default medium\" type=\"button\" data-dismiss=\"modal\">Fenster schlie\u00dfen<\/button><\/div><\/div><\/div><\/div><div class=\"fusion-modal modal fade modal-3 seotop1 seotop1 has-light-close\" tabindex=\"-1\" role=\"dialog\" aria-labelledby=\"modal-heading-3\" aria-hidden=\"true\" style=\"--awb-border-color:#212121;--awb-background:#212121;\"><div class=\"modal-dialog modal-sm\" role=\"document\"><div class=\"modal-content fusion-modal-content\"><div class=\"modal-header\"><button class=\"close\" type=\"button\" data-dismiss=\"modal\" aria-hidden=\"true\" aria-label=\"Fenster schlie\u00dfen\">&times;<\/button><h3 class=\"modal-title\" id=\"modal-heading-3\" data-dismiss=\"modal\" aria-hidden=\"true\">Grafikdesign f\u00fcr Mechernich oder Kommern<\/h3><\/div><div class=\"modal-body fusion-clearfix\">\n<p><strong>Wenn Sie auf der Suche nach einem Grafikdesigner in Mechernich oder Kommern sind, gibt es verschiedene Schritte, die Ihnen dabei helfen k\u00f6nnen, den perfekten Designer f\u00fcr Ihre Anforderungen zu finden. Im Folgenden haben wir f\u00fcnf Schritte f\u00fcr Sie zusammengestellt, die Ihnen dabei helfen k\u00f6nnen, den besten Grafikdesigner in der Region zu finden.<\/strong><\/p>\n<h4>Nutzen Sie Online-Suchmaschinen<\/h4>\n<p>Eine einfache M\u00f6glichkeit, um einen Grafikdesigner in Mechernich oder Kommern zu finden, ist die Nutzung von Online-Suchmaschinen wie Google. Geben Sie einfach &#8222;Grafikdesigner Mechernich&#8220; oder &#8222;Grafikdesigner Kommern&#8220; in die Suchmaschine ein und Sie erhalten eine Liste von Designern, die in der Region t\u00e4tig sind. Besuchen Sie die Websites der Designer und schauen Sie sich deren Portfolio an, um zu entscheiden, ob der Designer zu Ihren Anforderungen passt.<\/p>\n<h4>Fragen Sie in Ihrem Netzwerk nach Empfehlungen<\/h4>\n<p>Vielleicht kennen Sie Freunde, Kollegen oder Gesch\u00e4ftspartner, die bereits Erfahrung mit einem Grafikdesigner in Mechernich oder Kommern gemacht haben. Fragen Sie in Ihrem Netzwerk nach Empfehlungen und lassen Sie sich die Kontaktdaten des Designers geben. So k\u00f6nnen Sie sich direkt mit dem Designer in Verbindung setzen und Referenzen anfordern.<\/p>\n<h4>Nutzen Sie Online-Plattformen<\/h4>\n<p>Es gibt verschiedene Online-Plattformen, auf denen Grafikdesigner ihre Dienstleistungen anbieten. Hier k\u00f6nnen Sie sich ein Profil des Designers ansehen und Bewertungen anderer Kunden lesen. Zu den bekanntesten Plattformen z\u00e4hlen 99designs, Upwork oder Fiverr. Achten Sie jedoch darauf, dass die Qualit\u00e4t der Dienstleistungen auf diesen Plattformen sehr unterschiedlich sein kann.<\/p>\n<h4>Schauen Sie sich in lokalen Branchenverzeichnissen um<\/h4>\n<p>In vielen St\u00e4dten gibt es lokale Branchenverzeichnisse, in denen Dienstleister wie Grafikdesigner aufgelistet sind. Schauen Sie sich diese Verzeichnisse an und kontaktieren Sie die Designer direkt. So k\u00f6nnen Sie sich ein Angebot einholen und direkt mit dem Designer kommunizieren.<\/p>\n<h4>Besuchen Sie lokale Netzwerktreffen und Veranstaltungen<\/h4>\n<p>Es gibt eine Vielzahl von Netzwerktreffen und Veranstaltungen, bei denen Grafikdesigner und andere Kreative zusammenkommen. Besuchen Sie solche Veranstaltungen und sprechen Sie mit den Designern vor Ort. So k\u00f6nnen Sie sich ein Bild von deren Pers\u00f6nlichkeit und Arbeitsweise machen und eventuell direkt einen Auftrag erteilen.<\/p>\n<h4>Fazit<\/h4>\n<p>Die Suche nach einem Grafikdesigner in Mechernich oder Kommern kann herausfordernd sein, aber mit diesen f\u00fcnf Schritten k\u00f6nnen Sie den Prozess vereinfachen. Nehmen Sie sich Zeit, um Ihre Anforderungen zu definieren und recherchieren Sie gr\u00fcndlich. Fragen Sie auch in Ihrem Netzwerk nach Empfehlungen und besuchen Sie lokale Netzwerktreffen und Veranstaltungen. Schauen Sie sich zudem in lokalen Branchenverzeichnissen um und kontaktieren Sie die Designer direkt. Auf diese Weise k\u00f6nnen Sie sicherstellen, dass Sie einen Grafikdesigner finden, der zu Ihren Anforderungen passt und Ihre Erwartungen erf\u00fcllt.<\/p>\n<\/div><div class=\"modal-footer\"><button class=\"fusion-button button-default button-medium button default medium\" type=\"button\" data-dismiss=\"modal\">Fenster schlie\u00dfen<\/button><\/div><\/div><\/div><\/div><div class=\"fusion-modal modal fade modal-4 seotop1 seotop1 has-light-close\" tabindex=\"-1\" role=\"dialog\" aria-labelledby=\"modal-heading-4\" aria-hidden=\"true\" style=\"--awb-border-color:#212121;--awb-background:#212121;\"><div class=\"modal-dialog modal-sm\" role=\"document\"><div class=\"modal-content fusion-modal-content\"><div class=\"modal-header\"><button class=\"close\" type=\"button\" data-dismiss=\"modal\" aria-hidden=\"true\" aria-label=\"Fenster schlie\u00dfen\">&times;<\/button><h3 class=\"modal-title\" id=\"modal-heading-4\" data-dismiss=\"modal\" aria-hidden=\"true\">Grafikdesign f\u00fcr Mechernich oder Kommern<\/h3><\/div><div class=\"modal-body fusion-clearfix\">\n<p><strong>Grafikdesigner in Mechernich und Kommern<\/strong><\/p>\n<p>Sie suchen nach einem professionellen Grafikdesigner in Mechernich und Kommern, der Ihnen bei der Umsetzung Ihrer visuellen Ideen zur Seite steht? Als erfahrener und selbstst\u00e4ndiger Grafikdesigner biete ich Unternehmen, Selbstst\u00e4ndigen und Privatpersonen individuelle L\u00f6sungen f\u00fcr ihre Grafikdesign-Bed\u00fcrfnisse an. Ob Logo-Design, Corporate Design, Flyer, Brosch\u00fcren oder Illustrationen &#8211; ich setze Ihre W\u00fcnsche in professionelles und ansprechendes Design um.<\/p>\n<p>Ich lege gro\u00dfen Wert auf eine enge Zusammenarbeit mit meinen Kunden und eine transparente Kommunikation. Daher stehe ich Ihnen w\u00e4hrend des gesamten Projekts zur Verf\u00fcgung und informiere Sie regelm\u00e4\u00dfig \u00fcber den Fortschritt. Ich berate Sie gerne bei der Auswahl der passenden Farben, Schriften und Designs, um ein einzigartiges Erscheinungsbild f\u00fcr Ihr Unternehmen zu schaffen.<\/p>\n<p>Durch meine langj\u00e4hrige Erfahrung und mein Fachwissen im Bereich Grafikdesign kann ich Ihnen hochwertige Ergebnisse und ma\u00dfgeschneiderte L\u00f6sungen anbieten. Jedes Projekt wird von mir mit gro\u00dfer Sorgfalt und Aufmerksamkeit behandelt, um sicherzustellen, dass das Endprodukt Ihre Erwartungen erf\u00fcllt und Ihre Zielgruppe anspricht.<\/p>\n<p>Um einen Eindruck von meinen F\u00e4higkeiten und meinem Stil zu gewinnen, k\u00f6nnen Sie sich gerne meine Referenzen ansehen. Ich freue mich darauf, von Ihnen zu h\u00f6ren und gemeinsam mit Ihnen die perfekte L\u00f6sung f\u00fcr Ihr Projekt zu finden. Kontaktieren Sie mich unverbindlich, um ein Angebot zu erhalten und Ihre Grafikdesign-Bed\u00fcrfnisse zu besprechen.<\/p>\n<h2>Grafiker in Mechernich und Kommern<\/h2>\n<p>Um einen passenden Grafikdesigner in Mechernich und Kommern zu finden, gibt es verschiedene Aspekte zu beachten. Zuallererst sollte darauf geachtet werden, dass der Designer ausreichend Erfahrung und Expertise besitzt, um die Anforderungen des Projekts zu erf\u00fcllen. Hier kann ein Blick auf das Portfolio des Designers hilfreich sein, um dessen Stil und F\u00e4higkeiten einzusch\u00e4tzen.<\/p>\n<p>Ein weiterer wichtiger Faktor ist die Kommunikation mit dem Designer. Es empfiehlt sich, einen klaren Zeitplan zu vereinbaren und regelm\u00e4\u00dfige Updates zu erhalten, um sicherzustellen, dass das Projekt im vorgesehenen Zeitrahmen bleibt. Au\u00dferdem sollte abgesprochen werden, welche Dateiformate ben\u00f6tigt werden und welche Druck- oder Ver\u00f6ffentlichungsmedien der Designer bearbeiten kann.<\/p>\n<p>Neben der Erfahrung und der Kommunikation spielt auch das Budget eine wichtige Rolle bei der Auswahl eines Grafikdesigners. Der Preis sollte angemessen sein und die Qualit\u00e4t der Arbeit widerspiegeln. Es kann hilfreich sein, eine Obergrenze des Budgets zu vereinbaren, um sicherzustellen, dass die Arbeit innerhalb des geplanten Rahmens bleibt.<\/p>\n<p>Schlie\u00dflich ist es wichtig zu bedenken, dass Grafikdesign nicht nur das Erstellen von Designs umfasst, sondern auch die Ber\u00fccksichtigung von Faktoren wie Markenidentit\u00e4t, Zielgruppen und Marketingstrategien. Ein erfahrener Designer wird diese Aspekte in Betracht ziehen, um sicherzustellen, dass das Design nicht nur \u00e4sthetisch ansprechend ist, sondern auch effektiv.<\/p>\n<p>Insgesamt ist es also wichtig, bei der Auswahl eines Grafikdesigners auf dessen Erfahrung, Expertise und Kommunikationsf\u00e4higkeiten zu achten. Eine klare Absprache \u00fcber Dateiformate, Budget und Zeitplan ist ebenfalls empfehlenswert. Ein guter Designer wird dar\u00fcber hinaus auch die Aspekte Markenidentit\u00e4t, Zielgruppen und Marketingstrategien ber\u00fccksichtigen, um ein effektives und ansprechendes Design zu schaffen.<\/p>\n<\/div><div class=\"modal-footer\"><button class=\"fusion-button button-default button-medium button default medium\" type=\"button\" data-dismiss=\"modal\">Fenster schlie\u00dfen<\/button><\/div><\/div><\/div><\/div><div class=\"fusion-modal modal fade modal-5 seotop1 seotop1 has-light-close\" tabindex=\"-1\" role=\"dialog\" aria-labelledby=\"modal-heading-5\" aria-hidden=\"true\" style=\"--awb-border-color:#212121;--awb-background:#212121;\"><div class=\"modal-dialog modal-sm\" role=\"document\"><div class=\"modal-content fusion-modal-content\"><div class=\"modal-header\"><button class=\"close\" type=\"button\" data-dismiss=\"modal\" aria-hidden=\"true\" aria-label=\"Fenster schlie\u00dfen\">&times;<\/button><h3 class=\"modal-title\" id=\"modal-heading-5\" data-dismiss=\"modal\" aria-hidden=\"true\">Grafikdesign f\u00fcr Mechernich oder Kommern<\/h3><\/div><div class=\"modal-body fusion-clearfix\">\n<p>Wenn Sie in Mechernich und Kommern einen Grafiker f\u00fcr Ihre Gesch\u00e4ftsausstattung suchen, gibt es eine Vielzahl von Experten, die Ihnen dabei helfen k\u00f6nnen, eine visuelle Identit\u00e4t f\u00fcr Ihr Unternehmen zu schaffen. Grafikdesigner und Grafiker sind Experten f\u00fcr die Gestaltung von visuellen Kommunikationsmaterialien, einschlie\u00dflich Logo-Design, Print-Design und Webdesign.<\/p>\n<p>Um einen erfahrenen Grafiker zu finden, sollten Sie sich an professionelle Grafikdesign-Agenturen in Ihrer N\u00e4he wenden oder online suchen. Eine Agentur hat in der Regel mehrere Grafikdesigner und Grafiker, die Experten in verschiedenen Aspekten des Grafikdesigns sind. Sie k\u00f6nnen Ihnen auch helfen, ein Corporate Design zu entwickeln, das auf Ihre Marke zugeschnitten ist.<\/p>\n<p>Corporate Design ist die Gestaltung von visuellen Elementen, die eine Marke repr\u00e4sentieren, einschlie\u00dflich Farbschemata, Schriftarten, Logos und Bildern. Das Ziel ist es, eine konsistente visuelle Identit\u00e4t zu schaffen, die Ihre Marke von anderen unterscheidet. Ein professioneller Grafiker kann Ihnen dabei helfen, ein Corporate Design zu entwickeln, das Ihre Marke widerspiegelt und gleichzeitig einen einheitlichen Look hat.<\/p>\n<p>Ein Grafikdesigner kann Ihnen auch bei der Gestaltung Ihres Logos helfen. Das Logo ist das Gesicht Ihrer Marke und sollte daher gut gestaltet sein, um Ihr Unternehmen von anderen zu unterscheiden. Der Designer kann Ihnen auch dabei helfen, eine einheitliche \u00c4sthetik zu entwickeln, die in Ihrer gesamten Gesch\u00e4ftsausstattung, einschlie\u00dflich Visitenkarten, Briefpapier und anderen Druckmaterialien, verwendet werden kann.<\/p>\n<p>Webdesign ist ein weiterer wichtiger Aspekt des Grafikdesigns. Heutzutage ist eine gut gestaltete Website f\u00fcr jedes Unternehmen unverzichtbar, da sie Ihre Marke auf der Online-Plattform pr\u00e4sentiert. Ein Grafikdesigner mit Erfahrung in Webdesign kann Ihnen dabei helfen, eine Website zu gestalten, die Ihre Marke widerspiegelt und Ihre Zielgruppe anspricht.<\/p>\n<p>Neben dem Webdesign k\u00f6nnen Grafikdesigner auch Illustrationen und Print-Designs erstellen, die in Marketingmaterialien wie Brosch\u00fcren, Flyern, Postern und Plakaten verwendet werden k\u00f6nnen. Ein erfahrener Grafikdesigner kann sicherstellen, dass alle Ihre Druckmaterialien konsistent und ansprechend aussehen.<\/p>\n<p>Wenn Sie einen Grafiker f\u00fcr Ihre Gesch\u00e4ftsausstattung in Mechernich und Kommern suchen, sollten Sie sich an eine professionelle Grafikdesign-Agentur wenden. Suchen Sie nach einem Designer, der \u00fcber umfangreiche Kenntnisse in Grafikdesign, Logo-Design, Webdesign und Illustration verf\u00fcgt, um sicherzustellen, dass Ihre Marke auf allen Ebenen erfolgreich ist. Es ist ebenfalls wichtig, dass der Designer in der Lage ist, ein konsistentes Branding zu kreieren, welches Ihre Marke von anderen unterscheidet und Ihre Zielgruppe anspricht.<\/p>\n<\/div><div class=\"modal-footer\"><button class=\"fusion-button button-default button-medium button default medium\" type=\"button\" data-dismiss=\"modal\">Fenster schlie\u00dfen<\/button><\/div><\/div><\/div><\/div><div class=\"fusion-modal modal fade modal-6 seotop1 seotop1 has-light-close\" tabindex=\"-1\" role=\"dialog\" aria-labelledby=\"modal-heading-6\" aria-hidden=\"true\" style=\"--awb-border-color:#212121;--awb-background:#212121;\"><div class=\"modal-dialog modal-sm\" role=\"document\"><div class=\"modal-content fusion-modal-content\"><div class=\"modal-header\"><button class=\"close\" type=\"button\" data-dismiss=\"modal\" aria-hidden=\"true\" aria-label=\"Fenster schlie\u00dfen\">&times;<\/button><h3 class=\"modal-title\" id=\"modal-heading-6\" data-dismiss=\"modal\" aria-hidden=\"true\">5 Fragen zum Thema \u00bbFolder &amp; Flyer\u00ab in Mechernich oder Kommern<\/h3><\/div><div class=\"modal-body fusion-clearfix\">\n<ol>\n<li><strong>Welches Ziel verfolge ich mit den neuen Foldern und Flyern und welche Informationen sollen enthalten sein?<br \/>\n<\/strong>Bevor Sie einen Grafiker beauftragen, sollten Sie sich im Vorfeld dar\u00fcber klar werden, welches Ziel Sie mit den neuen Foldern und Flyern verfolgen. Sollen sie beispielsweise als Werbematerial f\u00fcr ein neues Produkt dienen oder als Informationsmaterial f\u00fcr eine Veranstaltung? Welche Informationen sollen enthalten sein und wie sollen diese visuell dargestellt werden? Je genauer Sie Ihre Anforderungen formulieren, desto einfacher wird es dem Grafiker fallen, passende Konzepte zu entwickeln.<\/li>\n<\/ol>\n<ol start=\"2\">\n<li><strong>Welches Budget steht mir f\u00fcr die neuen Folder und Flyer zur Verf\u00fcgung?<br \/>\n<\/strong>Auch das Budget spielt eine wichtige Rolle bei der Erstellung neuer Folder und Flyer. \u00dcberlegen Sie sich im Vorfeld, welches Budget Ihnen zur Verf\u00fcgung steht, um eine realistische Vorstellung davon zu haben, was m\u00f6glich ist. Bedenken Sie dabei, dass gute Gestaltung ihren Preis hat und Qualit\u00e4t sich oft auch in h\u00f6heren Preisen niederschl\u00e4gt. Eine transparente Absprache \u00fcber das Budget erm\u00f6glicht eine gezielte Umsetzung Ihrer Anforderungen.<\/li>\n<\/ol>\n<ol start=\"3\">\n<li><strong>In welchen Formaten sollen die neuen Folder und Flyer vorliegen und wie sollen sie gedruckt werden?<br \/>\n<\/strong>\u00dcberlegen Sie sich im Vorfeld, in welchen Formaten die neuen Folder und Flyer vorliegen sollen und wie sie gedruckt werden sollen. F\u00fcr Print-Unterlagen wird in der Regel ein druckf\u00e4higes PDF-Format ben\u00f6tigt, w\u00e4hrend digitale Vorlagen auch in anderen Formaten, wie beispielsweise JPG oder PNG, vorliegen k\u00f6nnen. Kl\u00e4ren Sie auch ab, ob Sie die Flyer und Folder selbst drucken oder ob Sie einen Druckdienstleister beauftragen m\u00f6chten.<\/li>\n<\/ol>\n<ol start=\"4\">\n<li><strong>Welches Design soll f\u00fcr die neuen Folder und Flyer verwendet werden?<br \/>\n<\/strong>\u00dcberlegen Sie sich, welches Design f\u00fcr die neuen Folder und Flyer verwendet werden soll. Soll das Design sich an Ihrem Corporate Design orientieren oder soll es komplett neu gestaltet werden? Welche Farben, Schriftarten und Bildsprache sollen verwendet werden? Eine klare Vorstellung von Ihrem gew\u00fcnschten Design kann dem Grafiker bei der Entwicklung von passenden Konzepten helfen.<\/li>\n<\/ol>\n<ol start=\"5\">\n<li><strong>Welche Zielgruppe sollen die neuen Folder und Flyer ansprechen?<br \/>\n<\/strong>\u00dcberlegen Sie sich, wer Ihre Zielgruppe ist und welche Erwartungen diese an Ihre Flyer und Folder hat. Soll das Design eher klassisch und seri\u00f6s wirken oder soll es modern und innovativ sein? Soll es eher m\u00e4nnliche oder weibliche Kunden ansprechen? Diese Fragen sollten im Vorfeld gekl\u00e4rt werden, um ein passendes Konzept zu entwickeln, das die Zielgruppe anspricht und Ihr Unternehmen bestm\u00f6glich repr\u00e4sentiert.<\/li>\n<\/ol>\n<\/div><div class=\"modal-footer\"><button class=\"fusion-button button-default button-medium button default medium\" type=\"button\" data-dismiss=\"modal\">Fenster schlie\u00dfen<\/button><\/div><\/div><\/div><\/div><div class=\"fusion-modal modal fade modal-7 seotop1 seotop1 has-light-close\" tabindex=\"-1\" role=\"dialog\" aria-labelledby=\"modal-heading-7\" aria-hidden=\"true\" style=\"--awb-border-color:#212121;--awb-background:#212121;\"><div class=\"modal-dialog modal-sm\" role=\"document\"><div class=\"modal-content fusion-modal-content\"><div class=\"modal-header\"><button class=\"close\" type=\"button\" data-dismiss=\"modal\" aria-hidden=\"true\" aria-label=\"Fenster schlie\u00dfen\">&times;<\/button><h3 class=\"modal-title\" id=\"modal-heading-7\" data-dismiss=\"modal\" aria-hidden=\"true\">Webdesign<\/h3><\/div><div class=\"modal-body fusion-clearfix\">\n<nav class=\"awb-menu awb-menu_row awb-menu_em-hover mobile-mode-collapse-to-button awb-menu_icons-left awb-menu_dc-yes mobile-trigger-fullwidth-off awb-menu_mobile-toggle awb-menu_indent-left awb-menu_mt-align-flex-start mobile-size-full-absolute loading mega-menu-loading awb-menu_desktop awb-menu_dropdown awb-menu_expand-right awb-menu_transition-fade\" style=\"--awb-main-justify-content:flex-start;--awb-mobile-justify:flex-start;--awb-mobile-caret-left:auto;--awb-mobile-caret-right:0;--awb-fusion-font-family-typography:inherit;--awb-fusion-font-style-typography:normal;--awb-fusion-font-weight-typography:400;--awb-fusion-font-family-submenu-typography:inherit;--awb-fusion-font-style-submenu-typography:normal;--awb-fusion-font-weight-submenu-typography:400;--awb-fusion-font-family-mobile-typography:inherit;--awb-fusion-font-style-mobile-typography:normal;--awb-fusion-font-weight-mobile-typography:400;\" aria-label=\"Webdesign Orte\" data-breakpoint=\"1024\" data-count=\"0\" data-transition-type=\"fade\" data-transition-time=\"300\" data-expand=\"right\"><button type=\"button\" class=\"awb-menu__m-toggle awb-menu__m-toggle_no-text\" aria-expanded=\"false\" aria-controls=\"menu-Webdesign-orte\"><span class=\"awb-menu__m-toggle-inner\"><span class=\"collapsed-nav-text\"><span class=\"screen-reader-text\">Toggle Navigation<\/span><\/span><span class=\"awb-menu__m-collapse-icon awb-menu__m-collapse-icon_no-text\"><span class=\"awb-menu__m-collapse-icon-open awb-menu__m-collapse-icon-open_no-text fa-bars fas\"><\/span><span class=\"awb-menu__m-collapse-icon-close awb-menu__m-collapse-icon-close_no-text fa-times fas\"><\/span><\/span><\/span><\/button><ul id=\"menu-webdesign-orte\" class=\"fusion-menu awb-menu__main-ul awb-menu__main-ul_row\"><li  id=\"menu-item-8313\"  class=\"menu-item menu-item-type-post_type menu-item-object-page menu-item-8313 awb-menu__li awb-menu__main-li awb-menu__main-li_regular\"  data-item-id=\"8313\"><span class=\"awb-menu__main-background-default awb-menu__main-background-default_fade\"><\/span><span class=\"awb-menu__main-background-active awb-menu__main-background-active_fade\"><\/span><a  title=\"Ihr Webdesigner f\u00fcr Aachen &#038; D\u00fcren\" href=\"https:\/\/vh-crossmedia.de\/nl\/webdesign-aachen-dueren\/\" class=\"awb-menu__main-a awb-menu__main-a_regular\" data-ps2id-api=\"true\"><span class=\"menu-text\">Ihr Webdesigner f\u00fcr Aachen &#038; D\u00fcren<\/span><\/a><\/li><li  id=\"menu-item-8347\"  class=\"menu-item menu-item-type-post_type menu-item-object-page menu-item-8347 awb-menu__li awb-menu__main-li awb-menu__main-li_regular\"  data-item-id=\"8347\"><span class=\"awb-menu__main-background-default awb-menu__main-background-default_fade\"><\/span><span class=\"awb-menu__main-background-active awb-menu__main-background-active_fade\"><\/span><a  title=\"Ihr Webdesigner f\u00fcr Adenau &#038; Bad Neuenahr-Ahrweiler\" href=\"https:\/\/vh-crossmedia.de\/nl\/webdesign-adenau-bad-neuenahr-ahrweiler\/\" class=\"awb-menu__main-a awb-menu__main-a_regular\" data-ps2id-api=\"true\"><span class=\"menu-text\">Ihr Webdesigner f\u00fcr Adenau &#038; Bad Neuenahr-Ahrweiler<\/span><\/a><\/li><li  id=\"menu-item-8372\"  class=\"menu-item menu-item-type-post_type menu-item-object-page menu-item-8372 awb-menu__li awb-menu__main-li awb-menu__main-li_regular\"  data-item-id=\"8372\"><span class=\"awb-menu__main-background-default awb-menu__main-background-default_fade\"><\/span><span class=\"awb-menu__main-background-active awb-menu__main-background-active_fade\"><\/span><a  title=\"Ihr Webdesigner f\u00fcr Mechernich &#038; Kommern\" href=\"https:\/\/vh-crossmedia.de\/nl\/webdesign-mechernich-kommern\/\" class=\"awb-menu__main-a awb-menu__main-a_regular\" data-ps2id-api=\"true\"><span class=\"menu-text\">Ihr Webdesigner f\u00fcr Mechernich &#038; Kommern<\/span><\/a><\/li><li  id=\"menu-item-8373\"  class=\"menu-item menu-item-type-post_type menu-item-object-page menu-item-8373 awb-menu__li awb-menu__main-li awb-menu__main-li_regular\"  data-item-id=\"8373\"><span class=\"awb-menu__main-background-default awb-menu__main-background-default_fade\"><\/span><span class=\"awb-menu__main-background-active awb-menu__main-background-active_fade\"><\/span><a  title=\"Ihr Webdesigner f\u00fcr Z\u00fclpich &#038; Euskirchen\" href=\"https:\/\/vh-crossmedia.de\/nl\/webdesign-zuelpich-euskirchen\/\" class=\"awb-menu__main-a awb-menu__main-a_regular\" data-ps2id-api=\"true\"><span class=\"menu-text\">Ihr Webdesigner f\u00fcr Z\u00fclpich &#038; Euskirchen<\/span><\/a><\/li><li  id=\"menu-item-8454\"  class=\"menu-item menu-item-type-post_type menu-item-object-page menu-item-8454 awb-menu__li awb-menu__main-li awb-menu__main-li_regular\"  data-item-id=\"8454\"><span class=\"awb-menu__main-background-default awb-menu__main-background-default_fade\"><\/span><span class=\"awb-menu__main-background-active awb-menu__main-background-active_fade\"><\/span><a  title=\"Ihr Webdesigner f\u00fcr Mayen &#038; Andernach\" href=\"https:\/\/vh-crossmedia.de\/nl\/webdesign-mayen-andernach\/\" class=\"awb-menu__main-a awb-menu__main-a_regular\" data-ps2id-api=\"true\"><span class=\"menu-text\">Ihr Webdesigner f\u00fcr Mayen &#038; Andernach<\/span><\/a><\/li><li  id=\"menu-item-8455\"  class=\"menu-item menu-item-type-post_type menu-item-object-page menu-item-8455 awb-menu__li awb-menu__main-li awb-menu__main-li_regular\"  data-item-id=\"8455\"><span class=\"awb-menu__main-background-default awb-menu__main-background-default_fade\"><\/span><span class=\"awb-menu__main-background-active awb-menu__main-background-active_fade\"><\/span><a  title=\"Ihr Webdesigner f\u00fcr Koblenz &#038; Neuwied\" href=\"https:\/\/vh-crossmedia.de\/nl\/webdesign-koblenz-neuwied\/\" class=\"awb-menu__main-a awb-menu__main-a_regular\" data-ps2id-api=\"true\"><span class=\"menu-text\">Ihr Webdesigner f\u00fcr Koblenz &#038; Neuwied<\/span><\/a><\/li><li  id=\"menu-item-8456\"  class=\"menu-item menu-item-type-post_type menu-item-object-page menu-item-8456 awb-menu__li awb-menu__main-li awb-menu__main-li_regular\"  data-item-id=\"8456\"><span class=\"awb-menu__main-background-default awb-menu__main-background-default_fade\"><\/span><span class=\"awb-menu__main-background-active awb-menu__main-background-active_fade\"><\/span><a  title=\"Ihr Webdesigner f\u00fcr Siegburg &#038; Bonn\" href=\"https:\/\/vh-crossmedia.de\/nl\/webdesign-siegburg-bonn\/\" class=\"awb-menu__main-a awb-menu__main-a_regular\" data-ps2id-api=\"true\"><span class=\"menu-text\">Ihr Webdesigner f\u00fcr Siegburg &#038; Bonn<\/span><\/a><\/li><li  id=\"menu-item-8457\"  class=\"menu-item menu-item-type-post_type menu-item-object-page menu-item-8457 awb-menu__li awb-menu__main-li awb-menu__main-li_regular\"  data-item-id=\"8457\"><span class=\"awb-menu__main-background-default awb-menu__main-background-default_fade\"><\/span><span class=\"awb-menu__main-background-active awb-menu__main-background-active_fade\"><\/span><a  title=\"Ihr Webdesigner f\u00fcr Trier &#038; Bitburg\" href=\"https:\/\/vh-crossmedia.de\/nl\/webdesign-trier-bitburg\/\" class=\"awb-menu__main-a awb-menu__main-a_regular\" data-ps2id-api=\"true\"><span class=\"menu-text\">Ihr Webdesigner f\u00fcr Trier &#038; Bitburg<\/span><\/a><\/li><\/ul><\/nav>\n<\/div><div class=\"modal-footer\"><button class=\"fusion-button button-default button-medium button default medium\" type=\"button\" data-dismiss=\"modal\">Fenster schlie\u00dfen<\/button><\/div><\/div><\/div><\/div>\n<div class=\"fusion-clearfix\"><\/div><\/div><\/div><div class=\"fusion-layout-column fusion_builder_column fusion-builder-column-1 fusion_builder_column_1_4 1_4 fusion-one-fourth fusion-column-last\" style=\"--awb-bg-size:cover;--awb-margin-top:20px;--awb-margin-bottom:0px;width:22%;\" data-scroll-devices=\"small-visibility,medium-visibility,large-visibility\"><div class=\"fusion-column-wrapper fusion-column-has-shadow fusion-flex-column-wrapper-legacy\"><div class=\"fusion-image-element in-legacy-container\" style=\"--awb-caption-title-font-family:var(--h2_typography-font-family);--awb-caption-title-font-weight:var(--h2_typography-font-weight);--awb-caption-title-font-style:var(--h2_typography-font-style);--awb-caption-title-size:var(--h2_typography-font-size);--awb-caption-title-transform:var(--h2_typography-text-transform);--awb-caption-title-line-height:var(--h2_typography-line-height);--awb-caption-title-letter-spacing:var(--h2_typography-letter-spacing);\"><span class=\" fusion-imageframe imageframe-none imageframe-1 hover-type-none\" style=\"border-radius:50%;\"><img decoding=\"async\" width=\"600\" height=\"600\" alt=\"Volker Heupel \u2013 Grafikdesigner | Webdesigner\" title=\"Volker Heupel \u2013 Grafikdesigner | Webdesigner\" src=\"https:\/\/vh-crossmedia.de\/wp-content\/uploads\/2023\/04\/IMG_3848_SW-600x600-1.jpg\" data-orig-src=\"https:\/\/vh-crossmedia.de\/wp-content\/uploads\/2023\/04\/IMG_3848_SW-600x600-1.jpg\" class=\"lazyload img-responsive wp-image-7859\" srcset=\"data:image\/svg+xml,%3Csvg%20xmlns%3D%27http%3A%2F%2Fwww.w3.org%2F2000%2Fsvg%27%20width%3D%27600%27%20height%3D%27600%27%20viewBox%3D%270%200%20600%20600%27%3E%3Crect%20width%3D%27600%27%20height%3D%27600%27%20fill-opacity%3D%220%22%2F%3E%3C%2Fsvg%3E\" data-srcset=\"https:\/\/vh-crossmedia.de\/wp-content\/uploads\/2023\/04\/IMG_3848_SW-600x600-1-400x400.jpg 400w, https:\/\/vh-crossmedia.de\/wp-content\/uploads\/2023\/04\/IMG_3848_SW-600x600-1.jpg 600w\" data-sizes=\"auto\" data-orig-sizes=\"(max-width: 800px) 100vw, 200px\" \/><\/span><\/div><div class=\"fusion-clearfix\"><\/div><\/div><\/div><\/div><\/div><div class=\"fusion-fullwidth fullwidth-box fusion-builder-row-2 nonhundred-percent-fullwidth non-hundred-percent-height-scrolling\" style=\"--awb-border-radius-top-left:0px;--awb-border-radius-top-right:0px;--awb-border-radius-bottom-right:0px;--awb-border-radius-bottom-left:0px;--awb-padding-top:60px;--awb-padding-bottom:40px;--awb-background-color:#19191a;--awb-flex-wrap:wrap;\" ><div class=\"fusion-builder-row fusion-row\"><div class=\"fusion-layout-column fusion_builder_column fusion-builder-column-2 fusion_builder_column_1_1 1_1 fusion-one-full fusion-column-first fusion-column-last\" style=\"--awb-bg-size:cover;\" data-scroll-devices=\"small-visibility,medium-visibility,large-visibility\"><div class=\"fusion-column-wrapper fusion-column-has-shadow fusion-flex-column-wrapper-legacy\"><div class=\"fusion-text fusion-text-3\"><h3>Meine Referenzen: Erfolgreiche Projekte f\u00fcr verschiedene Kunden und Branchen<\/h3>\n<p>Als Grafikdesigner habe ich Erfahrung in der Durchf\u00fchrung von Projekten f\u00fcr Kunden verschiedener Branchen gesammelt und konnte in diesem Zusammenhang meine F\u00e4higkeit unter Beweis stellen, die Bed\u00fcrfnisse und Anforderungen meiner Kunden zu verstehen und effektive Designs zu liefern. Ich verf\u00fcge \u00fcber Kenntnisse in verschiedenen Bereichen wie der Erstellung von Logos, Brosch\u00fcren, Werbekampagnen und Webdesigns. Durch meine Arbeit mit verschiedenen Kunden konnte ich meine F\u00e4higkeiten verbessern und meine Expertise in Bereichen wie Branding, Marketing und visueller Kommunikation erweitern. Ich bin dankbar daf\u00fcr, dass ich mit meinen Designs dazu beitragen konnte, den Erfolg meiner Kunden zu unterst\u00fctzen und freue mich auf weitere spannende Projekte, um meine F\u00e4higkeiten weiter auszubauen.<\/p>\n<\/div><div class=\"fusion-clearfix\"><\/div><\/div><\/div><div class=\"fusion-layout-column fusion_builder_column fusion-builder-column-3 fusion_builder_column_1_1 1_1 fusion-one-full fusion-column-first fusion-column-last fusion-no-small-visibility\" style=\"--awb-bg-size:cover;--awb-margin-top:20px;--awb-margin-bottom:0px;\" data-scroll-devices=\"small-visibility,medium-visibility,large-visibility\"><div class=\"fusion-column-wrapper fusion-column-has-shadow fusion-flex-column-wrapper-legacy\"><div class=\"fusion-recent-works fusion-portfolio-element fusion-portfolio fusion-portfolio-1 fusion-portfolio-carousel fusion-portfolio-paging-pagination recent-works-carousel portfolio-carousel picture-size-auto\" data-id=\"-rw-1\"><div class=\"awb-carousel awb-swiper awb-swiper-carousel fusion-carousel-title-below-image\" style=\"--awb-columns:3;\" data-metacontent=\"yes\" data-autoplay=\"yes\" data-columns=\"3\" data-itemmargin=\"20\" data-itemwidth=\"180\" data-touchscroll=\"yes\" data-imagesize=\"auto\"><div class=\"swiper-wrapper\"><div class=\"swiper-slide\"><div class=\"fusion-carousel-item-wrapper\"><span class=\"entry-title rich-snippet-hidden\">Logo und Illustrationen<\/span><span class=\"vcard rich-snippet-hidden\"><span class=\"fn\"><a href=\"https:\/\/vh-crossmedia.de\/nl\/author\/vh-crossmedia\/\" rel=\"author\">vh-crossmedia<\/a><\/span><\/span><span class=\"updated rich-snippet-hidden\">2026-08-21T17:15:07+02:00<\/span><div  class=\"fusion-image-wrapper\" aria-haspopup=\"true\">\n\t\t\t\t\t\t\t<a href=\"https:\/\/vh-crossmedia.de\/nl\/referenzen\/logo-illustration\/\" aria-label=\"Logo und Illustrationen\">\n\t\t\t\t\t\t\t<img decoding=\"async\" width=\"1638\" height=\"1200\" src=\"https:\/\/vh-crossmedia.de\/wp-content\/uploads\/2018\/03\/Logo-Junkerhaus-1.jpg\" class=\"attachment-full size-full lazyload wp-post-image\" alt=\"vh-crossmedia | Volker Heupel | Referenzen\" srcset=\"data:image\/svg+xml,%3Csvg%20xmlns%3D%27http%3A%2F%2Fwww.w3.org%2F2000%2Fsvg%27%20width%3D%271638%27%20height%3D%271200%27%20viewBox%3D%270%200%201638%201200%27%3E%3Crect%20width%3D%271638%27%20height%3D%271200%27%20fill-opacity%3D%220%22%2F%3E%3C%2Fsvg%3E\" title=\"vh-crossmedia | Volker Heupel | Referenzen\" data-orig-src=\"https:\/\/vh-crossmedia.de\/wp-content\/uploads\/2018\/03\/Logo-Junkerhaus-1.jpg\" data-srcset=\"https:\/\/vh-crossmedia.de\/wp-content\/uploads\/2018\/03\/Logo-Junkerhaus-1-400x293.jpg 400w, https:\/\/vh-crossmedia.de\/wp-content\/uploads\/2018\/03\/Logo-Junkerhaus-1-600x440.jpg 600w, https:\/\/vh-crossmedia.de\/wp-content\/uploads\/2018\/03\/Logo-Junkerhaus-1-800x586.jpg 800w, https:\/\/vh-crossmedia.de\/wp-content\/uploads\/2018\/03\/Logo-Junkerhaus-1-1200x879.jpg 1200w, https:\/\/vh-crossmedia.de\/wp-content\/uploads\/2018\/03\/Logo-Junkerhaus-1.jpg 1638w\" data-sizes=\"auto\" \/>\t\t\t<\/a>\n\t\t\t\t\t\t\t<\/div>\n<h4 class=\"fusion-carousel-title\"><a href=\"https:\/\/vh-crossmedia.de\/nl\/referenzen\/logo-illustration\/\" target=\"_self\">Logo und Illustrationen<\/a><\/h4><div class=\"fusion-carousel-meta\"><a href=\"https:\/\/vh-crossmedia.de\/nl\/portfolio_category\/logodesign-und-illustrationen\/\" rel=\"tag\">Logodesign und Illustrationen<\/a><\/div><\/div><\/div><div class=\"swiper-slide\"><div class=\"fusion-carousel-item-wrapper\"><span class=\"entry-title rich-snippet-hidden\">Gesch\u00e4ftsausstattung<\/span><span class=\"vcard rich-snippet-hidden\"><span class=\"fn\"><a href=\"https:\/\/vh-crossmedia.de\/nl\/author\/vh-crossmedia\/\" rel=\"author\">vh-crossmedia<\/a><\/span><\/span><span class=\"updated rich-snippet-hidden\">2024-08-08T15:40:10+02:00<\/span><div  class=\"fusion-image-wrapper\" aria-haspopup=\"true\">\n\t\t\t\t\t\t\t<a href=\"https:\/\/vh-crossmedia.de\/nl\/referenzen\/geschaeftsausstattung\/\" aria-label=\"Gesch\u00e4ftsausstattung\">\n\t\t\t\t\t\t\t<img decoding=\"async\" width=\"1638\" height=\"1200\" src=\"https:\/\/vh-crossmedia.de\/wp-content\/uploads\/2018\/03\/Hotel-fuenf-10_mappe_5mm_23-09_Ansicht-3D.jpg\" class=\"attachment-full size-full lazyload wp-post-image\" alt=\"vh-crossmedia | Volker Heupel | Referenzen Gesch\u00e4ftsausstattung: Mappen\" srcset=\"data:image\/svg+xml,%3Csvg%20xmlns%3D%27http%3A%2F%2Fwww.w3.org%2F2000%2Fsvg%27%20width%3D%271638%27%20height%3D%271200%27%20viewBox%3D%270%200%201638%201200%27%3E%3Crect%20width%3D%271638%27%20height%3D%271200%27%20fill-opacity%3D%220%22%2F%3E%3C%2Fsvg%3E\" title=\"vh-crossmedia | Volker Heupel | Referenzen Gesch\u00e4ftsausstattung: Mappen\" data-orig-src=\"https:\/\/vh-crossmedia.de\/wp-content\/uploads\/2018\/03\/Hotel-fuenf-10_mappe_5mm_23-09_Ansicht-3D.jpg\" data-srcset=\"https:\/\/vh-crossmedia.de\/wp-content\/uploads\/2018\/03\/Hotel-fuenf-10_mappe_5mm_23-09_Ansicht-3D-400x293.jpg 400w, https:\/\/vh-crossmedia.de\/wp-content\/uploads\/2018\/03\/Hotel-fuenf-10_mappe_5mm_23-09_Ansicht-3D-600x440.jpg 600w, https:\/\/vh-crossmedia.de\/wp-content\/uploads\/2018\/03\/Hotel-fuenf-10_mappe_5mm_23-09_Ansicht-3D-800x586.jpg 800w, https:\/\/vh-crossmedia.de\/wp-content\/uploads\/2018\/03\/Hotel-fuenf-10_mappe_5mm_23-09_Ansicht-3D-1200x879.jpg 1200w, https:\/\/vh-crossmedia.de\/wp-content\/uploads\/2018\/03\/Hotel-fuenf-10_mappe_5mm_23-09_Ansicht-3D.jpg 1638w\" data-sizes=\"auto\" \/>\t\t\t<\/a>\n\t\t\t\t\t\t\t<\/div>\n<h4 class=\"fusion-carousel-title\"><a href=\"https:\/\/vh-crossmedia.de\/nl\/referenzen\/geschaeftsausstattung\/\" target=\"_self\">Gesch\u00e4ftsausstattung<\/a><\/h4><div class=\"fusion-carousel-meta\"><a href=\"https:\/\/vh-crossmedia.de\/nl\/portfolio_category\/grafikdesign-geschaeftsausstattung\/\" rel=\"tag\">Grafikdesign: Gesch\u00e4ftsausstattung<\/a><\/div><\/div><\/div><div class=\"swiper-slide\"><div class=\"fusion-carousel-item-wrapper\"><span class=\"entry-title rich-snippet-hidden\">Magazine, Kataloge, Brosch\u00fcren<\/span><span class=\"vcard rich-snippet-hidden\"><span class=\"fn\"><a href=\"https:\/\/vh-crossmedia.de\/nl\/author\/vh-crossmedia\/\" rel=\"author\">vh-crossmedia<\/a><\/span><\/span><span class=\"updated rich-snippet-hidden\">2023-07-25T15:12:28+02:00<\/span><div  class=\"fusion-image-wrapper\" aria-haspopup=\"true\">\n\t\t\t\t\t\t\t<a href=\"https:\/\/vh-crossmedia.de\/nl\/referenzen\/magazine-kataloge-broschueren\/\" aria-label=\"Magazine, Kataloge, Brosch\u00fcren\">\n\t\t\t\t\t\t\t<img decoding=\"async\" width=\"826\" height=\"606\" src=\"https:\/\/vh-crossmedia.de\/wp-content\/uploads\/2018\/03\/Arbeitsheft-Europa-Grossregion_22-08_Ansicht_3D-1.jpg\" class=\"attachment-full size-full lazyload wp-post-image\" alt=\"vh-crossmedia | Magazine, Kataloge, Brosch\u00fcren\" srcset=\"data:image\/svg+xml,%3Csvg%20xmlns%3D%27http%3A%2F%2Fwww.w3.org%2F2000%2Fsvg%27%20width%3D%27826%27%20height%3D%27606%27%20viewBox%3D%270%200%20826%20606%27%3E%3Crect%20width%3D%27826%27%20height%3D%27606%27%20fill-opacity%3D%220%22%2F%3E%3C%2Fsvg%3E\" title=\"vh-crossmedia | Magazine, Kataloge, Brosch\u00fcren\" data-orig-src=\"https:\/\/vh-crossmedia.de\/wp-content\/uploads\/2018\/03\/Arbeitsheft-Europa-Grossregion_22-08_Ansicht_3D-1.jpg\" data-srcset=\"https:\/\/vh-crossmedia.de\/wp-content\/uploads\/2018\/03\/Arbeitsheft-Europa-Grossregion_22-08_Ansicht_3D-1-400x293.jpg 400w, https:\/\/vh-crossmedia.de\/wp-content\/uploads\/2018\/03\/Arbeitsheft-Europa-Grossregion_22-08_Ansicht_3D-1-600x440.jpg 600w, https:\/\/vh-crossmedia.de\/wp-content\/uploads\/2018\/03\/Arbeitsheft-Europa-Grossregion_22-08_Ansicht_3D-1-800x587.jpg 800w, https:\/\/vh-crossmedia.de\/wp-content\/uploads\/2018\/03\/Arbeitsheft-Europa-Grossregion_22-08_Ansicht_3D-1.jpg 826w\" data-sizes=\"auto\" \/>\t\t\t<\/a>\n\t\t\t\t\t\t\t<\/div>\n<h4 class=\"fusion-carousel-title\"><a href=\"https:\/\/vh-crossmedia.de\/nl\/referenzen\/magazine-kataloge-broschueren\/\" target=\"_self\">Magazine, Kataloge, Brosch\u00fcren<\/a><\/h4><div class=\"fusion-carousel-meta\"><a href=\"https:\/\/vh-crossmedia.de\/nl\/portfolio_category\/grafikdesign-magazine-kataloge-broschueren\/\" rel=\"tag\">Grafikdesign: Magazine, Kataloge, Brosch\u00fcren<\/a><\/div><\/div><\/div><div class=\"swiper-slide\"><div class=\"fusion-carousel-item-wrapper\"><span class=\"entry-title rich-snippet-hidden\">Faltbl\u00e4tter, Folder, Flyer<\/span><span class=\"vcard rich-snippet-hidden\"><span class=\"fn\"><a href=\"https:\/\/vh-crossmedia.de\/nl\/author\/vh-crossmedia\/\" rel=\"author\">vh-crossmedia<\/a><\/span><\/span><span class=\"updated rich-snippet-hidden\">2024-08-08T15:39:57+02:00<\/span><div  class=\"fusion-image-wrapper\" aria-haspopup=\"true\">\n\t\t\t\t\t\t\t<a href=\"https:\/\/vh-crossmedia.de\/nl\/referenzen\/faltblaetter-folder-flyer\/\" aria-label=\"Faltbl\u00e4tter, Folder, Flyer\">\n\t\t\t\t\t\t\t<img decoding=\"async\" width=\"826\" height=\"606\" src=\"https:\/\/vh-crossmedia.de\/wp-content\/uploads\/2018\/03\/FWMH_6Seiter-210x210_21-01_Ansicht-3Da.jpg\" class=\"attachment-full size-full lazyload wp-post-image\" alt=\"vh-crossmedia | Volker Heupel | Referenzen\" srcset=\"data:image\/svg+xml,%3Csvg%20xmlns%3D%27http%3A%2F%2Fwww.w3.org%2F2000%2Fsvg%27%20width%3D%27826%27%20height%3D%27606%27%20viewBox%3D%270%200%20826%20606%27%3E%3Crect%20width%3D%27826%27%20height%3D%27606%27%20fill-opacity%3D%220%22%2F%3E%3C%2Fsvg%3E\" title=\"vh-crossmedia | Volker Heupel | Referenzen\" data-orig-src=\"https:\/\/vh-crossmedia.de\/wp-content\/uploads\/2018\/03\/FWMH_6Seiter-210x210_21-01_Ansicht-3Da.jpg\" data-srcset=\"https:\/\/vh-crossmedia.de\/wp-content\/uploads\/2018\/03\/FWMH_6Seiter-210x210_21-01_Ansicht-3Da-400x293.jpg 400w, https:\/\/vh-crossmedia.de\/wp-content\/uploads\/2018\/03\/FWMH_6Seiter-210x210_21-01_Ansicht-3Da-600x440.jpg 600w, https:\/\/vh-crossmedia.de\/wp-content\/uploads\/2018\/03\/FWMH_6Seiter-210x210_21-01_Ansicht-3Da-800x587.jpg 800w, https:\/\/vh-crossmedia.de\/wp-content\/uploads\/2018\/03\/FWMH_6Seiter-210x210_21-01_Ansicht-3Da.jpg 826w\" data-sizes=\"auto\" \/>\t\t\t<\/a>\n\t\t\t\t\t\t\t<\/div>\n<h4 class=\"fusion-carousel-title\"><a href=\"https:\/\/vh-crossmedia.de\/nl\/referenzen\/faltblaetter-folder-flyer\/\" target=\"_self\">Faltbl\u00e4tter, Folder, Flyer<\/a><\/h4><div class=\"fusion-carousel-meta\"><a href=\"https:\/\/vh-crossmedia.de\/nl\/portfolio_category\/grafikdesign-faltblaetter-folder-flyer\/\" rel=\"tag\">Grafikdesign: Faltbl\u00e4tter, Folder, Flyer<\/a><\/div><\/div><\/div><div class=\"swiper-slide\"><div class=\"fusion-carousel-item-wrapper\"><span class=\"entry-title rich-snippet-hidden\">Anzeigengestaltung<\/span><span class=\"vcard rich-snippet-hidden\"><span class=\"fn\"><a href=\"https:\/\/vh-crossmedia.de\/nl\/author\/vh-crossmedia\/\" rel=\"author\">vh-crossmedia<\/a><\/span><\/span><span class=\"updated rich-snippet-hidden\">2024-08-08T15:39:39+02:00<\/span><div  class=\"fusion-image-wrapper\" aria-haspopup=\"true\">\n\t\t\t\t\t\t\t<a href=\"https:\/\/vh-crossmedia.de\/nl\/referenzen\/anzeigengestaltung\/\" aria-label=\"Anzeigengestaltung\">\n\t\t\t\t\t\t\t<img decoding=\"async\" width=\"1638\" height=\"1200\" src=\"https:\/\/vh-crossmedia.de\/wp-content\/uploads\/2018\/03\/vh-crossmedia_referenzen_anzeigengestaltung_18-08-23c.jpg\" class=\"attachment-full size-full lazyload wp-post-image\" alt=\"vh-crossmedia | Anzeigengestaltung\" srcset=\"data:image\/svg+xml,%3Csvg%20xmlns%3D%27http%3A%2F%2Fwww.w3.org%2F2000%2Fsvg%27%20width%3D%271638%27%20height%3D%271200%27%20viewBox%3D%270%200%201638%201200%27%3E%3Crect%20width%3D%271638%27%20height%3D%271200%27%20fill-opacity%3D%220%22%2F%3E%3C%2Fsvg%3E\" title=\"vh-crossmedia | Anzeigengestaltung\" data-orig-src=\"https:\/\/vh-crossmedia.de\/wp-content\/uploads\/2018\/03\/vh-crossmedia_referenzen_anzeigengestaltung_18-08-23c.jpg\" data-srcset=\"https:\/\/vh-crossmedia.de\/wp-content\/uploads\/2018\/03\/vh-crossmedia_referenzen_anzeigengestaltung_18-08-23c-400x293.jpg 400w, https:\/\/vh-crossmedia.de\/wp-content\/uploads\/2018\/03\/vh-crossmedia_referenzen_anzeigengestaltung_18-08-23c-600x440.jpg 600w, https:\/\/vh-crossmedia.de\/wp-content\/uploads\/2018\/03\/vh-crossmedia_referenzen_anzeigengestaltung_18-08-23c-800x586.jpg 800w, https:\/\/vh-crossmedia.de\/wp-content\/uploads\/2018\/03\/vh-crossmedia_referenzen_anzeigengestaltung_18-08-23c-1200x879.jpg 1200w, https:\/\/vh-crossmedia.de\/wp-content\/uploads\/2018\/03\/vh-crossmedia_referenzen_anzeigengestaltung_18-08-23c.jpg 1638w\" data-sizes=\"auto\" \/>\t\t\t<\/a>\n\t\t\t\t\t\t\t<\/div>\n<h4 class=\"fusion-carousel-title\"><a href=\"https:\/\/vh-crossmedia.de\/nl\/referenzen\/anzeigengestaltung\/\" target=\"_self\">Anzeigengestaltung<\/a><\/h4><div class=\"fusion-carousel-meta\"><a href=\"https:\/\/vh-crossmedia.de\/nl\/portfolio_category\/grafikdesign-anzeigengestaltung\/\" rel=\"tag\">Grafikdesign: Anzeigengestaltung<\/a><\/div><\/div><\/div><div class=\"swiper-slide\"><div class=\"fusion-carousel-item-wrapper\"><span class=\"entry-title rich-snippet-hidden\">Poster, Banner, Roll-Ups<\/span><span class=\"vcard rich-snippet-hidden\"><span class=\"fn\"><a href=\"https:\/\/vh-crossmedia.de\/nl\/author\/vh-crossmedia\/\" rel=\"author\">vh-crossmedia<\/a><\/span><\/span><span class=\"updated rich-snippet-hidden\">2024-08-08T15:39:29+02:00<\/span><div  class=\"fusion-image-wrapper\" aria-haspopup=\"true\">\n\t\t\t\t\t\t\t<a href=\"https:\/\/vh-crossmedia.de\/nl\/referenzen\/poster-banner-rollups-displays\/\" aria-label=\"Poster, Banner, Roll-Ups\">\n\t\t\t\t\t\t\t<img decoding=\"async\" width=\"826\" height=\"606\" src=\"https:\/\/vh-crossmedia.de\/wp-content\/uploads\/2018\/03\/HWP_Plane-1720x2520_22-07_Ansicht_3D-1.jpg\" class=\"attachment-full size-full lazyload wp-post-image\" alt=\"vh-crossmedia | Poster, Banner, Roll-Ups, Displays\" srcset=\"data:image\/svg+xml,%3Csvg%20xmlns%3D%27http%3A%2F%2Fwww.w3.org%2F2000%2Fsvg%27%20width%3D%27826%27%20height%3D%27606%27%20viewBox%3D%270%200%20826%20606%27%3E%3Crect%20width%3D%27826%27%20height%3D%27606%27%20fill-opacity%3D%220%22%2F%3E%3C%2Fsvg%3E\" title=\"vh-crossmedia | Poster, Banner, Roll-Ups, Displays\" data-orig-src=\"https:\/\/vh-crossmedia.de\/wp-content\/uploads\/2018\/03\/HWP_Plane-1720x2520_22-07_Ansicht_3D-1.jpg\" data-srcset=\"https:\/\/vh-crossmedia.de\/wp-content\/uploads\/2018\/03\/HWP_Plane-1720x2520_22-07_Ansicht_3D-1-400x293.jpg 400w, https:\/\/vh-crossmedia.de\/wp-content\/uploads\/2018\/03\/HWP_Plane-1720x2520_22-07_Ansicht_3D-1-600x440.jpg 600w, https:\/\/vh-crossmedia.de\/wp-content\/uploads\/2018\/03\/HWP_Plane-1720x2520_22-07_Ansicht_3D-1-800x587.jpg 800w, https:\/\/vh-crossmedia.de\/wp-content\/uploads\/2018\/03\/HWP_Plane-1720x2520_22-07_Ansicht_3D-1.jpg 826w\" data-sizes=\"auto\" \/>\t\t\t<\/a>\n\t\t\t\t\t\t\t<\/div>\n<h4 class=\"fusion-carousel-title\"><a href=\"https:\/\/vh-crossmedia.de\/nl\/referenzen\/poster-banner-rollups-displays\/\" target=\"_self\">Poster, Banner, Roll-Ups<\/a><\/h4><div class=\"fusion-carousel-meta\"><a href=\"https:\/\/vh-crossmedia.de\/nl\/portfolio_category\/grafikdesign-poster-banner-rollups-displays\/\" rel=\"tag\">Grafikdesign: Poster, Banner, Roll-Ups, Displays<\/a><\/div><\/div><\/div><div class=\"swiper-slide\"><div class=\"fusion-carousel-item-wrapper\"><span class=\"entry-title rich-snippet-hidden\">Beschriftungen und Beschilderungen<\/span><span class=\"vcard rich-snippet-hidden\"><span class=\"fn\"><a href=\"https:\/\/vh-crossmedia.de\/nl\/author\/vh-crossmedia\/\" rel=\"author\">vh-crossmedia<\/a><\/span><\/span><span class=\"updated rich-snippet-hidden\">2023-07-25T15:15:00+02:00<\/span><div  class=\"fusion-image-wrapper\" aria-haspopup=\"true\">\n\t\t\t\t\t\t\t<a href=\"https:\/\/vh-crossmedia.de\/nl\/referenzen\/beschriftungen-beschilderungen-beklebungen\/\" aria-label=\"Beschriftungen und Beschilderungen\">\n\t\t\t\t\t\t\t<img decoding=\"async\" width=\"1638\" height=\"1200\" src=\"https:\/\/vh-crossmedia.de\/wp-content\/uploads\/2018\/03\/vh-crossmedia_referenzen_beschriftungen-beschilderungen-beklebungen_16.jpg\" class=\"attachment-full size-full lazyload wp-post-image\" alt=\"vh-crossmedia | Beschriftungen, Beschilderungen, Beklebungen\" srcset=\"data:image\/svg+xml,%3Csvg%20xmlns%3D%27http%3A%2F%2Fwww.w3.org%2F2000%2Fsvg%27%20width%3D%271638%27%20height%3D%271200%27%20viewBox%3D%270%200%201638%201200%27%3E%3Crect%20width%3D%271638%27%20height%3D%271200%27%20fill-opacity%3D%220%22%2F%3E%3C%2Fsvg%3E\" title=\"vh-crossmedia | Beschriftungen, Beschilderungen, Beklebungen\" data-orig-src=\"https:\/\/vh-crossmedia.de\/wp-content\/uploads\/2018\/03\/vh-crossmedia_referenzen_beschriftungen-beschilderungen-beklebungen_16.jpg\" data-srcset=\"https:\/\/vh-crossmedia.de\/wp-content\/uploads\/2018\/03\/vh-crossmedia_referenzen_beschriftungen-beschilderungen-beklebungen_16-400x293.jpg 400w, https:\/\/vh-crossmedia.de\/wp-content\/uploads\/2018\/03\/vh-crossmedia_referenzen_beschriftungen-beschilderungen-beklebungen_16-600x440.jpg 600w, https:\/\/vh-crossmedia.de\/wp-content\/uploads\/2018\/03\/vh-crossmedia_referenzen_beschriftungen-beschilderungen-beklebungen_16-800x586.jpg 800w, https:\/\/vh-crossmedia.de\/wp-content\/uploads\/2018\/03\/vh-crossmedia_referenzen_beschriftungen-beschilderungen-beklebungen_16-1200x879.jpg 1200w, https:\/\/vh-crossmedia.de\/wp-content\/uploads\/2018\/03\/vh-crossmedia_referenzen_beschriftungen-beschilderungen-beklebungen_16.jpg 1638w\" data-sizes=\"auto\" \/>\t\t\t<\/a>\n\t\t\t\t\t\t\t<\/div>\n<h4 class=\"fusion-carousel-title\"><a href=\"https:\/\/vh-crossmedia.de\/nl\/referenzen\/beschriftungen-beschilderungen-beklebungen\/\" target=\"_self\">Beschriftungen und Beschilderungen<\/a><\/h4><div class=\"fusion-carousel-meta\"><a href=\"https:\/\/vh-crossmedia.de\/nl\/portfolio_category\/grafikdesign-beschriftungen-beschilderungen-beklebungen\/\" rel=\"tag\">Grafikdesign: Beschriftungen und Beschilderungen<\/a><\/div><\/div><\/div><div class=\"swiper-slide\"><div class=\"fusion-carousel-item-wrapper\"><span class=\"entry-title rich-snippet-hidden\">Displays, Verpackungen und Dekorationen<\/span><span class=\"vcard rich-snippet-hidden\"><span class=\"fn\"><a href=\"https:\/\/vh-crossmedia.de\/nl\/author\/vh-crossmedia\/\" rel=\"author\">vh-crossmedia<\/a><\/span><\/span><span class=\"updated rich-snippet-hidden\">2023-07-25T15:15:09+02:00<\/span><div  class=\"fusion-image-wrapper\" aria-haspopup=\"true\">\n\t\t\t\t\t\t\t<a href=\"https:\/\/vh-crossmedia.de\/nl\/referenzen\/displays-verpackungen-und-dekorationen\/\" aria-label=\"Displays, Verpackungen und Dekorationen\">\n\t\t\t\t\t\t\t<img decoding=\"async\" width=\"826\" height=\"606\" src=\"https:\/\/vh-crossmedia.de\/wp-content\/uploads\/2018\/03\/vh-crossmedia-beitragsbild_referenzen_displays-verpackungen-dekorationen_07.jpg\" class=\"attachment-full size-full lazyload wp-post-image\" alt=\"vh-crossmedia | Displays, Verpackungen und Dekorationen\" srcset=\"data:image\/svg+xml,%3Csvg%20xmlns%3D%27http%3A%2F%2Fwww.w3.org%2F2000%2Fsvg%27%20width%3D%27826%27%20height%3D%27606%27%20viewBox%3D%270%200%20826%20606%27%3E%3Crect%20width%3D%27826%27%20height%3D%27606%27%20fill-opacity%3D%220%22%2F%3E%3C%2Fsvg%3E\" title=\"vh-crossmedia | Displays, Verpackungen und Dekorationen\" data-orig-src=\"https:\/\/vh-crossmedia.de\/wp-content\/uploads\/2018\/03\/vh-crossmedia-beitragsbild_referenzen_displays-verpackungen-dekorationen_07.jpg\" data-srcset=\"https:\/\/vh-crossmedia.de\/wp-content\/uploads\/2018\/03\/vh-crossmedia-beitragsbild_referenzen_displays-verpackungen-dekorationen_07-400x293.jpg 400w, https:\/\/vh-crossmedia.de\/wp-content\/uploads\/2018\/03\/vh-crossmedia-beitragsbild_referenzen_displays-verpackungen-dekorationen_07-600x440.jpg 600w, https:\/\/vh-crossmedia.de\/wp-content\/uploads\/2018\/03\/vh-crossmedia-beitragsbild_referenzen_displays-verpackungen-dekorationen_07-800x587.jpg 800w, https:\/\/vh-crossmedia.de\/wp-content\/uploads\/2018\/03\/vh-crossmedia-beitragsbild_referenzen_displays-verpackungen-dekorationen_07.jpg 826w\" data-sizes=\"auto\" \/>\t\t\t<\/a>\n\t\t\t\t\t\t\t<\/div>\n<h4 class=\"fusion-carousel-title\"><a href=\"https:\/\/vh-crossmedia.de\/nl\/referenzen\/displays-verpackungen-und-dekorationen\/\" target=\"_self\">Displays, Verpackungen und Dekorationen<\/a><\/h4><div class=\"fusion-carousel-meta\"><a href=\"https:\/\/vh-crossmedia.de\/nl\/portfolio_category\/grafikdesign-displays-verpackungen-und-dekorationen\/\" rel=\"tag\">Grafikdesign: Displays, Verpackungen und Dekorationen<\/a><\/div><\/div><\/div><div class=\"swiper-slide\"><div class=\"fusion-carousel-item-wrapper\"><span class=\"entry-title rich-snippet-hidden\">Werbeartikel und Werbegeschenke<\/span><span class=\"vcard rich-snippet-hidden\"><span class=\"fn\"><a href=\"https:\/\/vh-crossmedia.de\/nl\/author\/vh-crossmedia\/\" rel=\"author\">vh-crossmedia<\/a><\/span><\/span><span class=\"updated rich-snippet-hidden\">2023-07-25T15:15:20+02:00<\/span><div  class=\"fusion-image-wrapper\" aria-haspopup=\"true\">\n\t\t\t\t\t\t\t<a href=\"https:\/\/vh-crossmedia.de\/nl\/referenzen\/werbeartikel-werbegeschenke\/\" aria-label=\"Werbeartikel und Werbegeschenke\">\n\t\t\t\t\t\t\t<img decoding=\"async\" width=\"1638\" height=\"1200\" src=\"https:\/\/vh-crossmedia.de\/wp-content\/uploads\/2018\/03\/vh-crossmedia_referenzen_werbeartikel-werbegeschenke_29.jpg\" class=\"attachment-full size-full lazyload wp-post-image\" alt=\"vh-crossmedia | Referenzen Werbeartikel, Werbegeschenke\" srcset=\"data:image\/svg+xml,%3Csvg%20xmlns%3D%27http%3A%2F%2Fwww.w3.org%2F2000%2Fsvg%27%20width%3D%271638%27%20height%3D%271200%27%20viewBox%3D%270%200%201638%201200%27%3E%3Crect%20width%3D%271638%27%20height%3D%271200%27%20fill-opacity%3D%220%22%2F%3E%3C%2Fsvg%3E\" title=\"vh-crossmedia | Referenzen Werbeartikel, Werbegeschenke\" data-orig-src=\"https:\/\/vh-crossmedia.de\/wp-content\/uploads\/2018\/03\/vh-crossmedia_referenzen_werbeartikel-werbegeschenke_29.jpg\" data-srcset=\"https:\/\/vh-crossmedia.de\/wp-content\/uploads\/2018\/03\/vh-crossmedia_referenzen_werbeartikel-werbegeschenke_29-400x293.jpg 400w, https:\/\/vh-crossmedia.de\/wp-content\/uploads\/2018\/03\/vh-crossmedia_referenzen_werbeartikel-werbegeschenke_29-600x440.jpg 600w, https:\/\/vh-crossmedia.de\/wp-content\/uploads\/2018\/03\/vh-crossmedia_referenzen_werbeartikel-werbegeschenke_29-800x586.jpg 800w, https:\/\/vh-crossmedia.de\/wp-content\/uploads\/2018\/03\/vh-crossmedia_referenzen_werbeartikel-werbegeschenke_29-1200x879.jpg 1200w, https:\/\/vh-crossmedia.de\/wp-content\/uploads\/2018\/03\/vh-crossmedia_referenzen_werbeartikel-werbegeschenke_29.jpg 1638w\" data-sizes=\"auto\" \/>\t\t\t<\/a>\n\t\t\t\t\t\t\t<\/div>\n<h4 class=\"fusion-carousel-title\"><a href=\"https:\/\/vh-crossmedia.de\/nl\/referenzen\/werbeartikel-werbegeschenke\/\" target=\"_self\">Werbeartikel und Werbegeschenke<\/a><\/h4><div class=\"fusion-carousel-meta\"><a href=\"https:\/\/vh-crossmedia.de\/nl\/portfolio_category\/grafikdesign-werbeartikel-werbegeschenke\/\" rel=\"tag\">Grafikdesign: Werbeartikel und Werbegeschenke<\/a><\/div><\/div><\/div><\/div><div class=\"awb-swiper-button awb-swiper-button-prev\"><i class=\"awb-icon-angle-left\" aria-hidden=\"true\"><\/i><\/div><div class=\"awb-swiper-button awb-swiper-button-next\"><i class=\"awb-icon-angle-right\" aria-hidden=\"true\"><\/i><\/div><\/div><\/div><div class=\"fusion-clearfix\"><\/div><\/div><\/div><div class=\"fusion-layout-column fusion_builder_column fusion-builder-column-4 fusion_builder_column_1_1 1_1 fusion-one-full fusion-column-first fusion-column-last fusion-no-medium-visibility fusion-no-large-visibility\" style=\"--awb-bg-size:cover;--awb-margin-top:20px;--awb-margin-bottom:0px;\" data-scroll-devices=\"small-visibility,medium-visibility,large-visibility\"><div class=\"fusion-column-wrapper fusion-column-has-shadow fusion-flex-column-wrapper-legacy\"><div class=\"fusion-recent-works fusion-portfolio-element fusion-portfolio fusion-portfolio-2 fusion-portfolio-carousel fusion-portfolio-paging-pagination recent-works-carousel portfolio-carousel picture-size-auto\" data-id=\"-rw-2\"><div class=\"awb-carousel awb-swiper awb-swiper-carousel fusion-carousel-title-below-image\" style=\"--awb-columns:1;\" data-metacontent=\"yes\" data-autoplay=\"yes\" data-columns=\"1\" data-itemmargin=\"20\" data-itemwidth=\"180\" data-touchscroll=\"yes\" data-imagesize=\"auto\"><div class=\"swiper-wrapper\"><div class=\"swiper-slide\"><div class=\"fusion-carousel-item-wrapper\"><span class=\"entry-title rich-snippet-hidden\">Logo und Illustrationen<\/span><span class=\"vcard rich-snippet-hidden\"><span class=\"fn\"><a href=\"https:\/\/vh-crossmedia.de\/nl\/author\/vh-crossmedia\/\" rel=\"author\">vh-crossmedia<\/a><\/span><\/span><span class=\"updated rich-snippet-hidden\">2026-08-21T17:15:07+02:00<\/span><div  class=\"fusion-image-wrapper\" aria-haspopup=\"true\">\n\t\t\t\t\t\t\t<a href=\"https:\/\/vh-crossmedia.de\/nl\/referenzen\/logo-illustration\/\" aria-label=\"Logo und Illustrationen\">\n\t\t\t\t\t\t\t<img decoding=\"async\" width=\"1638\" height=\"1200\" src=\"https:\/\/vh-crossmedia.de\/wp-content\/uploads\/2018\/03\/Logo-Junkerhaus-1.jpg\" class=\"attachment-full size-full lazyload wp-post-image\" alt=\"vh-crossmedia | Volker Heupel | Referenzen\" srcset=\"data:image\/svg+xml,%3Csvg%20xmlns%3D%27http%3A%2F%2Fwww.w3.org%2F2000%2Fsvg%27%20width%3D%271638%27%20height%3D%271200%27%20viewBox%3D%270%200%201638%201200%27%3E%3Crect%20width%3D%271638%27%20height%3D%271200%27%20fill-opacity%3D%220%22%2F%3E%3C%2Fsvg%3E\" title=\"vh-crossmedia | Volker Heupel | Referenzen\" data-orig-src=\"https:\/\/vh-crossmedia.de\/wp-content\/uploads\/2018\/03\/Logo-Junkerhaus-1.jpg\" data-srcset=\"https:\/\/vh-crossmedia.de\/wp-content\/uploads\/2018\/03\/Logo-Junkerhaus-1-400x293.jpg 400w, https:\/\/vh-crossmedia.de\/wp-content\/uploads\/2018\/03\/Logo-Junkerhaus-1-600x440.jpg 600w, https:\/\/vh-crossmedia.de\/wp-content\/uploads\/2018\/03\/Logo-Junkerhaus-1-800x586.jpg 800w, https:\/\/vh-crossmedia.de\/wp-content\/uploads\/2018\/03\/Logo-Junkerhaus-1-1200x879.jpg 1200w, https:\/\/vh-crossmedia.de\/wp-content\/uploads\/2018\/03\/Logo-Junkerhaus-1.jpg 1638w\" data-sizes=\"auto\" \/>\t\t\t<\/a>\n\t\t\t\t\t\t\t<\/div>\n<h4 class=\"fusion-carousel-title\"><a href=\"https:\/\/vh-crossmedia.de\/nl\/referenzen\/logo-illustration\/\" target=\"_self\">Logo und Illustrationen<\/a><\/h4><div class=\"fusion-carousel-meta\"><a href=\"https:\/\/vh-crossmedia.de\/nl\/portfolio_category\/logodesign-und-illustrationen\/\" rel=\"tag\">Logodesign und Illustrationen<\/a><\/div><\/div><\/div><div class=\"swiper-slide\"><div class=\"fusion-carousel-item-wrapper\"><span class=\"entry-title rich-snippet-hidden\">Gesch\u00e4ftsausstattung<\/span><span class=\"vcard rich-snippet-hidden\"><span class=\"fn\"><a href=\"https:\/\/vh-crossmedia.de\/nl\/author\/vh-crossmedia\/\" rel=\"author\">vh-crossmedia<\/a><\/span><\/span><span class=\"updated rich-snippet-hidden\">2024-08-08T15:40:10+02:00<\/span><div  class=\"fusion-image-wrapper\" aria-haspopup=\"true\">\n\t\t\t\t\t\t\t<a href=\"https:\/\/vh-crossmedia.de\/nl\/referenzen\/geschaeftsausstattung\/\" aria-label=\"Gesch\u00e4ftsausstattung\">\n\t\t\t\t\t\t\t<img decoding=\"async\" width=\"1638\" height=\"1200\" src=\"https:\/\/vh-crossmedia.de\/wp-content\/uploads\/2018\/03\/Hotel-fuenf-10_mappe_5mm_23-09_Ansicht-3D.jpg\" class=\"attachment-full size-full lazyload wp-post-image\" alt=\"vh-crossmedia | Volker Heupel | Referenzen Gesch\u00e4ftsausstattung: Mappen\" srcset=\"data:image\/svg+xml,%3Csvg%20xmlns%3D%27http%3A%2F%2Fwww.w3.org%2F2000%2Fsvg%27%20width%3D%271638%27%20height%3D%271200%27%20viewBox%3D%270%200%201638%201200%27%3E%3Crect%20width%3D%271638%27%20height%3D%271200%27%20fill-opacity%3D%220%22%2F%3E%3C%2Fsvg%3E\" title=\"vh-crossmedia | Volker Heupel | Referenzen Gesch\u00e4ftsausstattung: Mappen\" data-orig-src=\"https:\/\/vh-crossmedia.de\/wp-content\/uploads\/2018\/03\/Hotel-fuenf-10_mappe_5mm_23-09_Ansicht-3D.jpg\" data-srcset=\"https:\/\/vh-crossmedia.de\/wp-content\/uploads\/2018\/03\/Hotel-fuenf-10_mappe_5mm_23-09_Ansicht-3D-400x293.jpg 400w, https:\/\/vh-crossmedia.de\/wp-content\/uploads\/2018\/03\/Hotel-fuenf-10_mappe_5mm_23-09_Ansicht-3D-600x440.jpg 600w, https:\/\/vh-crossmedia.de\/wp-content\/uploads\/2018\/03\/Hotel-fuenf-10_mappe_5mm_23-09_Ansicht-3D-800x586.jpg 800w, https:\/\/vh-crossmedia.de\/wp-content\/uploads\/2018\/03\/Hotel-fuenf-10_mappe_5mm_23-09_Ansicht-3D-1200x879.jpg 1200w, https:\/\/vh-crossmedia.de\/wp-content\/uploads\/2018\/03\/Hotel-fuenf-10_mappe_5mm_23-09_Ansicht-3D.jpg 1638w\" data-sizes=\"auto\" \/>\t\t\t<\/a>\n\t\t\t\t\t\t\t<\/div>\n<h4 class=\"fusion-carousel-title\"><a href=\"https:\/\/vh-crossmedia.de\/nl\/referenzen\/geschaeftsausstattung\/\" target=\"_self\">Gesch\u00e4ftsausstattung<\/a><\/h4><div class=\"fusion-carousel-meta\"><a href=\"https:\/\/vh-crossmedia.de\/nl\/portfolio_category\/grafikdesign-geschaeftsausstattung\/\" rel=\"tag\">Grafikdesign: Gesch\u00e4ftsausstattung<\/a><\/div><\/div><\/div><div class=\"swiper-slide\"><div class=\"fusion-carousel-item-wrapper\"><span class=\"entry-title rich-snippet-hidden\">Magazine, Kataloge, Brosch\u00fcren<\/span><span class=\"vcard rich-snippet-hidden\"><span class=\"fn\"><a href=\"https:\/\/vh-crossmedia.de\/nl\/author\/vh-crossmedia\/\" rel=\"author\">vh-crossmedia<\/a><\/span><\/span><span class=\"updated rich-snippet-hidden\">2023-07-25T15:12:28+02:00<\/span><div  class=\"fusion-image-wrapper\" aria-haspopup=\"true\">\n\t\t\t\t\t\t\t<a href=\"https:\/\/vh-crossmedia.de\/nl\/referenzen\/magazine-kataloge-broschueren\/\" aria-label=\"Magazine, Kataloge, Brosch\u00fcren\">\n\t\t\t\t\t\t\t<img decoding=\"async\" width=\"826\" height=\"606\" src=\"https:\/\/vh-crossmedia.de\/wp-content\/uploads\/2018\/03\/Arbeitsheft-Europa-Grossregion_22-08_Ansicht_3D-1.jpg\" class=\"attachment-full size-full lazyload wp-post-image\" alt=\"vh-crossmedia | Magazine, Kataloge, Brosch\u00fcren\" srcset=\"data:image\/svg+xml,%3Csvg%20xmlns%3D%27http%3A%2F%2Fwww.w3.org%2F2000%2Fsvg%27%20width%3D%27826%27%20height%3D%27606%27%20viewBox%3D%270%200%20826%20606%27%3E%3Crect%20width%3D%27826%27%20height%3D%27606%27%20fill-opacity%3D%220%22%2F%3E%3C%2Fsvg%3E\" title=\"vh-crossmedia | Magazine, Kataloge, Brosch\u00fcren\" data-orig-src=\"https:\/\/vh-crossmedia.de\/wp-content\/uploads\/2018\/03\/Arbeitsheft-Europa-Grossregion_22-08_Ansicht_3D-1.jpg\" data-srcset=\"https:\/\/vh-crossmedia.de\/wp-content\/uploads\/2018\/03\/Arbeitsheft-Europa-Grossregion_22-08_Ansicht_3D-1-400x293.jpg 400w, https:\/\/vh-crossmedia.de\/wp-content\/uploads\/2018\/03\/Arbeitsheft-Europa-Grossregion_22-08_Ansicht_3D-1-600x440.jpg 600w, https:\/\/vh-crossmedia.de\/wp-content\/uploads\/2018\/03\/Arbeitsheft-Europa-Grossregion_22-08_Ansicht_3D-1-800x587.jpg 800w, https:\/\/vh-crossmedia.de\/wp-content\/uploads\/2018\/03\/Arbeitsheft-Europa-Grossregion_22-08_Ansicht_3D-1.jpg 826w\" data-sizes=\"auto\" \/>\t\t\t<\/a>\n\t\t\t\t\t\t\t<\/div>\n<h4 class=\"fusion-carousel-title\"><a href=\"https:\/\/vh-crossmedia.de\/nl\/referenzen\/magazine-kataloge-broschueren\/\" target=\"_self\">Magazine, Kataloge, Brosch\u00fcren<\/a><\/h4><div class=\"fusion-carousel-meta\"><a href=\"https:\/\/vh-crossmedia.de\/nl\/portfolio_category\/grafikdesign-magazine-kataloge-broschueren\/\" rel=\"tag\">Grafikdesign: Magazine, Kataloge, Brosch\u00fcren<\/a><\/div><\/div><\/div><div class=\"swiper-slide\"><div class=\"fusion-carousel-item-wrapper\"><span class=\"entry-title rich-snippet-hidden\">Faltbl\u00e4tter, Folder, Flyer<\/span><span class=\"vcard rich-snippet-hidden\"><span class=\"fn\"><a href=\"https:\/\/vh-crossmedia.de\/nl\/author\/vh-crossmedia\/\" rel=\"author\">vh-crossmedia<\/a><\/span><\/span><span class=\"updated rich-snippet-hidden\">2024-08-08T15:39:57+02:00<\/span><div  class=\"fusion-image-wrapper\" aria-haspopup=\"true\">\n\t\t\t\t\t\t\t<a href=\"https:\/\/vh-crossmedia.de\/nl\/referenzen\/faltblaetter-folder-flyer\/\" aria-label=\"Faltbl\u00e4tter, Folder, Flyer\">\n\t\t\t\t\t\t\t<img decoding=\"async\" width=\"826\" height=\"606\" src=\"https:\/\/vh-crossmedia.de\/wp-content\/uploads\/2018\/03\/FWMH_6Seiter-210x210_21-01_Ansicht-3Da.jpg\" class=\"attachment-full size-full lazyload wp-post-image\" alt=\"vh-crossmedia | Volker Heupel | Referenzen\" srcset=\"data:image\/svg+xml,%3Csvg%20xmlns%3D%27http%3A%2F%2Fwww.w3.org%2F2000%2Fsvg%27%20width%3D%27826%27%20height%3D%27606%27%20viewBox%3D%270%200%20826%20606%27%3E%3Crect%20width%3D%27826%27%20height%3D%27606%27%20fill-opacity%3D%220%22%2F%3E%3C%2Fsvg%3E\" title=\"vh-crossmedia | Volker Heupel | Referenzen\" data-orig-src=\"https:\/\/vh-crossmedia.de\/wp-content\/uploads\/2018\/03\/FWMH_6Seiter-210x210_21-01_Ansicht-3Da.jpg\" data-srcset=\"https:\/\/vh-crossmedia.de\/wp-content\/uploads\/2018\/03\/FWMH_6Seiter-210x210_21-01_Ansicht-3Da-400x293.jpg 400w, https:\/\/vh-crossmedia.de\/wp-content\/uploads\/2018\/03\/FWMH_6Seiter-210x210_21-01_Ansicht-3Da-600x440.jpg 600w, https:\/\/vh-crossmedia.de\/wp-content\/uploads\/2018\/03\/FWMH_6Seiter-210x210_21-01_Ansicht-3Da-800x587.jpg 800w, https:\/\/vh-crossmedia.de\/wp-content\/uploads\/2018\/03\/FWMH_6Seiter-210x210_21-01_Ansicht-3Da.jpg 826w\" data-sizes=\"auto\" \/>\t\t\t<\/a>\n\t\t\t\t\t\t\t<\/div>\n<h4 class=\"fusion-carousel-title\"><a href=\"https:\/\/vh-crossmedia.de\/nl\/referenzen\/faltblaetter-folder-flyer\/\" target=\"_self\">Faltbl\u00e4tter, Folder, Flyer<\/a><\/h4><div class=\"fusion-carousel-meta\"><a href=\"https:\/\/vh-crossmedia.de\/nl\/portfolio_category\/grafikdesign-faltblaetter-folder-flyer\/\" rel=\"tag\">Grafikdesign: Faltbl\u00e4tter, Folder, Flyer<\/a><\/div><\/div><\/div><div class=\"swiper-slide\"><div class=\"fusion-carousel-item-wrapper\"><span class=\"entry-title rich-snippet-hidden\">Anzeigengestaltung<\/span><span class=\"vcard rich-snippet-hidden\"><span class=\"fn\"><a href=\"https:\/\/vh-crossmedia.de\/nl\/author\/vh-crossmedia\/\" rel=\"author\">vh-crossmedia<\/a><\/span><\/span><span class=\"updated rich-snippet-hidden\">2024-08-08T15:39:39+02:00<\/span><div  class=\"fusion-image-wrapper\" aria-haspopup=\"true\">\n\t\t\t\t\t\t\t<a href=\"https:\/\/vh-crossmedia.de\/nl\/referenzen\/anzeigengestaltung\/\" aria-label=\"Anzeigengestaltung\">\n\t\t\t\t\t\t\t<img decoding=\"async\" width=\"1638\" height=\"1200\" src=\"https:\/\/vh-crossmedia.de\/wp-content\/uploads\/2018\/03\/vh-crossmedia_referenzen_anzeigengestaltung_18-08-23c.jpg\" class=\"attachment-full size-full lazyload wp-post-image\" alt=\"vh-crossmedia | Anzeigengestaltung\" srcset=\"data:image\/svg+xml,%3Csvg%20xmlns%3D%27http%3A%2F%2Fwww.w3.org%2F2000%2Fsvg%27%20width%3D%271638%27%20height%3D%271200%27%20viewBox%3D%270%200%201638%201200%27%3E%3Crect%20width%3D%271638%27%20height%3D%271200%27%20fill-opacity%3D%220%22%2F%3E%3C%2Fsvg%3E\" title=\"vh-crossmedia | Anzeigengestaltung\" data-orig-src=\"https:\/\/vh-crossmedia.de\/wp-content\/uploads\/2018\/03\/vh-crossmedia_referenzen_anzeigengestaltung_18-08-23c.jpg\" data-srcset=\"https:\/\/vh-crossmedia.de\/wp-content\/uploads\/2018\/03\/vh-crossmedia_referenzen_anzeigengestaltung_18-08-23c-400x293.jpg 400w, https:\/\/vh-crossmedia.de\/wp-content\/uploads\/2018\/03\/vh-crossmedia_referenzen_anzeigengestaltung_18-08-23c-600x440.jpg 600w, https:\/\/vh-crossmedia.de\/wp-content\/uploads\/2018\/03\/vh-crossmedia_referenzen_anzeigengestaltung_18-08-23c-800x586.jpg 800w, https:\/\/vh-crossmedia.de\/wp-content\/uploads\/2018\/03\/vh-crossmedia_referenzen_anzeigengestaltung_18-08-23c-1200x879.jpg 1200w, https:\/\/vh-crossmedia.de\/wp-content\/uploads\/2018\/03\/vh-crossmedia_referenzen_anzeigengestaltung_18-08-23c.jpg 1638w\" data-sizes=\"auto\" \/>\t\t\t<\/a>\n\t\t\t\t\t\t\t<\/div>\n<h4 class=\"fusion-carousel-title\"><a href=\"https:\/\/vh-crossmedia.de\/nl\/referenzen\/anzeigengestaltung\/\" target=\"_self\">Anzeigengestaltung<\/a><\/h4><div class=\"fusion-carousel-meta\"><a href=\"https:\/\/vh-crossmedia.de\/nl\/portfolio_category\/grafikdesign-anzeigengestaltung\/\" rel=\"tag\">Grafikdesign: Anzeigengestaltung<\/a><\/div><\/div><\/div><div class=\"swiper-slide\"><div class=\"fusion-carousel-item-wrapper\"><span class=\"entry-title rich-snippet-hidden\">Poster, Banner, Roll-Ups<\/span><span class=\"vcard rich-snippet-hidden\"><span class=\"fn\"><a href=\"https:\/\/vh-crossmedia.de\/nl\/author\/vh-crossmedia\/\" rel=\"author\">vh-crossmedia<\/a><\/span><\/span><span class=\"updated rich-snippet-hidden\">2024-08-08T15:39:29+02:00<\/span><div  class=\"fusion-image-wrapper\" aria-haspopup=\"true\">\n\t\t\t\t\t\t\t<a href=\"https:\/\/vh-crossmedia.de\/nl\/referenzen\/poster-banner-rollups-displays\/\" aria-label=\"Poster, Banner, Roll-Ups\">\n\t\t\t\t\t\t\t<img decoding=\"async\" width=\"826\" height=\"606\" src=\"https:\/\/vh-crossmedia.de\/wp-content\/uploads\/2018\/03\/HWP_Plane-1720x2520_22-07_Ansicht_3D-1.jpg\" class=\"attachment-full size-full lazyload wp-post-image\" alt=\"vh-crossmedia | Poster, Banner, Roll-Ups, Displays\" srcset=\"data:image\/svg+xml,%3Csvg%20xmlns%3D%27http%3A%2F%2Fwww.w3.org%2F2000%2Fsvg%27%20width%3D%27826%27%20height%3D%27606%27%20viewBox%3D%270%200%20826%20606%27%3E%3Crect%20width%3D%27826%27%20height%3D%27606%27%20fill-opacity%3D%220%22%2F%3E%3C%2Fsvg%3E\" title=\"vh-crossmedia | Poster, Banner, Roll-Ups, Displays\" data-orig-src=\"https:\/\/vh-crossmedia.de\/wp-content\/uploads\/2018\/03\/HWP_Plane-1720x2520_22-07_Ansicht_3D-1.jpg\" data-srcset=\"https:\/\/vh-crossmedia.de\/wp-content\/uploads\/2018\/03\/HWP_Plane-1720x2520_22-07_Ansicht_3D-1-400x293.jpg 400w, https:\/\/vh-crossmedia.de\/wp-content\/uploads\/2018\/03\/HWP_Plane-1720x2520_22-07_Ansicht_3D-1-600x440.jpg 600w, https:\/\/vh-crossmedia.de\/wp-content\/uploads\/2018\/03\/HWP_Plane-1720x2520_22-07_Ansicht_3D-1-800x587.jpg 800w, https:\/\/vh-crossmedia.de\/wp-content\/uploads\/2018\/03\/HWP_Plane-1720x2520_22-07_Ansicht_3D-1.jpg 826w\" data-sizes=\"auto\" \/>\t\t\t<\/a>\n\t\t\t\t\t\t\t<\/div>\n<h4 class=\"fusion-carousel-title\"><a href=\"https:\/\/vh-crossmedia.de\/nl\/referenzen\/poster-banner-rollups-displays\/\" target=\"_self\">Poster, Banner, Roll-Ups<\/a><\/h4><div class=\"fusion-carousel-meta\"><a href=\"https:\/\/vh-crossmedia.de\/nl\/portfolio_category\/grafikdesign-poster-banner-rollups-displays\/\" rel=\"tag\">Grafikdesign: Poster, Banner, Roll-Ups, Displays<\/a><\/div><\/div><\/div><div class=\"swiper-slide\"><div class=\"fusion-carousel-item-wrapper\"><span class=\"entry-title rich-snippet-hidden\">Beschriftungen und Beschilderungen<\/span><span class=\"vcard rich-snippet-hidden\"><span class=\"fn\"><a href=\"https:\/\/vh-crossmedia.de\/nl\/author\/vh-crossmedia\/\" rel=\"author\">vh-crossmedia<\/a><\/span><\/span><span class=\"updated rich-snippet-hidden\">2023-07-25T15:15:00+02:00<\/span><div  class=\"fusion-image-wrapper\" aria-haspopup=\"true\">\n\t\t\t\t\t\t\t<a href=\"https:\/\/vh-crossmedia.de\/nl\/referenzen\/beschriftungen-beschilderungen-beklebungen\/\" aria-label=\"Beschriftungen und Beschilderungen\">\n\t\t\t\t\t\t\t<img decoding=\"async\" width=\"1638\" height=\"1200\" src=\"https:\/\/vh-crossmedia.de\/wp-content\/uploads\/2018\/03\/vh-crossmedia_referenzen_beschriftungen-beschilderungen-beklebungen_16.jpg\" class=\"attachment-full size-full lazyload wp-post-image\" alt=\"vh-crossmedia | Beschriftungen, Beschilderungen, Beklebungen\" srcset=\"data:image\/svg+xml,%3Csvg%20xmlns%3D%27http%3A%2F%2Fwww.w3.org%2F2000%2Fsvg%27%20width%3D%271638%27%20height%3D%271200%27%20viewBox%3D%270%200%201638%201200%27%3E%3Crect%20width%3D%271638%27%20height%3D%271200%27%20fill-opacity%3D%220%22%2F%3E%3C%2Fsvg%3E\" title=\"vh-crossmedia | Beschriftungen, Beschilderungen, Beklebungen\" data-orig-src=\"https:\/\/vh-crossmedia.de\/wp-content\/uploads\/2018\/03\/vh-crossmedia_referenzen_beschriftungen-beschilderungen-beklebungen_16.jpg\" data-srcset=\"https:\/\/vh-crossmedia.de\/wp-content\/uploads\/2018\/03\/vh-crossmedia_referenzen_beschriftungen-beschilderungen-beklebungen_16-400x293.jpg 400w, https:\/\/vh-crossmedia.de\/wp-content\/uploads\/2018\/03\/vh-crossmedia_referenzen_beschriftungen-beschilderungen-beklebungen_16-600x440.jpg 600w, https:\/\/vh-crossmedia.de\/wp-content\/uploads\/2018\/03\/vh-crossmedia_referenzen_beschriftungen-beschilderungen-beklebungen_16-800x586.jpg 800w, https:\/\/vh-crossmedia.de\/wp-content\/uploads\/2018\/03\/vh-crossmedia_referenzen_beschriftungen-beschilderungen-beklebungen_16-1200x879.jpg 1200w, https:\/\/vh-crossmedia.de\/wp-content\/uploads\/2018\/03\/vh-crossmedia_referenzen_beschriftungen-beschilderungen-beklebungen_16.jpg 1638w\" data-sizes=\"auto\" \/>\t\t\t<\/a>\n\t\t\t\t\t\t\t<\/div>\n<h4 class=\"fusion-carousel-title\"><a href=\"https:\/\/vh-crossmedia.de\/nl\/referenzen\/beschriftungen-beschilderungen-beklebungen\/\" target=\"_self\">Beschriftungen und Beschilderungen<\/a><\/h4><div class=\"fusion-carousel-meta\"><a href=\"https:\/\/vh-crossmedia.de\/nl\/portfolio_category\/grafikdesign-beschriftungen-beschilderungen-beklebungen\/\" rel=\"tag\">Grafikdesign: Beschriftungen und Beschilderungen<\/a><\/div><\/div><\/div><div class=\"swiper-slide\"><div class=\"fusion-carousel-item-wrapper\"><span class=\"entry-title rich-snippet-hidden\">Displays, Verpackungen und Dekorationen<\/span><span class=\"vcard rich-snippet-hidden\"><span class=\"fn\"><a href=\"https:\/\/vh-crossmedia.de\/nl\/author\/vh-crossmedia\/\" rel=\"author\">vh-crossmedia<\/a><\/span><\/span><span class=\"updated rich-snippet-hidden\">2023-07-25T15:15:09+02:00<\/span><div  class=\"fusion-image-wrapper\" aria-haspopup=\"true\">\n\t\t\t\t\t\t\t<a href=\"https:\/\/vh-crossmedia.de\/nl\/referenzen\/displays-verpackungen-und-dekorationen\/\" aria-label=\"Displays, Verpackungen und Dekorationen\">\n\t\t\t\t\t\t\t<img decoding=\"async\" width=\"826\" height=\"606\" src=\"https:\/\/vh-crossmedia.de\/wp-content\/uploads\/2018\/03\/vh-crossmedia-beitragsbild_referenzen_displays-verpackungen-dekorationen_07.jpg\" class=\"attachment-full size-full lazyload wp-post-image\" alt=\"vh-crossmedia | Displays, Verpackungen und Dekorationen\" srcset=\"data:image\/svg+xml,%3Csvg%20xmlns%3D%27http%3A%2F%2Fwww.w3.org%2F2000%2Fsvg%27%20width%3D%27826%27%20height%3D%27606%27%20viewBox%3D%270%200%20826%20606%27%3E%3Crect%20width%3D%27826%27%20height%3D%27606%27%20fill-opacity%3D%220%22%2F%3E%3C%2Fsvg%3E\" title=\"vh-crossmedia | Displays, Verpackungen und Dekorationen\" data-orig-src=\"https:\/\/vh-crossmedia.de\/wp-content\/uploads\/2018\/03\/vh-crossmedia-beitragsbild_referenzen_displays-verpackungen-dekorationen_07.jpg\" data-srcset=\"https:\/\/vh-crossmedia.de\/wp-content\/uploads\/2018\/03\/vh-crossmedia-beitragsbild_referenzen_displays-verpackungen-dekorationen_07-400x293.jpg 400w, https:\/\/vh-crossmedia.de\/wp-content\/uploads\/2018\/03\/vh-crossmedia-beitragsbild_referenzen_displays-verpackungen-dekorationen_07-600x440.jpg 600w, https:\/\/vh-crossmedia.de\/wp-content\/uploads\/2018\/03\/vh-crossmedia-beitragsbild_referenzen_displays-verpackungen-dekorationen_07-800x587.jpg 800w, https:\/\/vh-crossmedia.de\/wp-content\/uploads\/2018\/03\/vh-crossmedia-beitragsbild_referenzen_displays-verpackungen-dekorationen_07.jpg 826w\" data-sizes=\"auto\" \/>\t\t\t<\/a>\n\t\t\t\t\t\t\t<\/div>\n<h4 class=\"fusion-carousel-title\"><a href=\"https:\/\/vh-crossmedia.de\/nl\/referenzen\/displays-verpackungen-und-dekorationen\/\" target=\"_self\">Displays, Verpackungen und Dekorationen<\/a><\/h4><div class=\"fusion-carousel-meta\"><a href=\"https:\/\/vh-crossmedia.de\/nl\/portfolio_category\/grafikdesign-displays-verpackungen-und-dekorationen\/\" rel=\"tag\">Grafikdesign: Displays, Verpackungen und Dekorationen<\/a><\/div><\/div><\/div><div class=\"swiper-slide\"><div class=\"fusion-carousel-item-wrapper\"><span class=\"entry-title rich-snippet-hidden\">Werbeartikel und Werbegeschenke<\/span><span class=\"vcard rich-snippet-hidden\"><span class=\"fn\"><a href=\"https:\/\/vh-crossmedia.de\/nl\/author\/vh-crossmedia\/\" rel=\"author\">vh-crossmedia<\/a><\/span><\/span><span class=\"updated rich-snippet-hidden\">2023-07-25T15:15:20+02:00<\/span><div  class=\"fusion-image-wrapper\" aria-haspopup=\"true\">\n\t\t\t\t\t\t\t<a href=\"https:\/\/vh-crossmedia.de\/nl\/referenzen\/werbeartikel-werbegeschenke\/\" aria-label=\"Werbeartikel und Werbegeschenke\">\n\t\t\t\t\t\t\t<img decoding=\"async\" width=\"1638\" height=\"1200\" src=\"https:\/\/vh-crossmedia.de\/wp-content\/uploads\/2018\/03\/vh-crossmedia_referenzen_werbeartikel-werbegeschenke_29.jpg\" class=\"attachment-full size-full lazyload wp-post-image\" alt=\"vh-crossmedia | Referenzen Werbeartikel, Werbegeschenke\" srcset=\"data:image\/svg+xml,%3Csvg%20xmlns%3D%27http%3A%2F%2Fwww.w3.org%2F2000%2Fsvg%27%20width%3D%271638%27%20height%3D%271200%27%20viewBox%3D%270%200%201638%201200%27%3E%3Crect%20width%3D%271638%27%20height%3D%271200%27%20fill-opacity%3D%220%22%2F%3E%3C%2Fsvg%3E\" title=\"vh-crossmedia | Referenzen Werbeartikel, Werbegeschenke\" data-orig-src=\"https:\/\/vh-crossmedia.de\/wp-content\/uploads\/2018\/03\/vh-crossmedia_referenzen_werbeartikel-werbegeschenke_29.jpg\" data-srcset=\"https:\/\/vh-crossmedia.de\/wp-content\/uploads\/2018\/03\/vh-crossmedia_referenzen_werbeartikel-werbegeschenke_29-400x293.jpg 400w, https:\/\/vh-crossmedia.de\/wp-content\/uploads\/2018\/03\/vh-crossmedia_referenzen_werbeartikel-werbegeschenke_29-600x440.jpg 600w, https:\/\/vh-crossmedia.de\/wp-content\/uploads\/2018\/03\/vh-crossmedia_referenzen_werbeartikel-werbegeschenke_29-800x586.jpg 800w, https:\/\/vh-crossmedia.de\/wp-content\/uploads\/2018\/03\/vh-crossmedia_referenzen_werbeartikel-werbegeschenke_29-1200x879.jpg 1200w, https:\/\/vh-crossmedia.de\/wp-content\/uploads\/2018\/03\/vh-crossmedia_referenzen_werbeartikel-werbegeschenke_29.jpg 1638w\" data-sizes=\"auto\" \/>\t\t\t<\/a>\n\t\t\t\t\t\t\t<\/div>\n<h4 class=\"fusion-carousel-title\"><a href=\"https:\/\/vh-crossmedia.de\/nl\/referenzen\/werbeartikel-werbegeschenke\/\" target=\"_self\">Werbeartikel und Werbegeschenke<\/a><\/h4><div class=\"fusion-carousel-meta\"><a href=\"https:\/\/vh-crossmedia.de\/nl\/portfolio_category\/grafikdesign-werbeartikel-werbegeschenke\/\" rel=\"tag\">Grafikdesign: Werbeartikel und Werbegeschenke<\/a><\/div><\/div><\/div><\/div><div class=\"awb-swiper-button awb-swiper-button-prev\"><i class=\"awb-icon-angle-left\" aria-hidden=\"true\"><\/i><\/div><div class=\"awb-swiper-button awb-swiper-button-next\"><i class=\"awb-icon-angle-right\" aria-hidden=\"true\"><\/i><\/div><\/div><\/div><div class=\"fusion-clearfix\"><\/div><\/div><\/div><\/div><\/div><div class=\"fusion-fullwidth fullwidth-box fusion-builder-row-3 has-pattern-background has-mask-background nonhundred-percent-fullwidth non-hundred-percent-height-scrolling fusion-no-small-visibility\" style=\"--awb-border-radius-top-left:0px;--awb-border-radius-top-right:0px;--awb-border-radius-bottom-right:0px;--awb-border-radius-bottom-left:0px;--awb-padding-top:80px;--awb-padding-bottom:40px;--awb-background-image:linear-gradient(180deg, rgba(255,255,255,0) 0%,#19191a 100%);--awb-flex-wrap:wrap;\" ><div class=\"fusion-builder-row fusion-row\"><div class=\"fusion-layout-column fusion_builder_column fusion-builder-column-5 fusion_builder_column_1_1 1_1 fusion-one-full fusion-column-first fusion-column-last\" style=\"--awb-bg-size:cover;\"><div class=\"fusion-column-wrapper fusion-flex-column-wrapper-legacy\"><div class=\"fusion-text fusion-text-4 fusion-text-no-margin\" style=\"--awb-margin-bottom:60px;\"><h2>Was sagen Andere \u00fcber vh-crossmedia?<\/h2>\n<p>Als Grafik- und Webdesigner ist es mir ein besonderes Anliegen, meine Kunden zufriedenzustellen und ihre individuellen W\u00fcnsche und Vorstellungen bestm\u00f6glich umzusetzen. Die Meinungen und Bewertungen meiner Kunden sind f\u00fcr mich daher von unsch\u00e4tzbarem Wert, denn sie geben mir nicht nur Feedback zu meiner Arbeit, sondern auch wertvolle Anregungen f\u00fcr k\u00fcnftige Projekte. Auf dieser Seite finden Sie eine Auswahl an Kundenmeinungen und Rezensionen, die Ihnen einen Eindruck von meinen bisherigen Arbeiten vermitteln und Ihnen zeigen, was meine Kunden an meiner Arbeit besonders sch\u00e4tzen.<\/p>\n<\/div> <link data-noptimize=\"1\" data-no-optimize=\"1\" data-no-minify=\"1\" data-no-defer=\"1\" rel=\"stylesheet\" href=\"https:\/\/vh-crossmedia.de\/wp-content\/uploads\/trustindex-google-widget.css?1787098318\" media=\"all\"><pre class=\"ti-widget\"><div style=\"opacity: 0;height: 0 !important;overflow: hidden !important\" data-css-url=\"https:\/\/vh-crossmedia.de\/wp-content\/uploads\/trustindex-google-widget.css?1787098318\" class=\" ti-widget  ti-goog ti-review-text-mode-readmore ti-content-align-center\" data-no-translation=\"true\" data-time-locale=\"vor %d %s|Heute|Tag|Tagen|Woche|Wochen|Monat|Monaten|Jahr|Jahren\" data-plugin-version=\"14.1\" data-layout-id=\"36\" data-layout-category=\"slider\" data-set-id=\"light-contrast\" data-pid=\"wp-widget\" data-language=\"de\" data-close-locale=\"Schlie\u00dfen\" data-review-target-width=\"300\" data-css-version=\"2\" data-reply-by-locale=\"Antwort des Eigent\u00fcmers\" data-only-rating-locale=\"Dieser Nutzer hat lediglich eine Bewertung abgegeben.\" data-pager-autoplay-timeout=\"6\"> <div class=\"ti-widget-container ti-col-3\"> <div class=\"ti-reviews-container\"> <div class=\"ti-controls\"> <div class=\"ti-next\" aria-label=\"N\u00e4chste Bewertung\" role=\"button\" tabindex=\"0\"><\/div> <div class=\"ti-prev\" aria-label=\"Vorherige Bewertung\" role=\"button\" tabindex=\"0\"><\/div> <\/div> <div class=\"ti-reviews-container-wrapper\">  <div data-empty=\"0\" data-time=\"1763942400\" class=\"ti-review-item source-Google ti-image-layout-thumbnail\" data-id=\"cfcd208495d565ef66e7dff9f98764da\" data-language=\"\"> <div class=\"ti-inner\"> <div class=\"ti-review-header\"> <img decoding=\"async\" class=\"lazyload ti-platform-icon skip-lazy\" src=\"data:image\/svg+xml,%3Csvg%20xmlns%3D%27http%3A%2F%2Fwww.w3.org%2F2000%2Fsvg%27%20width%3D%2720%27%20height%3D%2720%27%20viewBox%3D%270%200%2020%2020%27%3E%3Crect%20width%3D%2720%27%20height%3D%2720%27%20fill-opacity%3D%220%22%2F%3E%3C%2Fsvg%3E\" data-orig-src=\"https:\/\/cdn.trustindex.io\/assets\/platform\/Google\/icon.svg\" alt=\"Google\" width=\"20\" height=\"20\" loading=\"lazy\" \/> <div class=\"ti-profile-img\"> <img decoding=\"async\" class=\"lazyload skip-lazy\" src=\"https:\/\/lh3.googleusercontent.com\/a\/ACg8ocLsce7nTZ-wKXnqD5N0RQbg3lkFh6exgPoNbZnLhS3VaWP6oA=w64-h64-c-rp-mo-br100\" data-orig-src=\"https:\/\/lh3.googleusercontent.com\/a\/ACg8ocLsce7nTZ-wKXnqD5N0RQbg3lkFh6exgPoNbZnLhS3VaWP6oA=w64-h64-c-rp-mo-br100\" srcset=\"data:image\/gif;base64,R0lGODlhAQABAAAAACH5BAEKAAEALAAAAAABAAEAAAICTAEAOw==\" data-srcset=\"https:\/\/lh3.googleusercontent.com\/a\/ACg8ocLsce7nTZ-wKXnqD5N0RQbg3lkFh6exgPoNbZnLhS3VaWP6oA=w128-h128-c-rp-mo-br100 2x\" alt=\"Beate Heupel profile picture\" loading=\"lazy\" \/> <\/div> <div class=\"ti-profile-details\"> <div class=\"ti-name\"> Beate Heupel <\/div> <div class=\"ti-date\"><\/div> <\/div> <\/div> <span class=\"ti-stars\"><img decoding=\"async\" class=\"lazyload ti-star skip-lazy\" src=\"data:image\/svg+xml,%3Csvg%20xmlns%3D%27http%3A%2F%2Fwww.w3.org%2F2000%2Fsvg%27%20width%3D%2717%27%20height%3D%2717%27%20viewBox%3D%270%200%2017%2017%27%3E%3Crect%20width%3D%2717%27%20height%3D%2717%27%20fill-opacity%3D%220%22%2F%3E%3C%2Fsvg%3E\" data-orig-src=\"https:\/\/cdn.trustindex.io\/assets\/platform\/Google\/star\/f.svg\" alt=\"Google star 1\" width=\"17\" height=\"17\" loading=\"lazy\" \/><img decoding=\"async\" class=\"lazyload ti-star skip-lazy\" src=\"data:image\/svg+xml,%3Csvg%20xmlns%3D%27http%3A%2F%2Fwww.w3.org%2F2000%2Fsvg%27%20width%3D%2717%27%20height%3D%2717%27%20viewBox%3D%270%200%2017%2017%27%3E%3Crect%20width%3D%2717%27%20height%3D%2717%27%20fill-opacity%3D%220%22%2F%3E%3C%2Fsvg%3E\" data-orig-src=\"https:\/\/cdn.trustindex.io\/assets\/platform\/Google\/star\/f.svg\" alt=\"Google star 2\" width=\"17\" height=\"17\" loading=\"lazy\" \/><img decoding=\"async\" class=\"lazyload ti-star skip-lazy\" src=\"data:image\/svg+xml,%3Csvg%20xmlns%3D%27http%3A%2F%2Fwww.w3.org%2F2000%2Fsvg%27%20width%3D%2717%27%20height%3D%2717%27%20viewBox%3D%270%200%2017%2017%27%3E%3Crect%20width%3D%2717%27%20height%3D%2717%27%20fill-opacity%3D%220%22%2F%3E%3C%2Fsvg%3E\" data-orig-src=\"https:\/\/cdn.trustindex.io\/assets\/platform\/Google\/star\/f.svg\" alt=\"Google star 3\" width=\"17\" height=\"17\" loading=\"lazy\" \/><img decoding=\"async\" class=\"lazyload ti-star skip-lazy\" src=\"data:image\/svg+xml,%3Csvg%20xmlns%3D%27http%3A%2F%2Fwww.w3.org%2F2000%2Fsvg%27%20width%3D%2717%27%20height%3D%2717%27%20viewBox%3D%270%200%2017%2017%27%3E%3Crect%20width%3D%2717%27%20height%3D%2717%27%20fill-opacity%3D%220%22%2F%3E%3C%2Fsvg%3E\" data-orig-src=\"https:\/\/cdn.trustindex.io\/assets\/platform\/Google\/star\/f.svg\" alt=\"Google star 4\" width=\"17\" height=\"17\" loading=\"lazy\" \/><img decoding=\"async\" class=\"lazyload ti-star skip-lazy\" src=\"data:image\/svg+xml,%3Csvg%20xmlns%3D%27http%3A%2F%2Fwww.w3.org%2F2000%2Fsvg%27%20width%3D%2717%27%20height%3D%2717%27%20viewBox%3D%270%200%2017%2017%27%3E%3Crect%20width%3D%2717%27%20height%3D%2717%27%20fill-opacity%3D%220%22%2F%3E%3C%2Fsvg%3E\" data-orig-src=\"https:\/\/cdn.trustindex.io\/assets\/platform\/Google\/star\/f.svg\" alt=\"Google star 5\" width=\"17\" height=\"17\" loading=\"lazy\" \/><span class=\"ti-verified-review ti-verified-platform\"><span class=\"ti-verified-tooltip\">Trustindex \u00fcberpr\u00fcft, ob die Originalquelle der Bewertung Google ist.<\/span><\/span><\/span> <div class=\"ti-review-text-container ti-review-content\"><!-- R-CONTENT -->Seit einigen Jahren begleitet mich Volker in meinem Business.Stets kreativ, innovativ und unkompliziert. Genau so, wie ich es mir vorstelle. Vielen Dank f\u00fcr die professionelle Betreuung.<!-- R-CONTENT --><\/div> <span class=\"ti-read-more\" data-container=\".ti-review-content\" data-collapse-text=\"Ausblenden\" data-open-text=\"Weiterlesen\"><\/span> <\/div> <\/div>  <div data-empty=\"0\" data-time=\"1732924800\" class=\"ti-review-item source-Google ti-image-layout-thumbnail\" data-id=\"cfcd208495d565ef66e7dff9f98764da\" data-language=\"\"> <div class=\"ti-inner\"> <div class=\"ti-review-header\"> <img decoding=\"async\" class=\"lazyload ti-platform-icon skip-lazy\" src=\"data:image\/svg+xml,%3Csvg%20xmlns%3D%27http%3A%2F%2Fwww.w3.org%2F2000%2Fsvg%27%20width%3D%2720%27%20height%3D%2720%27%20viewBox%3D%270%200%2020%2020%27%3E%3Crect%20width%3D%2720%27%20height%3D%2720%27%20fill-opacity%3D%220%22%2F%3E%3C%2Fsvg%3E\" data-orig-src=\"https:\/\/cdn.trustindex.io\/assets\/platform\/Google\/icon.svg\" alt=\"Google\" width=\"20\" height=\"20\" loading=\"lazy\" \/> <div class=\"ti-profile-img\"> <img decoding=\"async\" class=\"lazyload skip-lazy\" src=\"https:\/\/lh3.googleusercontent.com\/a\/ACg8ocId9B7aBM2tVPD1j6p9HvcBKsLKwo80FI2mxMN0_VanN4pjrA=w64-h64-c-rp-mo-br100\" data-orig-src=\"https:\/\/lh3.googleusercontent.com\/a\/ACg8ocId9B7aBM2tVPD1j6p9HvcBKsLKwo80FI2mxMN0_VanN4pjrA=w64-h64-c-rp-mo-br100\" srcset=\"data:image\/gif;base64,R0lGODlhAQABAAAAACH5BAEKAAEALAAAAAABAAEAAAICTAEAOw==\" data-srcset=\"https:\/\/lh3.googleusercontent.com\/a\/ACg8ocId9B7aBM2tVPD1j6p9HvcBKsLKwo80FI2mxMN0_VanN4pjrA=w128-h128-c-rp-mo-br100 2x\" alt=\"Vera V profile picture\" loading=\"lazy\" \/> <\/div> <div class=\"ti-profile-details\"> <div class=\"ti-name\"> Vera V <\/div> <div class=\"ti-date\"><\/div> <\/div> <\/div> <span class=\"ti-stars\"><img decoding=\"async\" class=\"lazyload ti-star skip-lazy\" src=\"data:image\/svg+xml,%3Csvg%20xmlns%3D%27http%3A%2F%2Fwww.w3.org%2F2000%2Fsvg%27%20width%3D%2717%27%20height%3D%2717%27%20viewBox%3D%270%200%2017%2017%27%3E%3Crect%20width%3D%2717%27%20height%3D%2717%27%20fill-opacity%3D%220%22%2F%3E%3C%2Fsvg%3E\" data-orig-src=\"https:\/\/cdn.trustindex.io\/assets\/platform\/Google\/star\/f.svg\" alt=\"Google star 1\" width=\"17\" height=\"17\" loading=\"lazy\" \/><img decoding=\"async\" class=\"lazyload ti-star skip-lazy\" src=\"data:image\/svg+xml,%3Csvg%20xmlns%3D%27http%3A%2F%2Fwww.w3.org%2F2000%2Fsvg%27%20width%3D%2717%27%20height%3D%2717%27%20viewBox%3D%270%200%2017%2017%27%3E%3Crect%20width%3D%2717%27%20height%3D%2717%27%20fill-opacity%3D%220%22%2F%3E%3C%2Fsvg%3E\" data-orig-src=\"https:\/\/cdn.trustindex.io\/assets\/platform\/Google\/star\/f.svg\" alt=\"Google star 2\" width=\"17\" height=\"17\" loading=\"lazy\" \/><img decoding=\"async\" class=\"lazyload ti-star skip-lazy\" src=\"data:image\/svg+xml,%3Csvg%20xmlns%3D%27http%3A%2F%2Fwww.w3.org%2F2000%2Fsvg%27%20width%3D%2717%27%20height%3D%2717%27%20viewBox%3D%270%200%2017%2017%27%3E%3Crect%20width%3D%2717%27%20height%3D%2717%27%20fill-opacity%3D%220%22%2F%3E%3C%2Fsvg%3E\" data-orig-src=\"https:\/\/cdn.trustindex.io\/assets\/platform\/Google\/star\/f.svg\" alt=\"Google star 3\" width=\"17\" height=\"17\" loading=\"lazy\" \/><img decoding=\"async\" class=\"lazyload ti-star skip-lazy\" src=\"data:image\/svg+xml,%3Csvg%20xmlns%3D%27http%3A%2F%2Fwww.w3.org%2F2000%2Fsvg%27%20width%3D%2717%27%20height%3D%2717%27%20viewBox%3D%270%200%2017%2017%27%3E%3Crect%20width%3D%2717%27%20height%3D%2717%27%20fill-opacity%3D%220%22%2F%3E%3C%2Fsvg%3E\" data-orig-src=\"https:\/\/cdn.trustindex.io\/assets\/platform\/Google\/star\/f.svg\" alt=\"Google star 4\" width=\"17\" height=\"17\" loading=\"lazy\" \/><img decoding=\"async\" class=\"lazyload ti-star skip-lazy\" src=\"data:image\/svg+xml,%3Csvg%20xmlns%3D%27http%3A%2F%2Fwww.w3.org%2F2000%2Fsvg%27%20width%3D%2717%27%20height%3D%2717%27%20viewBox%3D%270%200%2017%2017%27%3E%3Crect%20width%3D%2717%27%20height%3D%2717%27%20fill-opacity%3D%220%22%2F%3E%3C%2Fsvg%3E\" data-orig-src=\"https:\/\/cdn.trustindex.io\/assets\/platform\/Google\/star\/f.svg\" alt=\"Google star 5\" width=\"17\" height=\"17\" loading=\"lazy\" \/><span class=\"ti-verified-review ti-verified-platform\"><span class=\"ti-verified-tooltip\">Trustindex \u00fcberpr\u00fcft, ob die Originalquelle der Bewertung Google ist.<\/span><\/span><\/span> <div class=\"ti-review-text-container ti-review-content\"><!-- R-CONTENT -->Ich w\u00fcrde auch mehr als f\u00fcnf Sterne vergeben... Herr Heupel arbeitet unglaublich zuverl\u00e4ssig und schnell, ist an der Kundenzufriedenheit orientiert und verwirklicht alle Ideen und W\u00fcnsche,  sofern realistisch. Ich kann ihn sehr empfehlen und bin froh, mit ihm zusammen arbeiten zu d\u00fcrfen, um die Ideen f\u00fcr eine eigene Homepage umzusetzen.  Danke daf\u00fcr!<!-- R-CONTENT --><\/div> <span class=\"ti-read-more\" data-container=\".ti-review-content\" data-collapse-text=\"Ausblenden\" data-open-text=\"Weiterlesen\"><\/span> <\/div> <\/div>  <div data-empty=\"0\" data-time=\"1727654400\" class=\"ti-review-item source-Google ti-image-layout-thumbnail\" data-id=\"cfcd208495d565ef66e7dff9f98764da\" data-language=\"\"> <div class=\"ti-inner\"> <div class=\"ti-review-header\"> <img decoding=\"async\" class=\"lazyload ti-platform-icon skip-lazy\" src=\"data:image\/svg+xml,%3Csvg%20xmlns%3D%27http%3A%2F%2Fwww.w3.org%2F2000%2Fsvg%27%20width%3D%2720%27%20height%3D%2720%27%20viewBox%3D%270%200%2020%2020%27%3E%3Crect%20width%3D%2720%27%20height%3D%2720%27%20fill-opacity%3D%220%22%2F%3E%3C%2Fsvg%3E\" data-orig-src=\"https:\/\/cdn.trustindex.io\/assets\/platform\/Google\/icon.svg\" alt=\"Google\" width=\"20\" height=\"20\" loading=\"lazy\" \/> <div class=\"ti-profile-img\"> <img decoding=\"async\" class=\"lazyload skip-lazy\" src=\"https:\/\/lh3.googleusercontent.com\/a\/ACg8ocLQ_5wfMWmLRoIBeVW2sECAin1eAkNDFA7EMuCkmMIbg1YbHYHu=w64-h64-c-rp-mo-br100\" data-orig-src=\"https:\/\/lh3.googleusercontent.com\/a\/ACg8ocLQ_5wfMWmLRoIBeVW2sECAin1eAkNDFA7EMuCkmMIbg1YbHYHu=w64-h64-c-rp-mo-br100\" srcset=\"data:image\/gif;base64,R0lGODlhAQABAAAAACH5BAEKAAEALAAAAAABAAEAAAICTAEAOw==\" data-srcset=\"https:\/\/lh3.googleusercontent.com\/a\/ACg8ocLQ_5wfMWmLRoIBeVW2sECAin1eAkNDFA7EMuCkmMIbg1YbHYHu=w128-h128-c-rp-mo-br100 2x\" alt=\"Walter Ruland profile picture\" loading=\"lazy\" \/> <\/div> <div class=\"ti-profile-details\"> <div class=\"ti-name\"> Walter Ruland <\/div> <div class=\"ti-date\"><\/div> <\/div> <\/div> <span class=\"ti-stars\"><img decoding=\"async\" class=\"lazyload ti-star skip-lazy\" src=\"data:image\/svg+xml,%3Csvg%20xmlns%3D%27http%3A%2F%2Fwww.w3.org%2F2000%2Fsvg%27%20width%3D%2717%27%20height%3D%2717%27%20viewBox%3D%270%200%2017%2017%27%3E%3Crect%20width%3D%2717%27%20height%3D%2717%27%20fill-opacity%3D%220%22%2F%3E%3C%2Fsvg%3E\" data-orig-src=\"https:\/\/cdn.trustindex.io\/assets\/platform\/Google\/star\/f.svg\" alt=\"Google star 1\" width=\"17\" height=\"17\" loading=\"lazy\" \/><img decoding=\"async\" class=\"lazyload ti-star skip-lazy\" src=\"data:image\/svg+xml,%3Csvg%20xmlns%3D%27http%3A%2F%2Fwww.w3.org%2F2000%2Fsvg%27%20width%3D%2717%27%20height%3D%2717%27%20viewBox%3D%270%200%2017%2017%27%3E%3Crect%20width%3D%2717%27%20height%3D%2717%27%20fill-opacity%3D%220%22%2F%3E%3C%2Fsvg%3E\" data-orig-src=\"https:\/\/cdn.trustindex.io\/assets\/platform\/Google\/star\/f.svg\" alt=\"Google star 2\" width=\"17\" height=\"17\" loading=\"lazy\" \/><img decoding=\"async\" class=\"lazyload ti-star skip-lazy\" src=\"data:image\/svg+xml,%3Csvg%20xmlns%3D%27http%3A%2F%2Fwww.w3.org%2F2000%2Fsvg%27%20width%3D%2717%27%20height%3D%2717%27%20viewBox%3D%270%200%2017%2017%27%3E%3Crect%20width%3D%2717%27%20height%3D%2717%27%20fill-opacity%3D%220%22%2F%3E%3C%2Fsvg%3E\" data-orig-src=\"https:\/\/cdn.trustindex.io\/assets\/platform\/Google\/star\/f.svg\" alt=\"Google star 3\" width=\"17\" height=\"17\" loading=\"lazy\" \/><img decoding=\"async\" class=\"lazyload ti-star skip-lazy\" src=\"data:image\/svg+xml,%3Csvg%20xmlns%3D%27http%3A%2F%2Fwww.w3.org%2F2000%2Fsvg%27%20width%3D%2717%27%20height%3D%2717%27%20viewBox%3D%270%200%2017%2017%27%3E%3Crect%20width%3D%2717%27%20height%3D%2717%27%20fill-opacity%3D%220%22%2F%3E%3C%2Fsvg%3E\" data-orig-src=\"https:\/\/cdn.trustindex.io\/assets\/platform\/Google\/star\/f.svg\" alt=\"Google star 4\" width=\"17\" height=\"17\" loading=\"lazy\" \/><img decoding=\"async\" class=\"lazyload ti-star skip-lazy\" src=\"data:image\/svg+xml,%3Csvg%20xmlns%3D%27http%3A%2F%2Fwww.w3.org%2F2000%2Fsvg%27%20width%3D%2717%27%20height%3D%2717%27%20viewBox%3D%270%200%2017%2017%27%3E%3Crect%20width%3D%2717%27%20height%3D%2717%27%20fill-opacity%3D%220%22%2F%3E%3C%2Fsvg%3E\" data-orig-src=\"https:\/\/cdn.trustindex.io\/assets\/platform\/Google\/star\/f.svg\" alt=\"Google star 5\" width=\"17\" height=\"17\" loading=\"lazy\" \/><span class=\"ti-verified-review ti-verified-platform\"><span class=\"ti-verified-tooltip\">Trustindex \u00fcberpr\u00fcft, ob die Originalquelle der Bewertung Google ist.<\/span><\/span><\/span> <div class=\"ti-review-text-container ti-review-content\"><!-- R-CONTENT -->Beeindruckend kreativ und sympathisch. Wertsch\u00e4tzender pers\u00f6nlicher Kontakt und professionelle, schnelle Umsetzung. Seit Jahren bin ich mit Herrn Heupel und seiner Agentur sehr zufrieden. Ich freue mich schon auf unser n\u00e4chstes Projekt. \ud83d\udc4d\ud83d\udc4d\ud83d\udc4d<!-- R-CONTENT --><\/div> <span class=\"ti-read-more\" data-container=\".ti-review-content\" data-collapse-text=\"Ausblenden\" data-open-text=\"Weiterlesen\"><\/span> <\/div> <\/div>  <div data-empty=\"0\" data-time=\"1715126400\" class=\"ti-review-item source-Google ti-image-layout-thumbnail\" data-id=\"cfcd208495d565ef66e7dff9f98764da\" data-language=\"\"> <div class=\"ti-inner\"> <div class=\"ti-review-header\"> <img decoding=\"async\" class=\"lazyload ti-platform-icon skip-lazy\" src=\"data:image\/svg+xml,%3Csvg%20xmlns%3D%27http%3A%2F%2Fwww.w3.org%2F2000%2Fsvg%27%20width%3D%2720%27%20height%3D%2720%27%20viewBox%3D%270%200%2020%2020%27%3E%3Crect%20width%3D%2720%27%20height%3D%2720%27%20fill-opacity%3D%220%22%2F%3E%3C%2Fsvg%3E\" data-orig-src=\"https:\/\/cdn.trustindex.io\/assets\/platform\/Google\/icon.svg\" alt=\"Google\" width=\"20\" height=\"20\" loading=\"lazy\" \/> <div class=\"ti-profile-img\"> <img decoding=\"async\" class=\"lazyload skip-lazy\" src=\"https:\/\/lh3.googleusercontent.com\/a\/ACg8ocLwCskcTJPnQlpKqc0iwQvvTCKxeaVWxh3f3Ou-J879sj8_HQ=w64-h64-c-rp-mo-br100\" data-orig-src=\"https:\/\/lh3.googleusercontent.com\/a\/ACg8ocLwCskcTJPnQlpKqc0iwQvvTCKxeaVWxh3f3Ou-J879sj8_HQ=w64-h64-c-rp-mo-br100\" srcset=\"data:image\/gif;base64,R0lGODlhAQABAAAAACH5BAEKAAEALAAAAAABAAEAAAICTAEAOw==\" data-srcset=\"https:\/\/lh3.googleusercontent.com\/a\/ACg8ocLwCskcTJPnQlpKqc0iwQvvTCKxeaVWxh3f3Ou-J879sj8_HQ=w128-h128-c-rp-mo-br100 2x\" alt=\"JoJo Frechen profile picture\" loading=\"lazy\" \/> <\/div> <div class=\"ti-profile-details\"> <div class=\"ti-name\"> JoJo Frechen <\/div> <div class=\"ti-date\"><\/div> <\/div> <\/div> <span class=\"ti-stars\"><img decoding=\"async\" class=\"lazyload ti-star skip-lazy\" src=\"data:image\/svg+xml,%3Csvg%20xmlns%3D%27http%3A%2F%2Fwww.w3.org%2F2000%2Fsvg%27%20width%3D%2717%27%20height%3D%2717%27%20viewBox%3D%270%200%2017%2017%27%3E%3Crect%20width%3D%2717%27%20height%3D%2717%27%20fill-opacity%3D%220%22%2F%3E%3C%2Fsvg%3E\" data-orig-src=\"https:\/\/cdn.trustindex.io\/assets\/platform\/Google\/star\/f.svg\" alt=\"Google star 1\" width=\"17\" height=\"17\" loading=\"lazy\" \/><img decoding=\"async\" class=\"lazyload ti-star skip-lazy\" src=\"data:image\/svg+xml,%3Csvg%20xmlns%3D%27http%3A%2F%2Fwww.w3.org%2F2000%2Fsvg%27%20width%3D%2717%27%20height%3D%2717%27%20viewBox%3D%270%200%2017%2017%27%3E%3Crect%20width%3D%2717%27%20height%3D%2717%27%20fill-opacity%3D%220%22%2F%3E%3C%2Fsvg%3E\" data-orig-src=\"https:\/\/cdn.trustindex.io\/assets\/platform\/Google\/star\/f.svg\" alt=\"Google star 2\" width=\"17\" height=\"17\" loading=\"lazy\" \/><img decoding=\"async\" class=\"lazyload ti-star skip-lazy\" src=\"data:image\/svg+xml,%3Csvg%20xmlns%3D%27http%3A%2F%2Fwww.w3.org%2F2000%2Fsvg%27%20width%3D%2717%27%20height%3D%2717%27%20viewBox%3D%270%200%2017%2017%27%3E%3Crect%20width%3D%2717%27%20height%3D%2717%27%20fill-opacity%3D%220%22%2F%3E%3C%2Fsvg%3E\" data-orig-src=\"https:\/\/cdn.trustindex.io\/assets\/platform\/Google\/star\/f.svg\" alt=\"Google star 3\" width=\"17\" height=\"17\" loading=\"lazy\" \/><img decoding=\"async\" class=\"lazyload ti-star skip-lazy\" src=\"data:image\/svg+xml,%3Csvg%20xmlns%3D%27http%3A%2F%2Fwww.w3.org%2F2000%2Fsvg%27%20width%3D%2717%27%20height%3D%2717%27%20viewBox%3D%270%200%2017%2017%27%3E%3Crect%20width%3D%2717%27%20height%3D%2717%27%20fill-opacity%3D%220%22%2F%3E%3C%2Fsvg%3E\" data-orig-src=\"https:\/\/cdn.trustindex.io\/assets\/platform\/Google\/star\/f.svg\" alt=\"Google star 4\" width=\"17\" height=\"17\" loading=\"lazy\" \/><img decoding=\"async\" class=\"lazyload ti-star skip-lazy\" src=\"data:image\/svg+xml,%3Csvg%20xmlns%3D%27http%3A%2F%2Fwww.w3.org%2F2000%2Fsvg%27%20width%3D%2717%27%20height%3D%2717%27%20viewBox%3D%270%200%2017%2017%27%3E%3Crect%20width%3D%2717%27%20height%3D%2717%27%20fill-opacity%3D%220%22%2F%3E%3C%2Fsvg%3E\" data-orig-src=\"https:\/\/cdn.trustindex.io\/assets\/platform\/Google\/star\/f.svg\" alt=\"Google star 5\" width=\"17\" height=\"17\" loading=\"lazy\" \/><span class=\"ti-verified-review ti-verified-platform\"><span class=\"ti-verified-tooltip\">Trustindex \u00fcberpr\u00fcft, ob die Originalquelle der Bewertung Google ist.<\/span><\/span><\/span> <div class=\"ti-review-text-container ti-review-content\"><!-- R-CONTENT -->Wir sind sehr zufrieden mit der Neugestaltung unserer Webseite. Herr Heupel hatte tolle und passende Ideen f\u00fcr unsere Zielgruppe. Er ist schnell erreichbar und beantwortet Fragen aller Art sehr geduldig und hilfreich. Vielen Dank f\u00fcr die tolle Zusammenarbeit bis jetzt und auch in Zukunft!<!-- R-CONTENT --><\/div> <span class=\"ti-read-more\" data-container=\".ti-review-content\" data-collapse-text=\"Ausblenden\" data-open-text=\"Weiterlesen\"><\/span> <\/div> <\/div>  <div data-empty=\"0\" data-time=\"1710115200\" class=\"ti-review-item source-Google ti-image-layout-thumbnail\" data-id=\"cfcd208495d565ef66e7dff9f98764da\" data-language=\"\"> <div class=\"ti-inner\"> <div class=\"ti-review-header\"> <img decoding=\"async\" class=\"lazyload ti-platform-icon skip-lazy\" src=\"data:image\/svg+xml,%3Csvg%20xmlns%3D%27http%3A%2F%2Fwww.w3.org%2F2000%2Fsvg%27%20width%3D%2720%27%20height%3D%2720%27%20viewBox%3D%270%200%2020%2020%27%3E%3Crect%20width%3D%2720%27%20height%3D%2720%27%20fill-opacity%3D%220%22%2F%3E%3C%2Fsvg%3E\" data-orig-src=\"https:\/\/cdn.trustindex.io\/assets\/platform\/Google\/icon.svg\" alt=\"Google\" width=\"20\" height=\"20\" loading=\"lazy\" \/> <div class=\"ti-profile-img\"> <img decoding=\"async\" class=\"lazyload skip-lazy\" src=\"https:\/\/lh3.googleusercontent.com\/a-\/ALV-UjW2BZ8F9v81qpsjwdHp_9dL4DoXCiDvCriIBAqAkyvMoLRTXoYI=w64-h64-c-rp-mo-br100\" data-orig-src=\"https:\/\/lh3.googleusercontent.com\/a-\/ALV-UjW2BZ8F9v81qpsjwdHp_9dL4DoXCiDvCriIBAqAkyvMoLRTXoYI=w64-h64-c-rp-mo-br100\" srcset=\"data:image\/gif;base64,R0lGODlhAQABAAAAACH5BAEKAAEALAAAAAABAAEAAAICTAEAOw==\" data-srcset=\"https:\/\/lh3.googleusercontent.com\/a-\/ALV-UjW2BZ8F9v81qpsjwdHp_9dL4DoXCiDvCriIBAqAkyvMoLRTXoYI=w128-h128-c-rp-mo-br100 2x\" alt=\"Luisa Bertelmann profile picture\" loading=\"lazy\" \/> <\/div> <div class=\"ti-profile-details\"> <div class=\"ti-name\"> Luisa Bertelmann <\/div> <div class=\"ti-date\"><\/div> <\/div> <\/div> <span class=\"ti-stars\"><img decoding=\"async\" class=\"lazyload ti-star skip-lazy\" src=\"data:image\/svg+xml,%3Csvg%20xmlns%3D%27http%3A%2F%2Fwww.w3.org%2F2000%2Fsvg%27%20width%3D%2717%27%20height%3D%2717%27%20viewBox%3D%270%200%2017%2017%27%3E%3Crect%20width%3D%2717%27%20height%3D%2717%27%20fill-opacity%3D%220%22%2F%3E%3C%2Fsvg%3E\" data-orig-src=\"https:\/\/cdn.trustindex.io\/assets\/platform\/Google\/star\/f.svg\" alt=\"Google star 1\" width=\"17\" height=\"17\" loading=\"lazy\" \/><img decoding=\"async\" class=\"lazyload ti-star skip-lazy\" src=\"data:image\/svg+xml,%3Csvg%20xmlns%3D%27http%3A%2F%2Fwww.w3.org%2F2000%2Fsvg%27%20width%3D%2717%27%20height%3D%2717%27%20viewBox%3D%270%200%2017%2017%27%3E%3Crect%20width%3D%2717%27%20height%3D%2717%27%20fill-opacity%3D%220%22%2F%3E%3C%2Fsvg%3E\" data-orig-src=\"https:\/\/cdn.trustindex.io\/assets\/platform\/Google\/star\/f.svg\" alt=\"Google star 2\" width=\"17\" height=\"17\" loading=\"lazy\" \/><img decoding=\"async\" class=\"lazyload ti-star skip-lazy\" src=\"data:image\/svg+xml,%3Csvg%20xmlns%3D%27http%3A%2F%2Fwww.w3.org%2F2000%2Fsvg%27%20width%3D%2717%27%20height%3D%2717%27%20viewBox%3D%270%200%2017%2017%27%3E%3Crect%20width%3D%2717%27%20height%3D%2717%27%20fill-opacity%3D%220%22%2F%3E%3C%2Fsvg%3E\" data-orig-src=\"https:\/\/cdn.trustindex.io\/assets\/platform\/Google\/star\/f.svg\" alt=\"Google star 3\" width=\"17\" height=\"17\" loading=\"lazy\" \/><img decoding=\"async\" class=\"lazyload ti-star skip-lazy\" src=\"data:image\/svg+xml,%3Csvg%20xmlns%3D%27http%3A%2F%2Fwww.w3.org%2F2000%2Fsvg%27%20width%3D%2717%27%20height%3D%2717%27%20viewBox%3D%270%200%2017%2017%27%3E%3Crect%20width%3D%2717%27%20height%3D%2717%27%20fill-opacity%3D%220%22%2F%3E%3C%2Fsvg%3E\" data-orig-src=\"https:\/\/cdn.trustindex.io\/assets\/platform\/Google\/star\/f.svg\" alt=\"Google star 4\" width=\"17\" height=\"17\" loading=\"lazy\" \/><img decoding=\"async\" class=\"lazyload ti-star skip-lazy\" src=\"data:image\/svg+xml,%3Csvg%20xmlns%3D%27http%3A%2F%2Fwww.w3.org%2F2000%2Fsvg%27%20width%3D%2717%27%20height%3D%2717%27%20viewBox%3D%270%200%2017%2017%27%3E%3Crect%20width%3D%2717%27%20height%3D%2717%27%20fill-opacity%3D%220%22%2F%3E%3C%2Fsvg%3E\" data-orig-src=\"https:\/\/cdn.trustindex.io\/assets\/platform\/Google\/star\/f.svg\" alt=\"Google star 5\" width=\"17\" height=\"17\" loading=\"lazy\" \/><span class=\"ti-verified-review ti-verified-platform\"><span class=\"ti-verified-tooltip\">Trustindex \u00fcberpr\u00fcft, ob die Originalquelle der Bewertung Google ist.<\/span><\/span><\/span> <div class=\"ti-review-text-container ti-review-content\"><!-- R-CONTENT -->Wer jemanden sucht der super kreativ und ideenreich ist, ist hier genau richtig! Ich kann Volker Heupel nur von Herzen empfehlen. Alle Anliegen wurden umgehen bearbeitet und ich h\u00e4tte mich meine Webseite niemals so sch\u00f6n vorgestellt. Es hat alles reibungslos geklappt und ich kann endlich meine wunderbare Webseite pr\u00e4sentieren.\u263a\ufe0f<!-- R-CONTENT --><\/div> <span class=\"ti-read-more\" data-container=\".ti-review-content\" data-collapse-text=\"Ausblenden\" data-open-text=\"Weiterlesen\"><\/span> <\/div> <\/div>  <div data-empty=\"0\" data-time=\"1707868800\" class=\"ti-review-item source-Google ti-image-layout-thumbnail\" data-id=\"cfcd208495d565ef66e7dff9f98764da\" data-language=\"\"> <div class=\"ti-inner\"> <div class=\"ti-review-header\"> <img decoding=\"async\" class=\"lazyload ti-platform-icon skip-lazy\" src=\"data:image\/svg+xml,%3Csvg%20xmlns%3D%27http%3A%2F%2Fwww.w3.org%2F2000%2Fsvg%27%20width%3D%2720%27%20height%3D%2720%27%20viewBox%3D%270%200%2020%2020%27%3E%3Crect%20width%3D%2720%27%20height%3D%2720%27%20fill-opacity%3D%220%22%2F%3E%3C%2Fsvg%3E\" data-orig-src=\"https:\/\/cdn.trustindex.io\/assets\/platform\/Google\/icon.svg\" alt=\"Google\" width=\"20\" height=\"20\" loading=\"lazy\" \/> <div class=\"ti-profile-img\"> <img decoding=\"async\" class=\"lazyload skip-lazy\" src=\"https:\/\/lh3.googleusercontent.com\/a-\/ALV-UjUVEvqCV3EG-2GbqbdMgKw9e1NiTdW-jPT1W6XlEeH_SBiZE74=w64-h64-c-rp-mo-br100\" data-orig-src=\"https:\/\/lh3.googleusercontent.com\/a-\/ALV-UjUVEvqCV3EG-2GbqbdMgKw9e1NiTdW-jPT1W6XlEeH_SBiZE74=w64-h64-c-rp-mo-br100\" srcset=\"data:image\/gif;base64,R0lGODlhAQABAAAAACH5BAEKAAEALAAAAAABAAEAAAICTAEAOw==\" data-srcset=\"https:\/\/lh3.googleusercontent.com\/a-\/ALV-UjUVEvqCV3EG-2GbqbdMgKw9e1NiTdW-jPT1W6XlEeH_SBiZE74=w128-h128-c-rp-mo-br100 2x\" alt=\"Katharina Klein profile picture\" loading=\"lazy\" \/> <\/div> <div class=\"ti-profile-details\"> <div class=\"ti-name\"> Katharina Klein <\/div> <div class=\"ti-date\"><\/div> <\/div> <\/div> <span class=\"ti-stars\"><img decoding=\"async\" class=\"lazyload ti-star skip-lazy\" src=\"data:image\/svg+xml,%3Csvg%20xmlns%3D%27http%3A%2F%2Fwww.w3.org%2F2000%2Fsvg%27%20width%3D%2717%27%20height%3D%2717%27%20viewBox%3D%270%200%2017%2017%27%3E%3Crect%20width%3D%2717%27%20height%3D%2717%27%20fill-opacity%3D%220%22%2F%3E%3C%2Fsvg%3E\" data-orig-src=\"https:\/\/cdn.trustindex.io\/assets\/platform\/Google\/star\/f.svg\" alt=\"Google star 1\" width=\"17\" height=\"17\" loading=\"lazy\" \/><img decoding=\"async\" class=\"lazyload ti-star skip-lazy\" src=\"data:image\/svg+xml,%3Csvg%20xmlns%3D%27http%3A%2F%2Fwww.w3.org%2F2000%2Fsvg%27%20width%3D%2717%27%20height%3D%2717%27%20viewBox%3D%270%200%2017%2017%27%3E%3Crect%20width%3D%2717%27%20height%3D%2717%27%20fill-opacity%3D%220%22%2F%3E%3C%2Fsvg%3E\" data-orig-src=\"https:\/\/cdn.trustindex.io\/assets\/platform\/Google\/star\/f.svg\" alt=\"Google star 2\" width=\"17\" height=\"17\" loading=\"lazy\" \/><img decoding=\"async\" class=\"lazyload ti-star skip-lazy\" src=\"data:image\/svg+xml,%3Csvg%20xmlns%3D%27http%3A%2F%2Fwww.w3.org%2F2000%2Fsvg%27%20width%3D%2717%27%20height%3D%2717%27%20viewBox%3D%270%200%2017%2017%27%3E%3Crect%20width%3D%2717%27%20height%3D%2717%27%20fill-opacity%3D%220%22%2F%3E%3C%2Fsvg%3E\" data-orig-src=\"https:\/\/cdn.trustindex.io\/assets\/platform\/Google\/star\/f.svg\" alt=\"Google star 3\" width=\"17\" height=\"17\" loading=\"lazy\" \/><img decoding=\"async\" class=\"lazyload ti-star skip-lazy\" src=\"data:image\/svg+xml,%3Csvg%20xmlns%3D%27http%3A%2F%2Fwww.w3.org%2F2000%2Fsvg%27%20width%3D%2717%27%20height%3D%2717%27%20viewBox%3D%270%200%2017%2017%27%3E%3Crect%20width%3D%2717%27%20height%3D%2717%27%20fill-opacity%3D%220%22%2F%3E%3C%2Fsvg%3E\" data-orig-src=\"https:\/\/cdn.trustindex.io\/assets\/platform\/Google\/star\/f.svg\" alt=\"Google star 4\" width=\"17\" height=\"17\" loading=\"lazy\" \/><img decoding=\"async\" class=\"lazyload ti-star skip-lazy\" src=\"data:image\/svg+xml,%3Csvg%20xmlns%3D%27http%3A%2F%2Fwww.w3.org%2F2000%2Fsvg%27%20width%3D%2717%27%20height%3D%2717%27%20viewBox%3D%270%200%2017%2017%27%3E%3Crect%20width%3D%2717%27%20height%3D%2717%27%20fill-opacity%3D%220%22%2F%3E%3C%2Fsvg%3E\" data-orig-src=\"https:\/\/cdn.trustindex.io\/assets\/platform\/Google\/star\/f.svg\" alt=\"Google star 5\" width=\"17\" height=\"17\" loading=\"lazy\" \/><span class=\"ti-verified-review ti-verified-platform\"><span class=\"ti-verified-tooltip\">Trustindex \u00fcberpr\u00fcft, ob die Originalquelle der Bewertung Google ist.<\/span><\/span><\/span> <div class=\"ti-review-text-container ti-review-content\"><!-- R-CONTENT -->Super schnell und sehr  sch\u00f6ne Homepage erstellt,  sehr zuverl\u00e4ssig . Nur zu empfehlen<!-- R-CONTENT --><\/div> <span class=\"ti-read-more\" data-container=\".ti-review-content\" data-collapse-text=\"Ausblenden\" data-open-text=\"Weiterlesen\"><\/span> <\/div> <\/div>  <div data-empty=\"0\" data-time=\"1700006400\" class=\"ti-review-item source-Google ti-image-layout-thumbnail\" data-id=\"cfcd208495d565ef66e7dff9f98764da\" data-language=\"\"> <div class=\"ti-inner\"> <div class=\"ti-review-header\"> <img decoding=\"async\" class=\"lazyload ti-platform-icon skip-lazy\" src=\"data:image\/svg+xml,%3Csvg%20xmlns%3D%27http%3A%2F%2Fwww.w3.org%2F2000%2Fsvg%27%20width%3D%2720%27%20height%3D%2720%27%20viewBox%3D%270%200%2020%2020%27%3E%3Crect%20width%3D%2720%27%20height%3D%2720%27%20fill-opacity%3D%220%22%2F%3E%3C%2Fsvg%3E\" data-orig-src=\"https:\/\/cdn.trustindex.io\/assets\/platform\/Google\/icon.svg\" alt=\"Google\" width=\"20\" height=\"20\" loading=\"lazy\" \/> <div class=\"ti-profile-img\"> <img decoding=\"async\" class=\"lazyload skip-lazy\" src=\"https:\/\/lh3.googleusercontent.com\/a-\/ALV-UjW1NmzrPiOqNKHp-AqPqE-gtf8uoN_6ei9FKUNdPl2QWDVWdw=w64-h64-c-rp-mo-br100\" data-orig-src=\"https:\/\/lh3.googleusercontent.com\/a-\/ALV-UjW1NmzrPiOqNKHp-AqPqE-gtf8uoN_6ei9FKUNdPl2QWDVWdw=w64-h64-c-rp-mo-br100\" srcset=\"data:image\/gif;base64,R0lGODlhAQABAAAAACH5BAEKAAEALAAAAAABAAEAAAICTAEAOw==\" data-srcset=\"https:\/\/lh3.googleusercontent.com\/a-\/ALV-UjW1NmzrPiOqNKHp-AqPqE-gtf8uoN_6ei9FKUNdPl2QWDVWdw=w128-h128-c-rp-mo-br100 2x\" alt=\"E. Reining profile picture\" loading=\"lazy\" \/> <\/div> <div class=\"ti-profile-details\"> <div class=\"ti-name\"> E. Reining <\/div> <div class=\"ti-date\"><\/div> <\/div> <\/div> <span class=\"ti-stars\"><img decoding=\"async\" class=\"lazyload ti-star skip-lazy\" src=\"data:image\/svg+xml,%3Csvg%20xmlns%3D%27http%3A%2F%2Fwww.w3.org%2F2000%2Fsvg%27%20width%3D%2717%27%20height%3D%2717%27%20viewBox%3D%270%200%2017%2017%27%3E%3Crect%20width%3D%2717%27%20height%3D%2717%27%20fill-opacity%3D%220%22%2F%3E%3C%2Fsvg%3E\" data-orig-src=\"https:\/\/cdn.trustindex.io\/assets\/platform\/Google\/star\/f.svg\" alt=\"Google star 1\" width=\"17\" height=\"17\" loading=\"lazy\" \/><img decoding=\"async\" class=\"lazyload ti-star skip-lazy\" src=\"data:image\/svg+xml,%3Csvg%20xmlns%3D%27http%3A%2F%2Fwww.w3.org%2F2000%2Fsvg%27%20width%3D%2717%27%20height%3D%2717%27%20viewBox%3D%270%200%2017%2017%27%3E%3Crect%20width%3D%2717%27%20height%3D%2717%27%20fill-opacity%3D%220%22%2F%3E%3C%2Fsvg%3E\" data-orig-src=\"https:\/\/cdn.trustindex.io\/assets\/platform\/Google\/star\/f.svg\" alt=\"Google star 2\" width=\"17\" height=\"17\" loading=\"lazy\" \/><img decoding=\"async\" class=\"lazyload ti-star skip-lazy\" src=\"data:image\/svg+xml,%3Csvg%20xmlns%3D%27http%3A%2F%2Fwww.w3.org%2F2000%2Fsvg%27%20width%3D%2717%27%20height%3D%2717%27%20viewBox%3D%270%200%2017%2017%27%3E%3Crect%20width%3D%2717%27%20height%3D%2717%27%20fill-opacity%3D%220%22%2F%3E%3C%2Fsvg%3E\" data-orig-src=\"https:\/\/cdn.trustindex.io\/assets\/platform\/Google\/star\/f.svg\" alt=\"Google star 3\" width=\"17\" height=\"17\" loading=\"lazy\" \/><img decoding=\"async\" class=\"lazyload ti-star skip-lazy\" src=\"data:image\/svg+xml,%3Csvg%20xmlns%3D%27http%3A%2F%2Fwww.w3.org%2F2000%2Fsvg%27%20width%3D%2717%27%20height%3D%2717%27%20viewBox%3D%270%200%2017%2017%27%3E%3Crect%20width%3D%2717%27%20height%3D%2717%27%20fill-opacity%3D%220%22%2F%3E%3C%2Fsvg%3E\" data-orig-src=\"https:\/\/cdn.trustindex.io\/assets\/platform\/Google\/star\/f.svg\" alt=\"Google star 4\" width=\"17\" height=\"17\" loading=\"lazy\" \/><img decoding=\"async\" class=\"lazyload ti-star skip-lazy\" src=\"data:image\/svg+xml,%3Csvg%20xmlns%3D%27http%3A%2F%2Fwww.w3.org%2F2000%2Fsvg%27%20width%3D%2717%27%20height%3D%2717%27%20viewBox%3D%270%200%2017%2017%27%3E%3Crect%20width%3D%2717%27%20height%3D%2717%27%20fill-opacity%3D%220%22%2F%3E%3C%2Fsvg%3E\" data-orig-src=\"https:\/\/cdn.trustindex.io\/assets\/platform\/Google\/star\/f.svg\" alt=\"Google star 5\" width=\"17\" height=\"17\" loading=\"lazy\" \/><span class=\"ti-verified-review ti-verified-platform\"><span class=\"ti-verified-tooltip\">Trustindex \u00fcberpr\u00fcft, ob die Originalquelle der Bewertung Google ist.<\/span><\/span><\/span> <div class=\"ti-review-text-container ti-review-content\"><!-- R-CONTENT -->Auf der Suche nach einem Webdesigner f\u00fcr eine neu zu gestaltende Homepage waren mir ein paar gelungene Seiten von Volker Heupel aufgefallen. Der Kontakt und die Zusammenarbeit funktionierten problemlos, und es war eine Freude zu sehen, wie Ideen in Realit\u00e4t umgesetzt wurden. Wir sind sehr zufrieden mit unserer neuen Homepage  und Herr Heupel  erstellte innerhalb k\u00fcrzester Zeit auch noch den passenden Flyer als Infomaterial vor Ort. Auch der Support bei Fragen zur Homepage funktioniert sehr gut. Herzlichen Dank und 5 Punkte!<!-- R-CONTENT --><\/div> <span class=\"ti-read-more\" data-container=\".ti-review-content\" data-collapse-text=\"Ausblenden\" data-open-text=\"Weiterlesen\"><\/span> <\/div> <\/div>  <div data-empty=\"0\" data-time=\"1693008000\" class=\"ti-review-item source-Google ti-image-layout-thumbnail\" data-id=\"cfcd208495d565ef66e7dff9f98764da\" data-language=\"\"> <div class=\"ti-inner\"> <div class=\"ti-review-header\"> <img decoding=\"async\" class=\"lazyload ti-platform-icon skip-lazy\" src=\"data:image\/svg+xml,%3Csvg%20xmlns%3D%27http%3A%2F%2Fwww.w3.org%2F2000%2Fsvg%27%20width%3D%2720%27%20height%3D%2720%27%20viewBox%3D%270%200%2020%2020%27%3E%3Crect%20width%3D%2720%27%20height%3D%2720%27%20fill-opacity%3D%220%22%2F%3E%3C%2Fsvg%3E\" data-orig-src=\"https:\/\/cdn.trustindex.io\/assets\/platform\/Google\/icon.svg\" alt=\"Google\" width=\"20\" height=\"20\" loading=\"lazy\" \/> <div class=\"ti-profile-img\"> <img decoding=\"async\" class=\"lazyload skip-lazy\" src=\"https:\/\/lh3.googleusercontent.com\/a-\/ALV-UjXg1xE31IQYjovmsV9FIfx9ml7-CAWmTuHFq35HLEBBLKEol7Pk=w64-h64-c-rp-mo-br100\" data-orig-src=\"https:\/\/lh3.googleusercontent.com\/a-\/ALV-UjXg1xE31IQYjovmsV9FIfx9ml7-CAWmTuHFq35HLEBBLKEol7Pk=w64-h64-c-rp-mo-br100\" srcset=\"data:image\/gif;base64,R0lGODlhAQABAAAAACH5BAEKAAEALAAAAAABAAEAAAICTAEAOw==\" data-srcset=\"https:\/\/lh3.googleusercontent.com\/a-\/ALV-UjXg1xE31IQYjovmsV9FIfx9ml7-CAWmTuHFq35HLEBBLKEol7Pk=w128-h128-c-rp-mo-br100 2x\" alt=\"David Malek profile picture\" loading=\"lazy\" \/> <\/div> <div class=\"ti-profile-details\"> <div class=\"ti-name\"> David Malek <\/div> <div class=\"ti-date\"><\/div> <\/div> <\/div> <span class=\"ti-stars\"><img decoding=\"async\" class=\"lazyload ti-star skip-lazy\" src=\"data:image\/svg+xml,%3Csvg%20xmlns%3D%27http%3A%2F%2Fwww.w3.org%2F2000%2Fsvg%27%20width%3D%2717%27%20height%3D%2717%27%20viewBox%3D%270%200%2017%2017%27%3E%3Crect%20width%3D%2717%27%20height%3D%2717%27%20fill-opacity%3D%220%22%2F%3E%3C%2Fsvg%3E\" data-orig-src=\"https:\/\/cdn.trustindex.io\/assets\/platform\/Google\/star\/f.svg\" alt=\"Google star 1\" width=\"17\" height=\"17\" loading=\"lazy\" \/><img decoding=\"async\" class=\"lazyload ti-star skip-lazy\" src=\"data:image\/svg+xml,%3Csvg%20xmlns%3D%27http%3A%2F%2Fwww.w3.org%2F2000%2Fsvg%27%20width%3D%2717%27%20height%3D%2717%27%20viewBox%3D%270%200%2017%2017%27%3E%3Crect%20width%3D%2717%27%20height%3D%2717%27%20fill-opacity%3D%220%22%2F%3E%3C%2Fsvg%3E\" data-orig-src=\"https:\/\/cdn.trustindex.io\/assets\/platform\/Google\/star\/f.svg\" alt=\"Google star 2\" width=\"17\" height=\"17\" loading=\"lazy\" \/><img decoding=\"async\" class=\"lazyload ti-star skip-lazy\" src=\"data:image\/svg+xml,%3Csvg%20xmlns%3D%27http%3A%2F%2Fwww.w3.org%2F2000%2Fsvg%27%20width%3D%2717%27%20height%3D%2717%27%20viewBox%3D%270%200%2017%2017%27%3E%3Crect%20width%3D%2717%27%20height%3D%2717%27%20fill-opacity%3D%220%22%2F%3E%3C%2Fsvg%3E\" data-orig-src=\"https:\/\/cdn.trustindex.io\/assets\/platform\/Google\/star\/f.svg\" alt=\"Google star 3\" width=\"17\" height=\"17\" loading=\"lazy\" \/><img decoding=\"async\" class=\"lazyload ti-star skip-lazy\" src=\"data:image\/svg+xml,%3Csvg%20xmlns%3D%27http%3A%2F%2Fwww.w3.org%2F2000%2Fsvg%27%20width%3D%2717%27%20height%3D%2717%27%20viewBox%3D%270%200%2017%2017%27%3E%3Crect%20width%3D%2717%27%20height%3D%2717%27%20fill-opacity%3D%220%22%2F%3E%3C%2Fsvg%3E\" data-orig-src=\"https:\/\/cdn.trustindex.io\/assets\/platform\/Google\/star\/f.svg\" alt=\"Google star 4\" width=\"17\" height=\"17\" loading=\"lazy\" \/><img decoding=\"async\" class=\"lazyload ti-star skip-lazy\" src=\"data:image\/svg+xml,%3Csvg%20xmlns%3D%27http%3A%2F%2Fwww.w3.org%2F2000%2Fsvg%27%20width%3D%2717%27%20height%3D%2717%27%20viewBox%3D%270%200%2017%2017%27%3E%3Crect%20width%3D%2717%27%20height%3D%2717%27%20fill-opacity%3D%220%22%2F%3E%3C%2Fsvg%3E\" data-orig-src=\"https:\/\/cdn.trustindex.io\/assets\/platform\/Google\/star\/f.svg\" alt=\"Google star 5\" width=\"17\" height=\"17\" loading=\"lazy\" \/><span class=\"ti-verified-review ti-verified-platform\"><span class=\"ti-verified-tooltip\">Trustindex \u00fcberpr\u00fcft, ob die Originalquelle der Bewertung Google ist.<\/span><\/span><\/span> <div class=\"ti-review-text-container ti-review-content\"><!-- R-CONTENT -->freundlich, zuverl\u00e4ssig, schnell und super Arbeiten<!-- R-CONTENT --><\/div> <span class=\"ti-read-more\" data-container=\".ti-review-content\" data-collapse-text=\"Ausblenden\" data-open-text=\"Weiterlesen\"><\/span> <\/div> <\/div>  <\/div> <div class=\"ti-controls-line\"> <div class=\"dot\"><\/div> <\/div> <\/div>    <\/div> <\/div> <\/pre><script>\n(function () { if (window.tiLoaderFallback) { return; } window.tiLoaderFallback = true; function tiLoadLoader() { if (window.TrustindexWidget || document.querySelector('script[src*=\"https:\/\/cdn.trustindex.io\/loader.js\"]')) { return; } let script = document.createElement(\"script\"); script.async = true; script.src = \"https:\/\/cdn.trustindex.io\/loader.js\"; script.setAttribute(\"data-ccm-injected\", \"1\"); document.head.appendChild(script); } if (\"loading\" === document.readyState) { document.addEventListener(\"DOMContentLoaded\", tiLoadLoader); } else { tiLoadLoader(); } })();\n<\/script>\n<div class=\"fusion-clearfix\"><\/div><\/div><\/div><\/div><\/div><div class=\"fusion-fullwidth fullwidth-box fusion-builder-row-4 fusion-flex-container has-pattern-background has-mask-background nonhundred-percent-fullwidth non-hundred-percent-height-scrolling\" style=\"--awb-border-radius-top-left:0px;--awb-border-radius-top-right:0px;--awb-border-radius-bottom-right:0px;--awb-border-radius-bottom-left:0px;--awb-padding-top:0px;--awb-padding-bottom:60px;--awb-margin-top-small:-80px;--awb-background-color:#19191a;--awb-flex-wrap:wrap;\" ><div class=\"fusion-builder-row fusion-row fusion-flex-align-items-flex-start fusion-flex-content-wrap\" style=\"max-width:1414.4px;margin-left: calc(-4% \/ 2 );margin-right: calc(-4% \/ 2 );\"><div class=\"fusion-layout-column fusion_builder_column fusion-builder-column-6 fusion_builder_column_2_3 2_3 fusion-flex-column\" style=\"--awb-bg-size:cover;--awb-width-large:66.666666666667%;--awb-margin-top-large:0px;--awb-spacing-right-large:2.88%;--awb-margin-bottom-large:20px;--awb-spacing-left-large:2.88%;--awb-width-medium:100%;--awb-spacing-right-medium:1.92%;--awb-spacing-left-medium:1.92%;--awb-width-small:100%;--awb-spacing-right-small:1.92%;--awb-spacing-left-small:1.92%;\"><div class=\"fusion-column-wrapper fusion-flex-justify-content-flex-start fusion-content-layout-column\"><div class=\"fusion-text fusion-text-5\"><h3>M\u00f6chten auch Sie mit einem erfahrenen Grafiker wie mir zusammenarbeiten?<br \/>\nRufen Sie mich an und lassen Sie uns gemeinsam Ihre Ideen verwirklichen!<\/h3>\n<\/div><\/div><\/div><div class=\"fusion-layout-column fusion_builder_column fusion-builder-column-7 fusion_builder_column_1_3 1_3 fusion-flex-column\" style=\"--awb-padding-top:25px;--awb-bg-size:cover;--awb-width-large:33.333333333333%;--awb-margin-top-large:0px;--awb-spacing-right-large:5.76%;--awb-margin-bottom-large:20px;--awb-spacing-left-large:5.76%;--awb-width-medium:100%;--awb-order-medium:0;--awb-spacing-right-medium:1.92%;--awb-spacing-left-medium:1.92%;--awb-width-small:100%;--awb-order-small:0;--awb-spacing-right-small:1.92%;--awb-spacing-left-small:1.92%;\" data-scroll-devices=\"small-visibility,medium-visibility,large-visibility\"><div class=\"fusion-column-wrapper fusion-column-has-shadow fusion-flex-justify-content-flex-start fusion-content-layout-column\"><div style=\"text-align:right;\"><a class=\"fusion-button button-flat button-xlarge button-default fusion-button-default button-1 fusion-button-span-yes fusion-button-default-type\" target=\"_self\" title=\"Jetzt anrufen!\" aria-label=\"Jetzt anrufen!\" href=\"tel:+4915125283881\"><i class=\"fa-mobile-alt fas awb-button__icon awb-button__icon--default button-icon-left\" aria-hidden=\"true\"><\/i><span class=\"fusion-button-text awb-button__text awb-button__text--default\">0 151 \/ 25 28 38 81<\/span><\/a><\/div><\/div><\/div><\/div><\/div>\n<div class=\"fusion-fullwidth fullwidth-box fusion-builder-row-5 nonhundred-percent-fullwidth non-hundred-percent-height-scrolling\" style=\"--awb-border-radius-top-left:0px;--awb-border-radius-top-right:0px;--awb-border-radius-bottom-right:0px;--awb-border-radius-bottom-left:0px;--awb-padding-top:60px;--awb-padding-bottom:40px;--awb-flex-wrap:wrap;\" ><div class=\"fusion-builder-row fusion-row\"><div class=\"fusion-layout-column fusion_builder_column fusion-builder-column-8 fusion_builder_column_1_1 1_1 fusion-one-full fusion-column-first fusion-column-last\" style=\"--awb-bg-size:cover;\"><div class=\"fusion-column-wrapper fusion-flex-column-wrapper-legacy\"><div class=\"fusion-text fusion-text-6\"><h3>Professionelles Grafikdesign f\u00fcr Unternehmen und Einzelpersonen\u00a0in Mechernich oder Kommern &#8211; ma\u00dfgeschneiderte Designs f\u00fcr jeden Bedarf<\/h3>\n<p>Als Grafikdesigner bin ich leidenschaftlich daran interessiert, Unternehmen und Einzelpersonen dabei zu helfen, ihre Marken, Produkte und Dienstleistungen auf dem Markt zu pr\u00e4sentieren. Meine ma\u00dfgeschneiderten Designs werden von Kunden jeder Gr\u00f6\u00dfe gesch\u00e4tzt, ob kleine Start-ups oder gr\u00f6\u00dfere Unternehmen und gemeinn\u00fctzige Organisationen.<\/p>\n<h4>Kreative und effektive Designs &#8211; Unterst\u00fctzung bei der Pr\u00e4sentation von Marken, Produkten und Dienstleistungen<\/h4>\n<p>Jede Organisation oder Person, die ein Logo, eine Brosch\u00fcre, eine Website, ein Werbeplakat oder andere visuelle Materialien ben\u00f6tigt, kann sich auf meine Dienstleistungen verlassen. Durch enge Zusammenarbeit mit meinen Kunden verstehe ich ihre Bed\u00fcrfnisse und Anforderungen und liefere kreative und effektive Designs, die ihre Marke und Botschaft erfolgreich kommunizieren.<\/p>\n<p><strong>Ich bin stolz darauf, meine F\u00e4higkeiten und Expertise in Branding, Marketing und visueller Kommunikation st\u00e4ndig zu verbessern, um den sich \u00e4ndernden Anforderungen und Trends der Branche gerecht zu werden. Ob es sich um die Entwicklung einer neuen Marke, die Gestaltung einer Website oder die Erstellung einer Brosch\u00fcre handelt, meine Designs sind individuell, professionell und schnell.<\/strong><\/p>\n<\/div><div class=\"fusion-clearfix\"><\/div><\/div><\/div><\/div><\/div><div class=\"fusion-fullwidth fullwidth-box fusion-builder-row-6 fusion-flex-container has-pattern-background has-mask-background nonhundred-percent-fullwidth non-hundred-percent-height-scrolling\" style=\"--awb-border-radius-top-left:0px;--awb-border-radius-top-right:0px;--awb-border-radius-bottom-right:0px;--awb-border-radius-bottom-left:0px;--awb-padding-top:60px;--awb-padding-bottom:40px;--awb-background-color:#19191a;--awb-flex-wrap:wrap;\" ><div class=\"fusion-builder-row fusion-row fusion-flex-align-items-center fusion-flex-content-wrap\" style=\"max-width:1414.4px;margin-left: calc(-4% \/ 2 );margin-right: calc(-4% \/ 2 );\"><div class=\"fusion-layout-column fusion_builder_column fusion-builder-column-9 fusion_builder_column_3_4 3_4 fusion-flex-column\" style=\"--awb-bg-size:cover;--awb-width-large:75%;--awb-margin-top-large:0px;--awb-spacing-right-large:3.84%;--awb-margin-bottom-large:0px;--awb-spacing-left-large:2.56%;--awb-width-medium:100%;--awb-spacing-right-medium:1.92%;--awb-spacing-left-medium:1.92%;--awb-width-small:100%;--awb-spacing-right-small:1.92%;--awb-spacing-left-small:1.92%;\"><div class=\"fusion-column-wrapper fusion-flex-justify-content-flex-start fusion-content-layout-column\"><div class=\"fusion-text fusion-text-7\"><h2>\u00dcber Mechernich und Kommern<\/h2>\n<p>Mechernich und Kommern sind zwei benachbarte St\u00e4dte im Kreis Euskirchen in Nordrhein-Westfalen, Deutschland. Die Stadt Mechernich hat etwa 28.000 Einwohner und ist bekannt f\u00fcr ihre zahlreichen historischen Sehensw\u00fcrdigkeiten und ihre malerische Landschaft, die von H\u00fcgeln und W\u00e4ldern gepr\u00e4gt ist. Die Stadt Kommern ist etwas kleiner und hat eine Bev\u00f6lkerung von etwa 5.000 Einwohnern. Sie ist bekannt f\u00fcr das LVR-Freilichtmuseum, das eine Vielzahl von historischen Geb\u00e4uden und Objekten aus der Region pr\u00e4sentiert.<\/p>\n<p>Mechernich hat eine lange Geschichte, die bis in die R\u00f6merzeit zur\u00fcckreicht. Es gibt mehrere interessante Sehensw\u00fcrdigkeiten in der Stadt, darunter das Schloss Eicks, eine mittelalterliche Burg, die im 16. Jahrhundert von den Grafen von Manderscheid erbaut wurde. Das Schloss ist von einem Wassergraben umgeben und beherbergt heute ein Restaurant und ein Hotel. Eine weitere Sehensw\u00fcrdigkeit in Mechernich ist die Abtei Mariawald, die im 15. Jahrhundert von Zisterzienserm\u00f6nchen gegr\u00fcndet wurde. Die Abtei ist f\u00fcr ihre friedliche Atmosph\u00e4re und ihre einzigartige Architektur bekannt.<\/p>\n<p>Die Stadt Mechernich ist auch ein Paradies f\u00fcr Naturliebhaber. Es gibt viele Wander- und Radwege in der Umgebung, die durch die malerische Landschaft f\u00fchren. Ein besonderes Highlight ist der Nationalpark Eifel, der sich \u00fcber mehrere Gemeinden erstreckt und zahlreiche M\u00f6glichkeiten zum Wandern und Erkunden bietet. Hier k\u00f6nnen Besucher eine einzigartige Landschaft erleben, die von W\u00e4ldern, Seen und Fl\u00fcssen gepr\u00e4gt ist.<\/p>\n<p>Die Stadt Kommern ist bekannt f\u00fcr das LVR-Freilichtmuseum, das einzigartige Einblicke in das Leben und die Kultur der Region bietet. Das Museum zeigt \u00fcber 65 historische Geb\u00e4ude aus der Eifel, darunter eine Kapelle, eine Wasserm\u00fchle, ein Bauernhaus und eine Schule. Es gibt auch einen Bauernmarkt, der regionale Produkte und handgemachte Waren anbietet. Das Museum bietet au\u00dferdem verschiedene Veranstaltungen und Aktivit\u00e4ten, darunter Workshops, Konzerte und Theaterauff\u00fchrungen.<\/p>\n<p>Neben dem LVR-Freilichtmuseum gibt es in Kommern auch das Kloster Mariawald, das im 15. Jahrhundert von Zisterzienserm\u00f6nchen gegr\u00fcndet wurde. Das Kloster wurde w\u00e4hrend des Zweiten Weltkriegs stark besch\u00e4digt, aber in den letzten Jahren restauriert und wiederer\u00f6ffnet. Es gibt auch eine Vielzahl von Restaurants und Caf\u00e9s in der Stadt, die regionale Spezialit\u00e4ten und internationale K\u00fcche anbieten.<\/p>\n<p>Zusammenfassend bieten Mechernich und Kommern eine reiche Geschichte, eine atemberaubende Landschaft und eine F\u00fclle von Sehensw\u00fcrdigkeiten und Aktivit\u00e4ten. Die beiden St\u00e4dte sind ideal f\u00fcr Besucher, die die Natur erleben und in die Kultur der Region eintauchen m\u00f6chten.<\/p>\n<\/div><div class=\"fusion-modal modal fade modal-8 seotop1 seotop1 has-light-close\" tabindex=\"-1\" role=\"dialog\" aria-labelledby=\"modal-heading-8\" aria-hidden=\"true\" style=\"--awb-border-color:#212121;--awb-background:#212121;\"><div class=\"modal-dialog modal-sm\" role=\"document\"><div class=\"modal-content fusion-modal-content\"><div class=\"modal-header\"><button class=\"close\" type=\"button\" data-dismiss=\"modal\" aria-hidden=\"true\" aria-label=\"Fenster schlie\u00dfen\">&times;<\/button><h3 class=\"modal-title\" id=\"modal-heading-8\" data-dismiss=\"modal\" aria-hidden=\"true\">Die Region um Mechernich oder Kommern<\/h3><\/div><div class=\"modal-body fusion-clearfix\">\n<h3>Mechernich-Kommern: Ein vielf\u00e4ltiger Wirtschaftsstandort in NRW<\/h3>\n<p>Mechernich und Kommern sind zwei eng miteinander verbundene Orte in der Eifel-Region in Nordrhein-Westfalen. Obwohl die Region haupts\u00e4chlich f\u00fcr ihre atemberaubende Natur und ihre kulturellen Sehensw\u00fcrdigkeiten bekannt ist, spielt die Wirtschaft in Mechernich und Kommern eine wichtige Rolle f\u00fcr die Entwicklung und das Wachstum der Region.<\/p>\n<p>Mechernich und Kommern sind haupts\u00e4chlich l\u00e4ndliche Gebiete, die von der Landwirtschaft gepr\u00e4gt sind. Die Region ist jedoch auch f\u00fcr ihre Bergbauindustrie bekannt, insbesondere f\u00fcr die Gewinnung von Basalt und Lava. Die Basalt- und Lava-Steinbr\u00fcche in Mechernich und Kommern bieten viele Arbeitspl\u00e4tze und tragen zur wirtschaftlichen Entwicklung der Region bei.<\/p>\n<p>Dar\u00fcber hinaus hat sich die Region in den letzten Jahren zu einem wichtigen Standort f\u00fcr den Tourismus entwickelt. Besonders der Freizeitpark &#8222;Phantasialand&#8220; in Kommern zieht jedes Jahr Tausende von Besuchern aus dem In- und Ausland an. Die Umgebung bietet auch viele Wanderm\u00f6glichkeiten, die von Touristen gerne genutzt werden.<\/p>\n<h4>Entdecken Sie die bl\u00fchende Wirtschaft von Mechernich und Kommern<\/h4>\n<p>Die Wirtschaft in Mechernich und Kommern profitiert auch von der N\u00e4he zu gr\u00f6\u00dferen St\u00e4dten wie Bonn und K\u00f6ln. Viele Pendler aus der Region arbeiten in diesen St\u00e4dten und tragen somit zum Wirtschaftswachstum der Region bei. Dar\u00fcber hinaus gibt es auch kleine und mittelst\u00e4ndische Unternehmen, die in der Region ans\u00e4ssig sind und Arbeitspl\u00e4tze schaffen.<\/p>\n<p>Ein weiterer wichtiger Wirtschaftszweig in Mechernich und Kommern ist die Landwirtschaft. Die Region ist bekannt f\u00fcr den Anbau von Getreide, Obst und Gem\u00fcse sowie f\u00fcr die Viehzucht. Viele landwirtschaftliche Betriebe in der Region sind auf den \u00f6kologischen Landbau spezialisiert und produzieren hochwertige Bio-Produkte.<\/p>\n<h5>Von Bergbau bis Bio-Produkte: Die Wirtschaft in Mechernich-Kommern<\/h5>\n<p>Die Zusammenarbeit zwischen den Unternehmen und der lokalen Regierung ist ein weiterer wichtiger Faktor f\u00fcr die Wirtschaft in Mechernich und Kommern. Die Regierung f\u00f6rdert aktiv die Ansiedlung neuer Unternehmen und bietet Unterst\u00fctzung bei der Gr\u00fcndung und Entwicklung von Unternehmen.<\/p>\n<p>Insgesamt bietet die Region Mechernich-Kommern eine Vielzahl von M\u00f6glichkeiten f\u00fcr die wirtschaftliche Entwicklung. Die Landwirtschaft, der Bergbau, der Tourismus und kleine und mittelst\u00e4ndische Unternehmen sind nur einige Beispiele f\u00fcr die Wirtschaftszweige, die in der Region florieren. Die Zusammenarbeit zwischen den Unternehmen und der Regierung sowie die N\u00e4he zu gr\u00f6\u00dferen St\u00e4dten tragen ebenfalls zur wirtschaftlichen Entwicklung bei.<\/p>\n<p>Abschlie\u00dfend kann gesagt werden, dass Mechernich und Kommern nicht nur eine beeindruckende Natur und kulturelle Sehensw\u00fcrdigkeiten bieten, sondern auch eine vielf\u00e4ltige und bl\u00fchende Wirtschaft haben. Die Region hat in den letzten Jahren erhebliche Fortschritte gemacht und wird auch in Zukunft ein wichtiger Wirtschaftsstandort in Nordrhein-Westfalen bleiben.<\/p>\n<\/div><div class=\"modal-footer\"><button class=\"fusion-button button-default button-medium button default medium\" type=\"button\" data-dismiss=\"modal\">Fenster schlie\u00dfen<\/button><\/div><\/div><\/div><\/div><\/div><\/div><div class=\"fusion-layout-column fusion_builder_column fusion-builder-column-10 fusion_builder_column_1_4 1_4 fusion-flex-column\" style=\"--awb-bg-size:cover;--awb-width-large:25%;--awb-margin-top-large:0px;--awb-spacing-right-large:7.68%;--awb-margin-bottom-large:0px;--awb-spacing-left-large:5.12%;--awb-width-medium:100%;--awb-spacing-right-medium:1.92%;--awb-spacing-left-medium:1.92%;--awb-width-small:100%;--awb-spacing-right-small:1.92%;--awb-spacing-left-small:1.92%;\"><div class=\"fusion-column-wrapper fusion-flex-justify-content-flex-start fusion-content-layout-column\"><div class=\"fusion-text fusion-text-8\"><p><img decoding=\"async\" class=\"lazyload alignnone wp-image-8181 size-full\" title=\"Gesucht: Grafiker in Mechernich oder Kommern\" src=\"https:\/\/vh-crossmedia.de\/wp-content\/uploads\/2023\/04\/vh-crossmedia-grafikdesigner-Mechernich-Kommern.png\" data-orig-src=\"https:\/\/vh-crossmedia.de\/wp-content\/uploads\/2023\/04\/vh-crossmedia-grafikdesigner-Mechernich-Kommern.png\" alt=\"Gesucht: Grafiker in Mechernich oder Kommern\" width=\"580\" height=\"1200\" srcset=\"data:image\/svg+xml,%3Csvg%20xmlns%3D%27http%3A%2F%2Fwww.w3.org%2F2000%2Fsvg%27%20width%3D%27580%27%20height%3D%271200%27%20viewBox%3D%270%200%20580%201200%27%3E%3Crect%20width%3D%27580%27%20height%3D%271200%27%20fill-opacity%3D%220%22%2F%3E%3C%2Fsvg%3E\" data-srcset=\"https:\/\/vh-crossmedia.de\/wp-content\/uploads\/2023\/04\/vh-crossmedia-grafikdesigner-Mechernich-Kommern-145x300.png 145w, https:\/\/vh-crossmedia.de\/wp-content\/uploads\/2023\/04\/vh-crossmedia-grafikdesigner-Mechernich-Kommern-380x786.png 380w, https:\/\/vh-crossmedia.de\/wp-content\/uploads\/2023\/04\/vh-crossmedia-grafikdesigner-Mechernich-Kommern-400x828.png 400w, https:\/\/vh-crossmedia.de\/wp-content\/uploads\/2023\/04\/vh-crossmedia-grafikdesigner-Mechernich-Kommern-498x1030.png 498w, https:\/\/vh-crossmedia.de\/wp-content\/uploads\/2023\/04\/vh-crossmedia-grafikdesigner-Mechernich-Kommern.png 580w\" data-sizes=\"auto\" data-orig-sizes=\"(max-width: 580px) 100vw, 580px\" \/><\/p>\n<\/div><\/div><\/div><\/div><\/div><div class=\"fusion-fullwidth fullwidth-box fusion-builder-row-7 nonhundred-percent-fullwidth non-hundred-percent-height-scrolling\" style=\"--awb-border-radius-top-left:0px;--awb-border-radius-top-right:0px;--awb-border-radius-bottom-right:0px;--awb-border-radius-bottom-left:0px;--awb-padding-top:60px;--awb-padding-bottom:60px;--awb-flex-wrap:wrap;\" ><div class=\"fusion-builder-row fusion-row\"><div class=\"fusion-layout-column fusion_builder_column fusion-builder-column-11 fusion_builder_column_2_3 2_3 fusion-two-third fusion-column-first\" style=\"--awb-bg-size:cover;width:66.666666666667%;width:calc(66.666666666667% - ( ( 4% ) * 0.66666666666667 ) );margin-right: 4%;\"><div class=\"fusion-column-wrapper fusion-flex-column-wrapper-legacy\"><div class=\"fusion-text fusion-text-9\"><h3>Sie haben einen Grafikdesign-Auftrag in Mechernich oder Kommern? Ich bin f\u00fcr Sie da:<br \/>\nFordern Sie ein f\u00fcr Sie v\u00f6llig unverbindliches Angebot an \u2013 schnelle Antwort garantiert!<\/h3>\n<\/div><div class=\"fusion-clearfix\"><\/div><\/div><\/div><div class=\"fusion-layout-column fusion_builder_column fusion-builder-column-12 fusion_builder_column_1_3 1_3 fusion-one-third fusion-column-last\" style=\"--awb-padding-top:25px;--awb-bg-size:cover;width:33.333333333333%;width:calc(33.333333333333% - ( ( 4% ) * 0.33333333333333 ) );\"><div class=\"fusion-column-wrapper fusion-flex-column-wrapper-legacy\"><div class=\"fusion-button-wrapper fusion-align-block\"><a class=\"fusion-button button-flat button-xlarge button-default fusion-button-default button-2 fusion-button-span-yes fusion-button-default-type\" target=\"_self\" title=\"Kontakt\" aria-label=\"Kontakt\" href=\"https:\/\/vh-crossmedia.de\/kontakt\/\"><i class=\" fa fa-envelope-o awb-button__icon awb-button__icon--default button-icon-left\" aria-hidden=\"true\"><\/i><span class=\"fusion-button-text awb-button__text awb-button__text--default\">Kontakt<\/span><\/a><\/div><div class=\"fusion-clearfix\"><\/div><\/div><\/div><\/div><\/div><\/p>\n","protected":false},"excerpt":{"rendered":"","protected":false},"author":1,"featured_media":9061,"parent":0,"menu_order":0,"comment_status":"closed","ping_status":"open","template":"100-width.php","meta":{"footnotes":""},"class_list":["post-7897","page","type-page","status-publish","has-post-thumbnail","hentry"],"yoast_head":"<!-- This site is optimized with the Yoast SEO plugin v28.4 - https:\/\/yoast.com\/product\/yoast-seo-wordpress\/ -->\n<title>Ihr Grafiker f\u00fcr Mechernich &amp; Kommern - vh-crossmedia | Volker Heupel<\/title>\n<meta name=\"description\" content=\"Grafikdesigner in Kommern oder Mechernich gesucht? Jetzt haben Sie ihn gefunden! Ich freue mich auf Ihre Anfrage \u2026\" \/>\n<meta name=\"robots\" content=\"index, follow, max-snippet:-1, max-image-preview:large, max-video-preview:-1\" \/>\n<link rel=\"canonical\" href=\"https:\/\/vh-crossmedia.de\/nl\/grafisch-ontwerp-mechernich-kommern\/\" \/>\n<meta property=\"og:locale\" content=\"nl_NL\" \/>\n<meta property=\"og:type\" content=\"article\" \/>\n<meta property=\"og:title\" content=\"Ihr Grafiker f\u00fcr Mechernich &amp; Kommern - vh-crossmedia | Volker Heupel\" \/>\n<meta property=\"og:description\" content=\"Grafikdesigner in Kommern oder Mechernich gesucht? Jetzt haben Sie ihn gefunden! Ich freue mich auf Ihre Anfrage \u2026\" \/>\n<meta property=\"og:url\" content=\"https:\/\/vh-crossmedia.de\/nl\/grafisch-ontwerp-mechernich-kommern\/\" \/>\n<meta property=\"og:site_name\" content=\"vh-crossmedia | Volker Heupel\" \/>\n<meta property=\"article:modified_time\" content=\"2025-09-11T21:19:10+00:00\" \/>\n<meta property=\"og:image\" content=\"https:\/\/vh-crossmedia.de\/wp-content\/uploads\/2021\/12\/vh-crossmedia-titel_20-02-01.jpg\" \/>\n\t<meta property=\"og:image:width\" content=\"1920\" \/>\n\t<meta property=\"og:image:height\" content=\"1080\" \/>\n\t<meta property=\"og:image:type\" content=\"image\/jpeg\" \/>\n<meta name=\"twitter:card\" content=\"summary_large_image\" \/>\n<meta name=\"twitter:label1\" content=\"Est. reading time\" \/>\n\t<meta name=\"twitter:data1\" content=\"26 minutes\" \/>\n<script type=\"application\/ld+json\" class=\"yoast-schema-graph\">{\"@context\":\"https:\\\/\\\/schema.org\",\"@graph\":[{\"@type\":\"WebPage\",\"@id\":\"https:\\\/\\\/vh-crossmedia.de\\\/grafikdesign-mechernich-kommern\\\/\",\"url\":\"https:\\\/\\\/vh-crossmedia.de\\\/grafikdesign-mechernich-kommern\\\/\",\"name\":\"Ihr Grafiker f\u00fcr Mechernich & Kommern - vh-crossmedia | Volker Heupel\",\"isPartOf\":{\"@id\":\"https:\\\/\\\/vh-crossmedia.de\\\/#website\"},\"primaryImageOfPage\":{\"@id\":\"https:\\\/\\\/vh-crossmedia.de\\\/grafikdesign-mechernich-kommern\\\/#primaryimage\"},\"image\":{\"@id\":\"https:\\\/\\\/vh-crossmedia.de\\\/grafikdesign-mechernich-kommern\\\/#primaryimage\"},\"thumbnailUrl\":\"https:\\\/\\\/vh-crossmedia.de\\\/wp-content\\\/uploads\\\/2023\\\/10\\\/vh-crossmedia-Grafikdesign-Mechernich-Kommern.jpg\",\"datePublished\":\"2023-04-20T06:25:58+00:00\",\"dateModified\":\"2025-09-11T21:19:10+00:00\",\"description\":\"Grafikdesigner in Kommern oder Mechernich gesucht? Jetzt haben Sie ihn gefunden! Ich freue mich auf Ihre Anfrage \u2026\",\"breadcrumb\":{\"@id\":\"https:\\\/\\\/vh-crossmedia.de\\\/grafikdesign-mechernich-kommern\\\/#breadcrumb\"},\"inLanguage\":\"nl-NL\",\"potentialAction\":[{\"@type\":\"ReadAction\",\"target\":[\"https:\\\/\\\/vh-crossmedia.de\\\/grafikdesign-mechernich-kommern\\\/\"]}]},{\"@type\":\"ImageObject\",\"inLanguage\":\"nl-NL\",\"@id\":\"https:\\\/\\\/vh-crossmedia.de\\\/grafikdesign-mechernich-kommern\\\/#primaryimage\",\"url\":\"https:\\\/\\\/vh-crossmedia.de\\\/wp-content\\\/uploads\\\/2023\\\/10\\\/vh-crossmedia-Grafikdesign-Mechernich-Kommern.jpg\",\"contentUrl\":\"https:\\\/\\\/vh-crossmedia.de\\\/wp-content\\\/uploads\\\/2023\\\/10\\\/vh-crossmedia-Grafikdesign-Mechernich-Kommern.jpg\",\"width\":1920,\"height\":1080,\"caption\":\"Ihr Grafiker f\u00fcr Mechernich & Kommern\"},{\"@type\":\"BreadcrumbList\",\"@id\":\"https:\\\/\\\/vh-crossmedia.de\\\/grafikdesign-mechernich-kommern\\\/#breadcrumb\",\"itemListElement\":[{\"@type\":\"ListItem\",\"position\":1,\"name\":\"Startseite\",\"item\":\"https:\\\/\\\/vh-crossmedia.de\\\/\"},{\"@type\":\"ListItem\",\"position\":2,\"name\":\"Ihr Grafiker f\u00fcr Mechernich &#038; Kommern\",\"item\":\"https:\\\/\\\/vh-crossmedia.de\\\/nl\\\/referenzen\\\/werbeartikel-werbegeschenke\\\/\"}]},{\"@type\":\"WebSite\",\"@id\":\"https:\\\/\\\/vh-crossmedia.de\\\/#website\",\"url\":\"https:\\\/\\\/vh-crossmedia.de\\\/\",\"name\":\"vh-crossmedia | Volker Heupel\",\"description\":\"Von Entwurf bis Druck, von Flyer bis Magazin, von einfacher Website bis Content-Management-System, von Logo bis Corporate Identity: alles bei vh-crossmedia\",\"publisher\":{\"@id\":\"https:\\\/\\\/vh-crossmedia.de\\\/#\\\/schema\\\/person\\\/ae3ae73f913cfbc8063e0ead0833894f\"},\"potentialAction\":[{\"@type\":\"SearchAction\",\"target\":{\"@type\":\"EntryPoint\",\"urlTemplate\":\"https:\\\/\\\/vh-crossmedia.de\\\/?s={search_term_string}\"},\"query-input\":{\"@type\":\"PropertyValueSpecification\",\"valueRequired\":true,\"valueName\":\"search_term_string\"}}],\"inLanguage\":\"nl-NL\"},{\"@type\":[\"Person\",\"Organization\"],\"@id\":\"https:\\\/\\\/vh-crossmedia.de\\\/#\\\/schema\\\/person\\\/ae3ae73f913cfbc8063e0ead0833894f\",\"name\":\"vh-crossmedia\",\"image\":{\"@type\":\"ImageObject\",\"inLanguage\":\"nl-NL\",\"@id\":\"https:\\\/\\\/vh-crossmedia.de\\\/wp-content\\\/uploads\\\/2020\\\/01\\\/Volker-Heupel_vh-crossmedia_IMG_3848.jpg\",\"url\":\"https:\\\/\\\/vh-crossmedia.de\\\/wp-content\\\/uploads\\\/2020\\\/01\\\/Volker-Heupel_vh-crossmedia_IMG_3848.jpg\",\"contentUrl\":\"https:\\\/\\\/vh-crossmedia.de\\\/wp-content\\\/uploads\\\/2020\\\/01\\\/Volker-Heupel_vh-crossmedia_IMG_3848.jpg\",\"width\":826,\"height\":604,\"caption\":\"vh-crossmedia\"},\"logo\":{\"@id\":\"https:\\\/\\\/vh-crossmedia.de\\\/wp-content\\\/uploads\\\/2020\\\/01\\\/Volker-Heupel_vh-crossmedia_IMG_3848.jpg\"}}]}<\/script>\n<!-- \/ Yoast SEO plugin. -->","yoast_head_json":{"title":"Uw grafisch ontwerper voor Mechernich &amp; Kommern - vh-crossmedia | Volker Heupel","description":"Op zoek naar een grafisch ontwerper in Kommern of Mechernich? Dan heb je hem nu gevonden! Ik kijk uit naar uw aanvraag ...","robots":{"index":"index","follow":"follow","max-snippet":"max-snippet:-1","max-image-preview":"max-image-preview:large","max-video-preview":"max-video-preview:-1"},"canonical":"https:\/\/vh-crossmedia.de\/nl\/grafisch-ontwerp-mechernich-kommern\/","og_locale":"nl_NL","og_type":"article","og_title":"Ihr Grafiker f\u00fcr Mechernich & Kommern - vh-crossmedia | Volker Heupel","og_description":"Grafikdesigner in Kommern oder Mechernich gesucht? Jetzt haben Sie ihn gefunden! Ich freue mich auf Ihre Anfrage \u2026","og_url":"https:\/\/vh-crossmedia.de\/nl\/grafisch-ontwerp-mechernich-kommern\/","og_site_name":"vh-crossmedia | Volker Heupel","article_modified_time":"2025-09-11T21:19:10+00:00","og_image":[{"width":1920,"height":1080,"url":"https:\/\/vh-crossmedia.de\/wp-content\/uploads\/2021\/12\/vh-crossmedia-titel_20-02-01.jpg","type":"image\/jpeg"}],"twitter_card":"summary_large_image","twitter_misc":{"Est. reading time":"26 minutes"},"schema":{"@context":"https:\/\/schema.org","@graph":[{"@type":"WebPage","@id":"https:\/\/vh-crossmedia.de\/grafikdesign-mechernich-kommern\/","url":"https:\/\/vh-crossmedia.de\/grafikdesign-mechernich-kommern\/","name":"Uw grafisch ontwerper voor Mechernich &amp; Kommern - vh-crossmedia | Volker Heupel","isPartOf":{"@id":"https:\/\/vh-crossmedia.de\/#website"},"primaryImageOfPage":{"@id":"https:\/\/vh-crossmedia.de\/grafikdesign-mechernich-kommern\/#primaryimage"},"image":{"@id":"https:\/\/vh-crossmedia.de\/grafikdesign-mechernich-kommern\/#primaryimage"},"thumbnailUrl":"https:\/\/vh-crossmedia.de\/wp-content\/uploads\/2023\/10\/vh-crossmedia-Grafikdesign-Mechernich-Kommern.jpg","datePublished":"2023-04-20T06:25:58+00:00","dateModified":"2025-09-11T21:19:10+00:00","description":"Op zoek naar een grafisch ontwerper in Kommern of Mechernich? Dan heb je hem nu gevonden! Ik kijk uit naar uw aanvraag ...","breadcrumb":{"@id":"https:\/\/vh-crossmedia.de\/grafikdesign-mechernich-kommern\/#breadcrumb"},"inLanguage":"nl-NL","potentialAction":[{"@type":"ReadAction","target":["https:\/\/vh-crossmedia.de\/grafikdesign-mechernich-kommern\/"]}]},{"@type":"ImageObject","inLanguage":"nl-NL","@id":"https:\/\/vh-crossmedia.de\/grafikdesign-mechernich-kommern\/#primaryimage","url":"https:\/\/vh-crossmedia.de\/wp-content\/uploads\/2023\/10\/vh-crossmedia-Grafikdesign-Mechernich-Kommern.jpg","contentUrl":"https:\/\/vh-crossmedia.de\/wp-content\/uploads\/2023\/10\/vh-crossmedia-Grafikdesign-Mechernich-Kommern.jpg","width":1920,"height":1080,"caption":"Ihr Grafiker f\u00fcr Mechernich & Kommern"},{"@type":"BreadcrumbList","@id":"https:\/\/vh-crossmedia.de\/grafikdesign-mechernich-kommern\/#breadcrumb","itemListElement":[{"@type":"ListItem","position":1,"name":"Startseite","item":"https:\/\/vh-crossmedia.de\/"},{"@type":"ListItem","position":2,"name":"Ihr Grafiker f\u00fcr Mechernich &#038; Kommern","item":"https:\/\/vh-crossmedia.de\/nl\/referenzen\/werbeartikel-werbegeschenke\/"}]},{"@type":"WebSite","@id":"https:\/\/vh-crossmedia.de\/#website","url":"https:\/\/vh-crossmedia.de\/","name":"vh-crossmedia | Volker Heupel","description":"Van ontwerp tot drukwerk, van flyer tot magazine, van eenvoudige website tot content management systeem, van logo tot huisstijl: alles bij vh-crossmedia","publisher":{"@id":"https:\/\/vh-crossmedia.de\/#\/schema\/person\/ae3ae73f913cfbc8063e0ead0833894f"},"potentialAction":[{"@type":"SearchAction","target":{"@type":"EntryPoint","urlTemplate":"https:\/\/vh-crossmedia.de\/?s={search_term_string}"},"query-input":{"@type":"PropertyValueSpecification","valueRequired":true,"valueName":"search_term_string"}}],"inLanguage":"nl-NL"},{"@type":["Person","Organization"],"@id":"https:\/\/vh-crossmedia.de\/#\/schema\/person\/ae3ae73f913cfbc8063e0ead0833894f","name":"vh-crossmedia","image":{"@type":"ImageObject","inLanguage":"nl-NL","@id":"https:\/\/vh-crossmedia.de\/wp-content\/uploads\/2020\/01\/Volker-Heupel_vh-crossmedia_IMG_3848.jpg","url":"https:\/\/vh-crossmedia.de\/wp-content\/uploads\/2020\/01\/Volker-Heupel_vh-crossmedia_IMG_3848.jpg","contentUrl":"https:\/\/vh-crossmedia.de\/wp-content\/uploads\/2020\/01\/Volker-Heupel_vh-crossmedia_IMG_3848.jpg","width":826,"height":604,"caption":"vh-crossmedia"},"logo":{"@id":"https:\/\/vh-crossmedia.de\/wp-content\/uploads\/2020\/01\/Volker-Heupel_vh-crossmedia_IMG_3848.jpg"}}]}},"_links":{"self":[{"href":"https:\/\/vh-crossmedia.de\/nl\/wp-json\/wp\/v2\/pages\/7897","targetHints":{"allow":["GET"]}}],"collection":[{"href":"https:\/\/vh-crossmedia.de\/nl\/wp-json\/wp\/v2\/pages"}],"about":[{"href":"https:\/\/vh-crossmedia.de\/nl\/wp-json\/wp\/v2\/types\/page"}],"author":[{"embeddable":true,"href":"https:\/\/vh-crossmedia.de\/nl\/wp-json\/wp\/v2\/users\/1"}],"replies":[{"embeddable":true,"href":"https:\/\/vh-crossmedia.de\/nl\/wp-json\/wp\/v2\/comments?post=7897"}],"version-history":[{"count":4,"href":"https:\/\/vh-crossmedia.de\/nl\/wp-json\/wp\/v2\/pages\/7897\/revisions"}],"predecessor-version":[{"id":10275,"href":"https:\/\/vh-crossmedia.de\/nl\/wp-json\/wp\/v2\/pages\/7897\/revisions\/10275"}],"wp:featuredmedia":[{"embeddable":true,"href":"https:\/\/vh-crossmedia.de\/nl\/wp-json\/wp\/v2\/media\/9061"}],"wp:attachment":[{"href":"https:\/\/vh-crossmedia.de\/nl\/wp-json\/wp\/v2\/media?parent=7897"}],"curies":[{"name":"wp","href":"https:\/\/api.w.org\/{rel}","templated":true}]}}